{"id":2458,"date":"2022-12-02T15:20:06","date_gmt":"2022-12-02T15:20:06","guid":{"rendered":"https:\/\/yachtcharter-holiday-tours.de\/zone-de-navigation\/"},"modified":"2025-07-18T14:04:00","modified_gmt":"2025-07-18T14:04:00","slug":"zone-de-navigation","status":"publish","type":"page","link":"https:\/\/yachtcharter-holiday-tours.de\/fr\/zone-de-navigation\/","title":{"rendered":"Zone de navigation"},"content":{"rendered":"<p>[et_pb_section fb_built=\u00a0\u00bb1&Prime; admin_label=\u00a0\u00bbHeader\u00a0\u00bb _builder_version=\u00a0\u00bb4.19.4&Prime; use_background_color_gradient=\u00a0\u00bbon\u00a0\u00bb background_color_gradient_type=\u00a0\u00bbcircular\u00a0\u00bb background_color_gradient_direction_radial=\u00a0\u00bbtop left\u00a0\u00bb background_color_gradient_stops=\u00a0\u00bbrgba(255,255,255,0.3) 29%|rgba(255,255,255,0) 80%\u00a0\u00bb background_color_gradient_overlays_image=\u00a0\u00bbon\u00a0\u00bb background_color_gradient_start=\u00a0\u00bbrgba(255,255,255,0.89)\u00a0\u00bb background_color_gradient_start_position=\u00a0\u00bb30%\u00a0\u00bb background_color_gradient_end=\u00a0\u00bbrgba(255,255,255,0)\u00a0\u00bb background_color_gradient_end_position=\u00a0\u00bb80%\u00a0\u00bb background_image=\u00a0\u00bbhttps:\/\/yachtcharter-holiday-tours.de\/wp-content\/uploads\/2022\/12\/Die-Saarschleife-am-fruehen-Morgen.jpg\u00a0\u00bb background_enable_video_mp4=\u00a0\u00bboff\u00a0\u00bb background_video_width=\u00a0\u00bb1920&Prime; background_video_height=\u00a0\u00bb1280&Prime; background_video_pause_outside_viewport=\u00a0\u00bboff\u00a0\u00bb custom_padding=\u00a0\u00bb0vw|0px|0|0px|false|false\u00a0\u00bb global_colors_info=\u00a0\u00bb{}\u00a0\u00bb][et_pb_row _builder_version=\u00a0\u00bb4.19.4&Prime; custom_margin=\u00a0\u00bb|||\u00a0\u00bb custom_padding=\u00a0\u00bb12vw||||false|false\u00a0\u00bb global_colors_info=\u00a0\u00bb{}\u00a0\u00bb][et_pb_column type=\u00a0\u00bb4_4&Prime; _builder_version=\u00a0\u00bb4.16&Prime; custom_padding=\u00a0\u00bb|||\u00a0\u00bb global_colors_info=\u00a0\u00bb{}\u00a0\u00bb custom_padding__hover=\u00a0\u00bb|||\u00a0\u00bb][et_pb_text _builder_version=\u00a0\u00bb4.19.4&Prime; text_font=\u00a0\u00bb||||||||\u00a0\u00bb header_font=\u00a0\u00bb|700|||||||\u00a0\u00bb header_text_color=\u00a0\u00bb#000000&Prime; header_font_size=\u00a0\u00bb80px\u00a0\u00bb header_line_height=\u00a0\u00bb1.2em\u00a0\u00bb header_5_font=\u00a0\u00bbPoppins|500||on|||||\u00a0\u00bb header_5_text_color=\u00a0\u00bb#000000&Prime; header_5_font_size=\u00a0\u00bb20px\u00a0\u00bb header_5_letter_spacing=\u00a0\u00bb0.5em\u00a0\u00bb header_5_line_height=\u00a0\u00bb1.8em\u00a0\u00bb custom_margin=\u00a0\u00bb||||false|false\u00a0\u00bb custom_margin_tablet=\u00a0\u00bb|||0px|false|false\u00a0\u00bb custom_margin_phone=\u00a0\u00bb|||0px|false|false\u00a0\u00bb custom_margin_last_edited=\u00a0\u00bboff|desktop\u00a0\u00bb animation_style=\u00a0\u00bbzoom\u00a0\u00bb animation_intensity_zoom=\u00a0\u00bb5%\u00a0\u00bb header_font_size_tablet=\u00a0\u00bb48px\u00a0\u00bb header_font_size_phone=\u00a0\u00bb32px\u00a0\u00bb header_font_size_last_edited=\u00a0\u00bbon|phone\u00a0\u00bb header_5_font_size_tablet=\u00a0\u00bb14px\u00a0\u00bb header_5_font_size_phone=\u00a0\u00bb12px\u00a0\u00bb header_5_font_size_last_edited=\u00a0\u00bbon|desktop\u00a0\u00bb global_colors_info=\u00a0\u00bb{}\u00a0\u00bb custom_margin__hover_enabled=\u00a0\u00bboff|desktop\u00a0\u00bb]<\/p>\n<h3>R\u00e9gion des trois pays : Allemagne, France et Luxembourg<\/h3>\n<h1>Zone de navigation<\/h1>\n<h3>Plus de 2000 kilom\u00e8tres de rivi\u00e8re vous attendent au c\u0153ur de l&rsquo;Europe<\/h3>\n<p>[\/et_pb_text][\/et_pb_column][\/et_pb_row][et_pb_row column_structure=\u00a0\u00bb1_4,1_4,1_4,1_4&Prime; use_custom_gutter=\u00a0\u00bbon\u00a0\u00bb gutter_width=\u00a0\u00bb2&Prime; make_equal=\u00a0\u00bbon\u00a0\u00bb custom_padding_last_edited=\u00a0\u00bbon|desktop\u00a0\u00bb disabled_on=\u00a0\u00bbon|on|off\u00a0\u00bb _builder_version=\u00a0\u00bb4.19.4&Prime; background_color=\u00a0\u00bbrgba(255,255,255,0.9)\u00a0\u00bb width=\u00a0\u00bb90%\u00a0\u00bb max_width=\u00a0\u00bb90%\u00a0\u00bb module_alignment=\u00a0\u00bbleft\u00a0\u00bb min_height=\u00a0\u00bb160.4px\u00a0\u00bb custom_margin=\u00a0\u00bb12vw|-20px||auto|false|false\u00a0\u00bb custom_padding=\u00a0\u00bb0|10px|0px|10vw|false|false\u00a0\u00bb custom_padding_tablet=\u00a0\u00bb|||10vw\u00a0\u00bb custom_padding_phone=\u00a0\u00bb\u00a0\u00bb animation_style=\u00a0\u00bbzoom\u00a0\u00bb use_custom_width=\u00a0\u00bbon\u00a0\u00bb width_unit=\u00a0\u00bboff\u00a0\u00bb custom_width_percent=\u00a0\u00bb90%\u00a0\u00bb locked=\u00a0\u00bboff\u00a0\u00bb global_colors_info=\u00a0\u00bb{}\u00a0\u00bb][et_pb_column type=\u00a0\u00bb1_4&Prime; _builder_version=\u00a0\u00bb4.16&Prime; custom_padding=\u00a0\u00bb74px|||\u00a0\u00bb custom_padding_tablet=\u00a0\u00bb40px|||\u00a0\u00bb custom_padding_phone=\u00a0\u00bb20px|||\u00a0\u00bb custom_padding_last_edited=\u00a0\u00bboff|desktop\u00a0\u00bb global_colors_info=\u00a0\u00bb{}\u00a0\u00bb padding_phone=\u00a0\u00bb20px|||\u00a0\u00bb padding_tablet=\u00a0\u00bb40px|||\u00a0\u00bb padding_last_edited=\u00a0\u00bboff|desktop\u00a0\u00bb custom_padding__hover=\u00a0\u00bb|||\u00a0\u00bb][et_pb_blurb title=\u00a0\u00bbSarre\u00a0\u00bb use_icon=\u00a0\u00bbon\u00a0\u00bb font_icon=\u00a0\u00bb\ue081||divi||400&Prime; icon_placement=\u00a0\u00bbleft\u00a0\u00bb image_icon_width=\u00a0\u00bb24px\u00a0\u00bb _builder_version=\u00a0\u00bb4.19.2&Prime; header_level=\u00a0\u00bbh5&Prime; header_font=\u00a0\u00bbPoppins||||||||\u00a0\u00bb header_line_height=\u00a0\u00bb1.4em\u00a0\u00bb link_option_url=\u00a0\u00bbhttps:\/\/www.urlaub.saarland\/\u00a0\u00bb link_option_url_new_window=\u00a0\u00bbon\u00a0\u00bb icon_font_size=\u00a0\u00bb24px\u00a0\u00bb global_colors_info=\u00a0\u00bb{}\u00a0\u00bb][\/et_pb_blurb][\/et_pb_column][et_pb_column type=\u00a0\u00bb1_4&Prime; _builder_version=\u00a0\u00bb4.16&Prime; custom_padding=\u00a0\u00bb74px|||\u00a0\u00bb custom_padding_tablet=\u00a0\u00bb40px|||\u00a0\u00bb custom_padding_phone=\u00a0\u00bb20px|||\u00a0\u00bb custom_padding_last_edited=\u00a0\u00bboff|desktop\u00a0\u00bb global_colors_info=\u00a0\u00bb{}\u00a0\u00bb padding_phone=\u00a0\u00bb20px|||\u00a0\u00bb padding_tablet=\u00a0\u00bb40px|||\u00a0\u00bb padding_last_edited=\u00a0\u00bboff|desktop\u00a0\u00bb custom_padding__hover=\u00a0\u00bb|||\u00a0\u00bb][et_pb_blurb title=\u00a0\u00bbMoselle\u00a0\u00bb use_icon=\u00a0\u00bbon\u00a0\u00bb font_icon=\u00a0\u00bb\ue081||divi||400&Prime; icon_placement=\u00a0\u00bbleft\u00a0\u00bb image_icon_width=\u00a0\u00bb24px\u00a0\u00bb _builder_version=\u00a0\u00bb4.19.2&Prime; header_level=\u00a0\u00bbh5&Prime; header_font=\u00a0\u00bbPoppins||||||||\u00a0\u00bb header_line_height=\u00a0\u00bb1.4em\u00a0\u00bb link_option_url=\u00a0\u00bbhttps:\/\/www.visitmosel.de\/\u00a0\u00bb link_option_url_new_window=\u00a0\u00bbon\u00a0\u00bb icon_font_size=\u00a0\u00bb24px\u00a0\u00bb global_colors_info=\u00a0\u00bb{}\u00a0\u00bb][\/et_pb_blurb][\/et_pb_column][et_pb_column type=\u00a0\u00bb1_4&Prime; _builder_version=\u00a0\u00bb4.16&Prime; custom_padding=\u00a0\u00bb74px|||\u00a0\u00bb custom_padding_tablet=\u00a0\u00bb40px|||\u00a0\u00bb custom_padding_phone=\u00a0\u00bb20px|||\u00a0\u00bb custom_padding_last_edited=\u00a0\u00bboff|desktop\u00a0\u00bb global_colors_info=\u00a0\u00bb{}\u00a0\u00bb padding_phone=\u00a0\u00bb20px|||\u00a0\u00bb padding_tablet=\u00a0\u00bb40px|||\u00a0\u00bb padding_last_edited=\u00a0\u00bboff|desktop\u00a0\u00bb custom_padding__hover=\u00a0\u00bb|||\u00a0\u00bb][et_pb_blurb title=\u00a0\u00bbLahn\u00a0\u00bb url=\u00a0\u00bbhttps:\/\/www.daslahntal.de\/\u00a0\u00bb url_new_window=\u00a0\u00bbon\u00a0\u00bb use_icon=\u00a0\u00bbon\u00a0\u00bb font_icon=\u00a0\u00bb\ue081||divi||400&Prime; icon_placement=\u00a0\u00bbleft\u00a0\u00bb image_icon_width=\u00a0\u00bb24px\u00a0\u00bb _builder_version=\u00a0\u00bb4.19.2&Prime; header_level=\u00a0\u00bbh5&Prime; header_font=\u00a0\u00bbPoppins||||||||\u00a0\u00bb header_line_height=\u00a0\u00bb1.4em\u00a0\u00bb icon_font_size=\u00a0\u00bb24px\u00a0\u00bb global_colors_info=\u00a0\u00bb{}\u00a0\u00bb][\/et_pb_blurb][\/et_pb_column][et_pb_column type=\u00a0\u00bb1_4&Prime; _builder_version=\u00a0\u00bb4.16&Prime; custom_padding=\u00a0\u00bb74px|||\u00a0\u00bb custom_padding_tablet=\u00a0\u00bb40px|||\u00a0\u00bb custom_padding_phone=\u00a0\u00bb20px|||\u00a0\u00bb custom_padding_last_edited=\u00a0\u00bboff|desktop\u00a0\u00bb global_colors_info=\u00a0\u00bb{}\u00a0\u00bb padding_phone=\u00a0\u00bb20px|||\u00a0\u00bb padding_tablet=\u00a0\u00bb40px|||\u00a0\u00bb padding_last_edited=\u00a0\u00bboff|desktop\u00a0\u00bb custom_padding__hover=\u00a0\u00bb|||\u00a0\u00bb][et_pb_blurb title=\u00a0\u00bbRhin\u00a0\u00bb url=\u00a0\u00bbhttps:\/\/www.romantischer-rhein.de\/\u00a0\u00bb url_new_window=\u00a0\u00bbon\u00a0\u00bb use_icon=\u00a0\u00bbon\u00a0\u00bb font_icon=\u00a0\u00bb\ue081||divi||400&Prime; icon_placement=\u00a0\u00bbleft\u00a0\u00bb image_icon_width=\u00a0\u00bb24px\u00a0\u00bb _builder_version=\u00a0\u00bb4.19.2&Prime; header_level=\u00a0\u00bbh5&Prime; header_font=\u00a0\u00bbPoppins||||||||\u00a0\u00bb header_line_height=\u00a0\u00bb1.4em\u00a0\u00bb icon_font_size=\u00a0\u00bb24px\u00a0\u00bb global_colors_info=\u00a0\u00bb{}\u00a0\u00bb][\/et_pb_blurb][\/et_pb_column][\/et_pb_row][\/et_pb_section][et_pb_section fb_built=\u00a0\u00bb1&Prime; disabled_on=\u00a0\u00bboff|off|on\u00a0\u00bb _builder_version=\u00a0\u00bb4.16&Prime; _module_preset=\u00a0\u00bbdefault\u00a0\u00bb global_colors_info=\u00a0\u00bb{}\u00a0\u00bb][et_pb_row column_structure=\u00a0\u00bb1_4,1_4,1_4,1_4&Prime; _builder_version=\u00a0\u00bb4.16&Prime; _module_preset=\u00a0\u00bbdefault\u00a0\u00bb global_colors_info=\u00a0\u00bb{}\u00a0\u00bb][et_pb_column type=\u00a0\u00bb1_4&Prime; _builder_version=\u00a0\u00bb4.16&Prime; _module_preset=\u00a0\u00bbdefault\u00a0\u00bb global_colors_info=\u00a0\u00bb{}\u00a0\u00bb][et_pb_blurb title=\u00a0\u00bbSarre\u00a0\u00bb use_icon=\u00a0\u00bbon\u00a0\u00bb font_icon=\u00a0\u00bb\ue081||divi||400&Prime; icon_placement=\u00a0\u00bbleft\u00a0\u00bb image_icon_width=\u00a0\u00bb24px\u00a0\u00bb _builder_version=\u00a0\u00bb4.19.2&Prime; header_level=\u00a0\u00bbh5&Prime; header_font=\u00a0\u00bbPoppins||||||||\u00a0\u00bb header_line_height=\u00a0\u00bb1.4em\u00a0\u00bb link_option_url=\u00a0\u00bbhttps:\/\/www.urlaub.saarland\/\u00a0\u00bb link_option_url_new_window=\u00a0\u00bbon\u00a0\u00bb icon_font_size=\u00a0\u00bb24px\u00a0\u00bb global_colors_info=\u00a0\u00bb{}\u00a0\u00bb][\/et_pb_blurb][\/et_pb_column][et_pb_column type=\u00a0\u00bb1_4&Prime; _builder_version=\u00a0\u00bb4.16&Prime; _module_preset=\u00a0\u00bbdefault\u00a0\u00bb global_colors_info=\u00a0\u00bb{}\u00a0\u00bb][et_pb_blurb title=\u00a0\u00bbMoselle\u00a0\u00bb use_icon=\u00a0\u00bbon\u00a0\u00bb font_icon=\u00a0\u00bb\ue081||divi||400&Prime; icon_placement=\u00a0\u00bbleft\u00a0\u00bb image_icon_width=\u00a0\u00bb24px\u00a0\u00bb _builder_version=\u00a0\u00bb4.19.2&Prime; header_level=\u00a0\u00bbh5&Prime; header_font=\u00a0\u00bbPoppins||||||||\u00a0\u00bb header_line_height=\u00a0\u00bb1.4em\u00a0\u00bb link_option_url=\u00a0\u00bbhttps:\/\/www.visitmosel.de\/\u00a0\u00bb link_option_url_new_window=\u00a0\u00bbon\u00a0\u00bb icon_font_size=\u00a0\u00bb24px\u00a0\u00bb global_colors_info=\u00a0\u00bb{}\u00a0\u00bb][\/et_pb_blurb][\/et_pb_column][et_pb_column type=\u00a0\u00bb1_4&Prime; _builder_version=\u00a0\u00bb4.16&Prime; _module_preset=\u00a0\u00bbdefault\u00a0\u00bb global_colors_info=\u00a0\u00bb{}\u00a0\u00bb][et_pb_blurb title=\u00a0\u00bbLahn\u00a0\u00bb url=\u00a0\u00bbhttps:\/\/www.daslahntal.de\/\u00a0\u00bb url_new_window=\u00a0\u00bbon\u00a0\u00bb use_icon=\u00a0\u00bbon\u00a0\u00bb font_icon=\u00a0\u00bb\ue081||divi||400&Prime; icon_placement=\u00a0\u00bbleft\u00a0\u00bb image_icon_width=\u00a0\u00bb24px\u00a0\u00bb _builder_version=\u00a0\u00bb4.19.2&Prime; header_level=\u00a0\u00bbh5&Prime; header_font=\u00a0\u00bbPoppins||||||||\u00a0\u00bb header_line_height=\u00a0\u00bb1.4em\u00a0\u00bb icon_font_size=\u00a0\u00bb24px\u00a0\u00bb global_colors_info=\u00a0\u00bb{}\u00a0\u00bb][\/et_pb_blurb][\/et_pb_column][et_pb_column type=\u00a0\u00bb1_4&Prime; _builder_version=\u00a0\u00bb4.16&Prime; _module_preset=\u00a0\u00bbdefault\u00a0\u00bb global_colors_info=\u00a0\u00bb{}\u00a0\u00bb][et_pb_blurb title=\u00a0\u00bbRhin\u00a0\u00bb url=\u00a0\u00bbhttps:\/\/www.romantischer-rhein.de\/\u00a0\u00bb url_new_window=\u00a0\u00bbon\u00a0\u00bb use_icon=\u00a0\u00bbon\u00a0\u00bb font_icon=\u00a0\u00bb\ue081||divi||400&Prime; icon_placement=\u00a0\u00bbleft\u00a0\u00bb image_icon_width=\u00a0\u00bb24px\u00a0\u00bb _builder_version=\u00a0\u00bb4.19.2&Prime; header_level=\u00a0\u00bbh5&Prime; header_font=\u00a0\u00bbPoppins||||||||\u00a0\u00bb header_line_height=\u00a0\u00bb1.4em\u00a0\u00bb icon_font_size=\u00a0\u00bb24px\u00a0\u00bb global_colors_info=\u00a0\u00bb{}\u00a0\u00bb][\/et_pb_blurb][\/et_pb_column][\/et_pb_row][\/et_pb_section][et_pb_section fb_built=\u00a0\u00bb1&Prime; admin_label=\u00a0\u00bbAbout Us\u00a0\u00bb _builder_version=\u00a0\u00bb4.16&Prime; min_height=\u00a0\u00bb2600.1px\u00a0\u00bb global_colors_info=\u00a0\u00bb{}\u00a0\u00bb][et_pb_row custom_padding_last_edited=\u00a0\u00bboff|desktop\u00a0\u00bb _builder_version=\u00a0\u00bb4.16&Prime; custom_padding=\u00a0\u00bb27px|0px|0|0px|false|false\u00a0\u00bb custom_padding_tablet=\u00a0\u00bb|0px||0px||true\u00a0\u00bb global_colors_info=\u00a0\u00bb{}\u00a0\u00bb][et_pb_column type=\u00a0\u00bb4_4&Prime; _builder_version=\u00a0\u00bb4.16&Prime; custom_padding=\u00a0\u00bb|||\u00a0\u00bb global_colors_info=\u00a0\u00bb{}\u00a0\u00bb custom_padding__hover=\u00a0\u00bb|||\u00a0\u00bb][et_pb_text _builder_version=\u00a0\u00bb4.19.4&Prime; text_font=\u00a0\u00bb||||||||\u00a0\u00bb text_line_height=\u00a0\u00bb2em\u00a0\u00bb header_font=\u00a0\u00bb||||||||\u00a0\u00bb header_2_font=\u00a0\u00bb|600|||||||\u00a0\u00bb header_2_font_size=\u00a0\u00bb50px\u00a0\u00bb header_2_line_height=\u00a0\u00bb1.4em\u00a0\u00bb header_6_font=\u00a0\u00bbPoppins|||on|||||\u00a0\u00bb header_6_font_size=\u00a0\u00bb16px\u00a0\u00bb header_6_letter_spacing=\u00a0\u00bb5px\u00a0\u00bb header_6_line_height=\u00a0\u00bb1.8em\u00a0\u00bb module_alignment=\u00a0\u00bbcenter\u00a0\u00bb header_2_font_size_tablet=\u00a0\u00bb35px\u00a0\u00bb header_2_font_size_phone=\u00a0\u00bb22px\u00a0\u00bb header_2_font_size_last_edited=\u00a0\u00bbon|phone\u00a0\u00bb global_colors_info=\u00a0\u00bb{}\u00a0\u00bb]<\/p>\n<h2>D\u00e9couvrir le territoire<\/h2>\n<p>Yachthafen Merzig : Base des yachts Linssen<\/p>\n<p>[\/et_pb_text][\/et_pb_column][\/et_pb_row][et_pb_row use_custom_gutter=\u00a0\u00bbon\u00a0\u00bb gutter_width=\u00a0\u00bb2&Prime; _builder_version=\u00a0\u00bb4.27.4&Prime; custom_margin=\u00a0\u00bb||-200px||false|false\u00a0\u00bb global_colors_info=\u00a0\u00bb{}\u00a0\u00bb][et_pb_column type=\u00a0\u00bb4_4&Prime; _builder_version=\u00a0\u00bb4.16&Prime; custom_padding=\u00a0\u00bb|||\u00a0\u00bb global_colors_info=\u00a0\u00bb{}\u00a0\u00bb custom_padding__hover=\u00a0\u00bb|||\u00a0\u00bb][et_pb_image src=\u00a0\u00bbhttps:\/\/yachtcharter-holiday-tours.de\/wp-content\/uploads\/2024\/01\/karte_mit_rhein.jpg\u00a0\u00bb title_text=\u00a0\u00bbkarte_mit_rhein\u00a0\u00bb _builder_version=\u00a0\u00bb4.23.1&Prime; _module_preset=\u00a0\u00bbdefault\u00a0\u00bb global_colors_info=\u00a0\u00bb{}\u00a0\u00bb][\/et_pb_image][\/et_pb_column][\/et_pb_row][et_pb_row column_structure=\u00a0\u00bb1_3,1_3,1_3&Prime; use_custom_gutter=\u00a0\u00bbon\u00a0\u00bb gutter_width=\u00a0\u00bb2&Prime; _builder_version=\u00a0\u00bb4.27.4&Prime; custom_margin=\u00a0\u00bb-200px||||false|false\u00a0\u00bb global_colors_info=\u00a0\u00bb{}\u00a0\u00bb][et_pb_column type=\u00a0\u00bb1_3&Prime; _builder_version=\u00a0\u00bb4.16&Prime; custom_padding=\u00a0\u00bb|||\u00a0\u00bb global_colors_info=\u00a0\u00bb{}\u00a0\u00bb custom_padding__hover=\u00a0\u00bb|||\u00a0\u00bb][et_pb_video src=\u00a0\u00bbhttps:\/\/yachtcharter-holiday-tours.de\/wp-content\/uploads\/2024\/12\/Mit-dem-Boot-auf-Saar-und-Mosel-%E2%80%93-von-Merzig-nach-Trier-_-Teil-1-_-Bootsurlaub-in-Deutschland720p.mp4&Prime; image_src=\u00a0\u00bbhttps:\/\/yachtcharter-holiday-tours.de\/wp-content\/uploads\/2024\/12\/Keyif2.jpg\u00a0\u00bb _builder_version=\u00a0\u00bb4.27.0&Prime; _module_preset=\u00a0\u00bbdefault\u00a0\u00bb global_colors_info=\u00a0\u00bb{}\u00a0\u00bb][\/et_pb_video][et_pb_text _builder_version=\u00a0\u00bb4.27.0&Prime; _module_preset=\u00a0\u00bbdefault\u00a0\u00bb global_colors_info=\u00a0\u00bb{}\u00a0\u00bb]<\/p>\n<h4 class=\"style-scope ytd-watch-metadata\" style=\"text-align: left;\"><yt-formatted-string force-default-style=\"\" class=\"style-scope ytd-watch-metadata\">En bateau sur la Sarre et la Moselle &#8211; de Merzig \u00e0 Tr\u00e8ves | Partie 1 | Vacances en bateau en Allemagne<\/yt-formatted-string><\/h4>\n<p>[\/et_pb_text][\/et_pb_column][et_pb_column type=\u00a0\u00bb1_3&Prime; _builder_version=\u00a0\u00bb4.16&Prime; custom_padding=\u00a0\u00bb|||\u00a0\u00bb global_colors_info=\u00a0\u00bb{}\u00a0\u00bb custom_padding__hover=\u00a0\u00bb|||\u00a0\u00bb][et_pb_video src=\u00a0\u00bbhttps:\/\/youtu.be\/UhBi2E1zmHw?si=TgDGa87wE_44SUav\u00a0\u00bb image_src=\u00a0\u00bbhttps:\/\/yachtcharter-holiday-tours.de\/wp-content\/uploads\/2024\/12\/Keyif2.jpg\u00a0\u00bb _builder_version=\u00a0\u00bb4.27.4&Prime; _module_preset=\u00a0\u00bbdefault\u00a0\u00bb global_colors_info=\u00a0\u00bb{}\u00a0\u00bb][\/et_pb_video][et_pb_text _builder_version=\u00a0\u00bb4.27.4&Prime; _module_preset=\u00a0\u00bbdefault\u00a0\u00bb global_colors_info=\u00a0\u00bb{}\u00a0\u00bb]<\/p>\n<h4 class=\"style-scope ytd-watch-metadata\" style=\"text-align: left;\"><yt-formatted-string force-default-style=\"\" class=\"style-scope ytd-watch-metadata\">En bateau sur la Sarre et la Moselle &#8211; de Tr\u00e8ves (Konz) \u00e0 Remich &amp; Schwebsange (Luxembourg) | Partie 2 | Vacances en bateau en Allemagne<\/yt-formatted-string><\/h4>\n<p>[\/et_pb_text][\/et_pb_column][et_pb_column type=\u00a0\u00bb1_3&Prime; _builder_version=\u00a0\u00bb4.16&Prime; custom_padding=\u00a0\u00bb|||\u00a0\u00bb global_colors_info=\u00a0\u00bb{}\u00a0\u00bb custom_padding__hover=\u00a0\u00bb|||\u00a0\u00bb][et_pb_video src=\u00a0\u00bbhttps:\/\/youtu.be\/iLdJHoBwXS0?si=oM-xnQ8PvlrPuA2L\u00a0\u00bb image_src=\u00a0\u00bbhttps:\/\/yachtcharter-holiday-tours.de\/wp-content\/uploads\/2024\/12\/Keyif2.jpg\u00a0\u00bb _builder_version=\u00a0\u00bb4.27.4&Prime; _module_preset=\u00a0\u00bbdefault\u00a0\u00bb global_colors_info=\u00a0\u00bb{}\u00a0\u00bb][\/et_pb_video][et_pb_text _builder_version=\u00a0\u00bb4.27.4&Prime; _module_preset=\u00a0\u00bbdefault\u00a0\u00bb global_colors_info=\u00a0\u00bb{}\u00a0\u00bb]<\/p>\n<h4>En bateau sur la Sarre et la Moselle &#8211; Grevenmacher &#8211; Mettlach &#8211; Boucle de la Sarre | Partie 3 | Vacances en bateau en Allemagne<\/h4>\n<p>[\/et_pb_text][\/et_pb_column][\/et_pb_row][et_pb_row column_structure=\u00a0\u00bb3_5,2_5&Prime; custom_padding_last_edited=\u00a0\u00bboff|desktop\u00a0\u00bb _builder_version=\u00a0\u00bb4.16&Prime; custom_padding=\u00a0\u00bb27px|0|27px|0px|false|false\u00a0\u00bb custom_padding_tablet=\u00a0\u00bb|0px||0px||true\u00a0\u00bb global_colors_info=\u00a0\u00bb{}\u00a0\u00bb][et_pb_column type=\u00a0\u00bb3_5&Prime; _builder_version=\u00a0\u00bb4.16&Prime; custom_padding=\u00a0\u00bb|||\u00a0\u00bb global_colors_info=\u00a0\u00bb{}\u00a0\u00bb custom_padding__hover=\u00a0\u00bb|||\u00a0\u00bb][et_pb_text _builder_version=\u00a0\u00bb4.23.1&Prime; text_font=\u00a0\u00bbPoppins||||||||\u00a0\u00bb text_line_height=\u00a0\u00bb2em\u00a0\u00bb header_font=\u00a0\u00bb||||||||\u00a0\u00bb header_2_font=\u00a0\u00bbRaleway|700|||||||\u00a0\u00bb header_2_font_size=\u00a0\u00bb50px\u00a0\u00bb header_2_line_height=\u00a0\u00bb1.4em\u00a0\u00bb header_4_line_height=\u00a0\u00bb1.3em\u00a0\u00bb header_6_font=\u00a0\u00bbRaleway|700||on|||||\u00a0\u00bb header_6_font_size=\u00a0\u00bb16px\u00a0\u00bb header_6_letter_spacing=\u00a0\u00bb5px\u00a0\u00bb header_6_line_height=\u00a0\u00bb1.8em\u00a0\u00bb module_alignment=\u00a0\u00bbcenter\u00a0\u00bb header_2_font_size_tablet=\u00a0\u00bb35px\u00a0\u00bb header_2_font_size_phone=\u00a0\u00bb25px\u00a0\u00bb header_2_font_size_last_edited=\u00a0\u00bbon|phone\u00a0\u00bb global_colors_info=\u00a0\u00bb{}\u00a0\u00bb]<\/p>\n<p><strong>Spacieux, moderne et central &#8211; point de d\u00e9part id\u00e9al<\/strong><\/p>\n<p><span>Notre port d&rsquo;attache est situ\u00e9 au c\u0153ur du paysage idyllique de la Sarre. En aval, vous avez un acc\u00e8s romantique et rapide \u00e0 la Moselle. En amont, vous avez la connexion avec le syst\u00e8me de canaux fran\u00e7ais.<\/span><\/p>\n<p><span>L&rsquo;acc\u00e8s en voiture est facile et confortable. Le port est situ\u00e9 directement \u00e0 la sortie Merzig de l&rsquo;autoroute A8. La gare de Merzig n&rsquo;est qu&rsquo;\u00e0 1 km.<\/span><\/p>\n<p><span>Depuis le port de plaisance de Merzig sur la Sarre<a href=\"https:\/\/www.yachthafen-merzig.de\/\" target=\"_blank\" rel=\"noopener\">(Yachthafen Merzig<\/a>), il est possible de faire des croisi\u00e8res, des croisi\u00e8res aller-simple, des croisi\u00e8res \u00e0 la semaine, au week-end ou m\u00eame \u00e0 la journ\u00e9e sur la Sarre, la Moselle, la Lahn, le Rhin, les canaux fran\u00e7ais, le canal de la Sarre et le canal de la Marne au Rhin.<\/span><\/p>\n<p><span>La Sarre et la Moselle ont un courant tr\u00e8s faible et relativement peu de navigation professionnelle. En partant du port de plaisance de Merzig en direction de Sarrebruck, la navigation professionnelle se termine directement \u00e0 Dillingen. Ensuite, vous aurez la rivi\u00e8re pour vous tout seul. C&rsquo;est notamment id\u00e9al pour les personnes qui viennent d&rsquo;obtenir leur permis de conduire. Les yachts Linssen de qualit\u00e9 sup\u00e9rieure se man\u0153uvrent tr\u00e8s facilement avec deux personnes et sont tr\u00e8s bien \u00e9clus\u00e9s avec une seule ligne centrale. Cela offre une grande s\u00e9curit\u00e9 \u00e0 bord.<\/span><\/p>\n<p>Hormis sur le Rhin, il n&rsquo;y a pas d&rsquo;obligation d&rsquo;utiliser la radio dans les autres zones de navigation. Le certificat de radiot\u00e9l\u00e9phonie UBI est bien s\u00fbr un avantage. Le skipper, qui n&rsquo;a pas encore de certificat de radiot\u00e9l\u00e9phonie, se d\u00e9place tout aussi bien et se d\u00e9panne par t\u00e9l\u00e9phone. Il n&rsquo;y a pas d&rsquo;obligation d&rsquo;inscription. La prise de contact permet toutefois une bonne coordination efficace. Cela permet un passage rapide.<\/p>\n<p>De belles marinas et de beaux ports vous attendent dans les r\u00e9gions viticoles de la Sarre et de la Moselle, au paysage unique.<\/p>\n<p>La r\u00e9ussite de chaque croisi\u00e8re est notre priorit\u00e9. Nous nous ferons un plaisir de vous fournir toutes les informations n\u00e9cessaires \u00e0 la planification de votre croisi\u00e8re. N&rsquo;h\u00e9sitez pas \u00e0 nous contacter.<\/p>\n<p><span>D\u00e9couvrez et profitez de notre zone de navigation vari\u00e9e avec ses belles marinas et ses ports, la nature \u00e0 l&rsquo;\u00e9tat pur, les grands lacs de baignade, les petites et grandes villes et la r\u00e9gion viticole unique et incomparable le long de la Sarre, de la Moselle, des K\u00e4nalen et des lieux o\u00f9 l&rsquo;on vit le \u00ab\u00a0savoir-vivre\u00a0\u00bb, o\u00f9 la culture et l&rsquo;histoire sont visibles et palpables au passage.<\/span><\/p>\n<p>[\/et_pb_text][\/et_pb_column][et_pb_column type=\u00a0\u00bb2_5&Prime; _builder_version=\u00a0\u00bb4.16&Prime; custom_padding=\u00a0\u00bb|||\u00a0\u00bb global_colors_info=\u00a0\u00bb{}\u00a0\u00bb custom_padding__hover=\u00a0\u00bb|||\u00a0\u00bb][et_pb_image src=\u00a0\u00bbhttps:\/\/yachtcharter-holiday-tours.de\/wp-content\/uploads\/2022\/12\/Plan-Yachthafen-Merzig.png\u00a0\u00bb title_text=\u00a0\u00bbPlan Yachthafen Merzig\u00a0\u00bb _builder_version=\u00a0\u00bb4.19.2&Prime; _module_preset=\u00a0\u00bbdefault\u00a0\u00bb global_colors_info=\u00a0\u00bb{}\u00a0\u00bb][\/et_pb_image][et_pb_image src=\u00a0\u00bbhttps:\/\/yachtcharter-holiday-tours.de\/wp-content\/uploads\/2023\/11\/Marina-Merzig.jpg\u00a0\u00bb title_text=\u00a0\u00bbMarina Merzig\u00a0\u00bb _builder_version=\u00a0\u00bb4.23.1&Prime; _module_preset=\u00a0\u00bbdefault\u00a0\u00bb global_colors_info=\u00a0\u00bb{}\u00a0\u00bb][\/et_pb_image][et_pb_image src=\u00a0\u00bbhttps:\/\/yachtcharter-holiday-tours.de\/wp-content\/uploads\/2025\/07\/Flottille-Linssen-Yachten-Saarschleife-2025-360mb.jpg\u00a0\u00bb title_text=\u00a0\u00bbFlottille Linssen Yachten &#8211; Saarschleife 2025-360mb\u00a0\u00bb _builder_version=\u00a0\u00bb4.27.4&Prime; _module_preset=\u00a0\u00bbdefault\u00a0\u00bb hover_enabled=\u00a0\u00bb0&Prime; global_colors_info=\u00a0\u00bb{}\u00a0\u00bb sticky_enabled=\u00a0\u00bb0&Prime;][\/et_pb_image][et_pb_video src=\u00a0\u00bbhttps:\/\/yachtcharter-holiday-tours.de\/wp-content\/uploads\/2022\/12\/yachthafen_film.mp4&Prime; image_src=\u00a0\u00bbhttps:\/\/yachtcharter-holiday-tours.de\/wp-content\/uploads\/2022\/12\/Empfang-Hafenmarina-Merzig.png\u00a0\u00bb _builder_version=\u00a0\u00bb4.19.2&Prime; _module_preset=\u00a0\u00bbdefault\u00a0\u00bb custom_margin=\u00a0\u00bb0px||-1px||false|false\u00a0\u00bb custom_padding=\u00a0\u00bb50px||||false|false\u00a0\u00bb global_colors_info=\u00a0\u00bb{}\u00a0\u00bb][\/et_pb_video][\/et_pb_column][\/et_pb_row][et_pb_row _builder_version=\u00a0\u00bb4.16&Prime; global_colors_info=\u00a0\u00bb{}\u00a0\u00bb][et_pb_column type=\u00a0\u00bb4_4&Prime; _builder_version=\u00a0\u00bb4.16&Prime; custom_padding=\u00a0\u00bb|||\u00a0\u00bb global_colors_info=\u00a0\u00bb{}\u00a0\u00bb custom_padding__hover=\u00a0\u00bb|||\u00a0\u00bb][et_pb_text _builder_version=\u00a0\u00bb4.19.4&Prime; text_font=\u00a0\u00bb||||||||\u00a0\u00bb text_line_height=\u00a0\u00bb2em\u00a0\u00bb header_font=\u00a0\u00bb||||||||\u00a0\u00bb header_3_font=\u00a0\u00bb|600|||||||\u00a0\u00bb header_3_text_color=\u00a0\u00bb#000000&Prime; header_3_font_size=\u00a0\u00bb34px\u00a0\u00bb header_3_line_height=\u00a0\u00bb1.2em\u00a0\u00bb header_3_font_size_tablet=\u00a0\u00bb30px\u00a0\u00bb header_3_font_size_phone=\u00a0\u00bb22px\u00a0\u00bb header_3_font_size_last_edited=\u00a0\u00bbon|phone\u00a0\u00bb locked=\u00a0\u00bboff\u00a0\u00bb global_colors_info=\u00a0\u00bb{}\u00a0\u00bb]<\/p>\n<h3>Propositions de croisi\u00e8re<\/h3>\n<p>Choisissez votre croisi\u00e8re ci-dessous ou contactez-nous et nous nous ferons un plaisir de vous aider \u00e0 planifier votre voyage.<\/p>\n<p>[\/et_pb_text][et_pb_toggle title=\u00a0\u00bbTour Sarre-Moselle-Ruwer (1 semaine)\u00a0\u00bb open_toggle_text_color=\u00a0\u00bb#000000&Prime; icon_color=\u00a0\u00bb#000000&Prime; _builder_version=\u00a0\u00bb4.19.4&Prime; _module_preset=\u00a0\u00bbdefault\u00a0\u00bb title_text_color=\u00a0\u00bb#000000&Prime; global_colors_info=\u00a0\u00bb{}\u00a0\u00bb]<\/p>\n<table id=\"CM16f5891d05fa2f652666f8c48\" class=\"cm_table\">\n<tbody class=\"cm_table\">\n<tr class=\"cm_table cm_firstrow\">\n<td class=\"cm_table cm_firstcol\">Dur\u00e9e<\/td>\n<td class=\"cm_table cm_lastcol\">1 semaine aller-retour<\/td>\n<\/tr>\n<tr class=\"cm_table\">\n<td class=\"cm_table cm_firstcol\">Permis de conduire requis<\/td>\n<td class=\"cm_table cm_lastcol\">Oui<\/td>\n<\/tr>\n<tr class=\"cm_table\">\n<td class=\"cm_table cm_firstcol\">Eaux navigu\u00e9es<\/td>\n<td class=\"cm_table cm_lastcol\">Sarre et Moselle<\/td>\n<\/tr>\n<tr class=\"cm_table\">\n<td class=\"cm_table cm_firstcol\">Stations<\/td>\n<td class=\"cm_table cm_lastcol\">Mettlach, Sarrebourg, Konz, Tr\u00e8ves, Schweich, P\u00f6lich, Neumagen-Drohn, Bernkastel-Kues<\/td>\n<\/tr>\n<tr class=\"cm_table\">\n<td class=\"cm_table cm_firstcol\">Itin\u00e9raire<\/td>\n<td class=\"cm_table cm_lastcol\">230 km (environ 35-40 km\/jour)<\/td>\n<\/tr>\n<tr>\n<td>\u00c9cluses<\/td>\n<td>12 \u00e9cluses (2 \u00e9cluses\/jour)<\/td>\n<\/tr>\n<tr class=\"cm_table cm_lastrow\">\n<td class=\"cm_table cm_firstcol\">\n<p>Explications<\/p>\n<p>&nbsp;<\/p>\n<\/td>\n<td class=\"cm_table cm_lastcol\">Voyage culinaire dans la r\u00e9gion viticole de la Sarre et de la Moselle. Visite de la plus ancienne ville d&rsquo;Allemagne, Tr\u00e8ves, et de la plus ancienne ville viticole romantique, Neumagen-Dhron. Le trajet vous m\u00e8ne \u00e0 travers la boucle de la Sarre sur la Moselle en aval et retour.<\/td>\n<\/tr>\n<\/tbody>\n<\/table>\n<p>[\/et_pb_toggle][et_pb_toggle title=\u00a0\u00bbTour du canal de la Sarre et de la Sarre (1 semaine)\u00a0\u00bb open_toggle_text_color=\u00a0\u00bb#000000&Prime; icon_color=\u00a0\u00bb#000000&Prime; _builder_version=\u00a0\u00bb4.19.4&Prime; _module_preset=\u00a0\u00bbdefault\u00a0\u00bb title_text_color=\u00a0\u00bb#000000&Prime; global_colors_info=\u00a0\u00bb{}\u00a0\u00bb]<\/p>\n<table id=\"CM16f58a005c248f76e60ad483\" class=\"cm_table\">\n<tbody class=\"cm_table\">\n<tr class=\"cm_table cm_firstrow\">\n<td class=\"cm_table cm_firstcol\">Dur\u00e9e<\/td>\n<td class=\"cm_table cm_lastcol\">1 semaine aller-retour<\/td>\n<\/tr>\n<tr class=\"cm_table\">\n<td class=\"cm_table cm_firstcol\">Permis de conduire requis<\/td>\n<td class=\"cm_table cm_lastcol\">Oui (sans permis \u00e0 partir de la France)<\/td>\n<\/tr>\n<tr class=\"cm_table\">\n<td class=\"cm_table cm_firstcol\">Eaux navigu\u00e9es<\/td>\n<td class=\"cm_table cm_lastcol\">Sarre et canal de la Sarre<\/td>\n<\/tr>\n<tr class=\"cm_table\">\n<td class=\"cm_table cm_firstcol\">Stations<\/td>\n<td class=\"cm_table cm_lastcol\">Dillingen, V\u00f6lklingen, Sarrebruck, Sarreguemines, Wittring, Harskirchen, Mittersheim<\/td>\n<\/tr>\n<tr class=\"cm_table\">\n<td class=\"cm_table cm_firstcol\">Itin\u00e9raire<\/td>\n<td class=\"cm_table cm_lastcol\">230 km (environ 35-40 km\/jour)<\/td>\n<\/tr>\n<tr class=\"cm_table\">\n<td class=\"cm_table cm_firstcol\">\u00c9cluses<\/td>\n<td class=\"cm_table cm_lastcol\">\n<p>16 \u00e9cluses sur la Sarre (5 par jour)<\/p>\n<p>26 \u00e9cluses de canal (7-8 \u00e9cluses\/jour)<\/p>\n<\/td>\n<\/tr>\n<tr class=\"cm_table cm_lastrow\">\n<td class=\"cm_table cm_firstcol\">Explications<\/td>\n<td class=\"cm_table cm_lastcol\">Voyage culinaire \u00e0 travers 2 pays : l&rsquo;Allemagne et la France. \u00c0 partir de Merzig, vous remontez la Sarre en traversant Sarrebruck pour rejoindre le canal de la Sarre. C&rsquo;est l\u00e0 que commence la partie tranquille du voyage, avec de nombreuses \u00e9cluses dont il ne faut pas avoir peur. Vous prendrez tr\u00e8s vite<span>plaisir<\/span> \u00e0 passer les \u00e9cluses et \u00e0 profiter du calme contemplatif sans navigation professionnelle.<\/td>\n<\/tr>\n<\/tbody>\n<\/table>\n<p>[\/et_pb_toggle][et_pb_toggle title=\u00a0\u00bbTour des trois pays Saar-Lor-Lux (10 jours)\u00a0\u00bb open_toggle_text_color=\u00a0\u00bb#000000&Prime; icon_color=\u00a0\u00bb#000000&Prime; _builder_version=\u00a0\u00bb4.27.0&Prime; _module_preset=\u00a0\u00bbdefault\u00a0\u00bb title_text_color=\u00a0\u00bb#000000&Prime; global_colors_info=\u00a0\u00bb{}\u00a0\u00bb]<\/p>\n<table id=\"CM16f589b0cdd8dc8d66532ebc\" class=\"cm_table\">\n<tbody class=\"cm_table\">\n<tr class=\"cm_table cm_firstrow\">\n<td class=\"cm_table cm_firstcol\">Dur\u00e9e<\/td>\n<td class=\"cm_table cm_lastcol\">1 semaine aller-retour<\/td>\n<\/tr>\n<tr class=\"cm_table\">\n<td class=\"cm_table cm_firstcol\">Permis de conduire requis<\/td>\n<td class=\"cm_table cm_lastcol\">Oui<\/td>\n<\/tr>\n<tr class=\"cm_table\">\n<td class=\"cm_table cm_firstcol\">Eaux navigu\u00e9es<\/td>\n<td class=\"cm_table cm_lastcol\">Sarre et Moselle<\/td>\n<\/tr>\n<tr class=\"cm_table\">\n<td class=\"cm_table cm_firstcol\">Stations<\/td>\n<td class=\"cm_table cm_lastcol\">Mettlach, Sarrebourg, Konz, Wasserbillig, Schwebsange, Sierck-les-Bains, Thionville, Metz<\/td>\n<\/tr>\n<tr class=\"cm_table\">\n<td class=\"cm_table cm_firstcol\">Itin\u00e9raire<\/td>\n<td class=\"cm_table cm_lastcol\">280 km (environ 30-35 km\/jour)<\/td>\n<\/tr>\n<tr class=\"cm_table\">\n<td class=\"cm_table cm_firstcol\">\u00c9cluses<\/td>\n<td class=\"cm_table cm_lastcol\">19 \u00e9cluses (3 \u00e9cluses\/jour)<\/td>\n<\/tr>\n<tr class=\"cm_table cm_lastrow\">\n<td class=\"cm_table cm_firstcol\">\n<p>Explications<\/p>\n<p>&nbsp;<\/p>\n<\/td>\n<td class=\"cm_table cm_lastcol\">Voyage \u00e0 travers 3 pays : l&rsquo;Allemagne, la France et le Luxembourg. Il traverse la boucle de la Sarre jusqu&rsquo;\u00e0 la Moselle, puis remonte le courant en passant par Schengen, o\u00f9 l&rsquo;Europe sans fronti\u00e8res a \u00e9crit son histoire. De temps en temps, il vaut la peine de faire un d\u00e9tour par le centre-ville de Luxembourg en train au d\u00e9part de Wasserbillig. La gare ferroviaire, avec une liaison directe vers LUX, se trouve \u00e0 quelques minutes \u00e0 pied de l&#8217;embarcad\u00e8re. &#8211; Et le trafic de nuit au Luxembourg est gratuit du lundi au samedi de 5h00 \u00e0 23h00 et le dimanche et les jours f\u00e9ri\u00e9s de 6h00 \u00e0 22h00 !<\/td>\n<\/tr>\n<\/tbody>\n<\/table>\n<p>[\/et_pb_toggle][et_pb_toggle title=\u00a0\u00bbQuiche-Lorraine \/ Petit tour de choucroute (2 semaines)\u00a0\u00bb open_toggle_text_color=\u00a0\u00bb#000000&Prime; icon_color=\u00a0\u00bb#000000&Prime; _builder_version=\u00a0\u00bb4.27.4&Prime; _module_preset=\u00a0\u00bbdefault\u00a0\u00bb title_text_color=\u00a0\u00bb#000000&Prime; global_colors_info=\u00a0\u00bb{}\u00a0\u00bb]<\/p>\n<table id=\"CM16f58715eaca8ca4fe2be167\" class=\"cm_table\">\n<tbody class=\"cm_table\">\n<tr class=\"cm_table cm_firstrow\">\n<td class=\"cm_table cm_firstcol\">Dur\u00e9e<\/td>\n<td class=\"cm_table cm_lastcol\">2 semaines<\/td>\n<\/tr>\n<tr class=\"cm_table\">\n<td class=\"cm_table cm_firstcol\">Permis de conduire requis<\/td>\n<td class=\"cm_table cm_lastcol\">Oui<\/td>\n<\/tr>\n<tr class=\"cm_table\">\n<td class=\"cm_table cm_firstcol\">Eaux travers\u00e9es<\/td>\n<td class=\"cm_table cm_lastcol\">Sarre, canal de la Sarre, canal de la Marne au Rhin, Moselle, Sarre<\/td>\n<\/tr>\n<tr class=\"cm_table\">\n<td class=\"cm_table cm_firstcol\">Stations<\/td>\n<td class=\"cm_table cm_lastcol\">Dillingen, V\u00f6lklingen, Sarrebruck, Sarreguemines, Wittring, Harskirchen, Mittersheim, Gondrexange, Nancy, Pont-a-Mousson, Metz, Thionville, Sierck-les-Bains, Schwebsange, Wasserbillig, Konz, Sarrebourg, Mettlach, Merzig<\/td>\n<\/tr>\n<tr class=\"cm_table\">\n<td class=\"cm_table cm_firstcol\">Itin\u00e9raire<\/td>\n<td class=\"cm_table cm_lastcol\">450 km (environ 30-35 km\/jour)<\/td>\n<\/tr>\n<tr class=\"cm_table\">\n<td class=\"cm_table cm_firstcol\">\u00c9cluses<\/td>\n<td class=\"cm_table cm_lastcol\">24 \u00e9cluses de rivi\u00e8re (environ 2-3 \u00e9cluses\/jour)<br \/>60 \u00e9cluses de canal (environ 7-8 \u00e9cluses\/jour)<\/td>\n<\/tr>\n<tr class=\"cm_table\">\n<td class=\"cm_table cm_firstcol\">\n<p>Explications sur le choix du nom<\/p>\n<p>&nbsp;<\/p>\n<p>&nbsp;<\/p>\n<\/td>\n<td class=\"cm_table cm_lastcol\">L&rsquo;itin\u00e9raire a \u00e9t\u00e9 nomm\u00e9 d&rsquo;apr\u00e8s le plat national alsacien \u00ab\u00a0Choucroute\u00a0\u00bb, en fran\u00e7ais choucroute. Au cours du circuit, vous passerez par de nombreuses villes magnifiques avec de nombreux restaurants qui pr\u00e9parent cette herbe longue conservation &#8211; de Nancy et Metz en France \u00e0 Grevenmacher au Luxembourg, en passant par Tr\u00e8ves et Sarrebruck en Allemagne. Le petit tour de la choucroute, long de plus de 450 km, longe le canal de la Marne au Rhin, la Moselle et la Sarre et le canal de la Sarre. Profitez de nombreux paysages vari\u00e9s lors du tour de la choucroute !<br \/>Un plat lorrain tout aussi connu est la quiche lorraine, qui a donn\u00e9 son nom au petit circuit.<\/td>\n<\/tr>\n<tr>\n<td> <\/td>\n<td><strong><a href=\"https:\/\/yachtcharter-holiday-tours.de\/wp-content\/uploads\/2025\/01\/Kleine-Sauerkraut-Tour-Yachtcharter-Holiday-Tours-19.01.2025.pdf\" target=\"_blank\" rel=\"noopener\">T\u00e9l\u00e9charger le rapport de voyage<\/a><\/strong><\/td>\n<\/tr>\n<\/tbody>\n<\/table>\n<p>[\/et_pb_toggle][et_pb_toggle title=\u00a0\u00bbSaar-Mosel-Deutsches Eck \/ Coblence (2 semaines)\u00a0\u00bb open_toggle_text_color=\u00a0\u00bb#000000&Prime; icon_color=\u00a0\u00bb#000000&Prime; _builder_version=\u00a0\u00bb4.19.5&Prime; _module_preset=\u00a0\u00bbdefault\u00a0\u00bb title_text_color=\u00a0\u00bb#000000&Prime; global_colors_info=\u00a0\u00bb{}\u00a0\u00bb]<\/p>\n<table id=\"CM16f5874d15aee7ea60c5dcc3\" class=\"cm_table\">\n<tbody class=\"cm_table\">\n<tr class=\"cm_table cm_firstrow\">\n<td class=\"cm_table cm_firstcol\" style=\"width: 135.516px;\">Dur\u00e9e<\/td>\n<td class=\"cm_table cm_lastcol\" style=\"width: 658.484px;\"> 2 semaines aller-retour<\/td>\n<\/tr>\n<tr class=\"cm_table\">\n<td class=\"cm_table cm_firstcol\" style=\"width: 135.516px;\">Permis de conduire requis<\/td>\n<td class=\"cm_table cm_lastcol\" style=\"width: 658.484px;\">Oui<\/td>\n<\/tr>\n<tr class=\"cm_table\">\n<td class=\"cm_table cm_firstcol\" style=\"width: 135.516px;\">Eaux navigu\u00e9es<\/td>\n<td class=\"cm_table cm_lastcol\" style=\"width: 658.484px;\">Sarre et Moselle<\/td>\n<\/tr>\n<tr class=\"cm_table\">\n<td class=\"cm_table cm_firstcol\" style=\"width: 135.516px;\">Stations<\/td>\n<td class=\"cm_table cm_lastcol\" style=\"width: 658.484px;\">Mettlach, Sarrebourg, Konz, Tr\u00e8ves, Schweich, P\u00f6lich, Neumagen-Dhron, Bernkastel-Kues, Traben-Trarbach, Zell, Cochem, Winningen, Coblence<\/td>\n<\/tr>\n<tr class=\"cm_table\">\n<td class=\"cm_table cm_firstcol\" style=\"width: 135.516px;\">Parcours<\/td>\n<td class=\"cm_table cm_lastcol\" style=\"width: 658.484px;\">490 km (environ 40-45 km\/jour)<\/td>\n<\/tr>\n<tr class=\"cm_table\">\n<td class=\"cm_table cm_firstcol\" style=\"width: 135.516px;\">\u00c9cluses<\/td>\n<td class=\"cm_table cm_lastcol\" style=\"width: 658.484px;\">26 \u00e9cluses (2-3 \u00e9cluses\/jour)<\/td>\n<\/tr>\n<tr class=\"cm_table cm_lastrow\">\n<td class=\"cm_table cm_firstcol\" style=\"width: 135.516px;\">Explications<\/td>\n<td class=\"cm_table cm_lastcol\" style=\"width: 658.484px;\">\n<p>Au cours de cette excursion, vous profiterez de paysages fluviaux vari\u00e9s, de l&rsquo;ambiance de l&rsquo;une des plus importantes voies navigables d&rsquo;Allemagne et, bien entendu, du vin de Moselle, connu et appr\u00e9ci\u00e9 dans le monde entier.<\/p>\n<p>Apr\u00e8s 40 kilom\u00e8tres de rivi\u00e8re tranquille sur la Sarre, on tourne sur la Moselle. Une visite de la Porta Nigra \u00e0 Tr\u00e8ves est presque une obligation culturelle. Ensuite, nous descendons la Moselle de village viticole en village viticole \u00e0 travers les pentes abruptes des vignobles de la Moselle jusqu&rsquo;\u00e0 Coblence. Si la croisi\u00e8re est bien planifi\u00e9e, vous vous rendez au retour exactement dans les ports que vous avez omis \u00e0 l&rsquo;aller.<\/p>\n<p>Il faut pr\u00e9voir deux magnifiques semaines pour cette excursion.<\/p>\n<\/td>\n<\/tr>\n<\/tbody>\n<\/table>\n<p>&nbsp;<\/p>\n<p>[\/et_pb_toggle][et_pb_toggle title=\u00a0\u00bbGrand tour de choucroute &#8211; Allemagne\/France\/ Canal de la Sarre\/Rhin\/Moselle (3 semaines ou plus)\u00a0\u00bb open_toggle_text_color=\u00a0\u00bb#000000&Prime; icon_color=\u00a0\u00bb#000000&Prime; _builder_version=\u00a0\u00bb4.19.4&Prime; _module_preset=\u00a0\u00bbdefault\u00a0\u00bb title_text_color=\u00a0\u00bb#000000&Prime; global_colors_info=\u00a0\u00bb{}\u00a0\u00bb]<\/p>\n<table id=\"CM16f58624a1fde8fe2afe4ecf8\" class=\"cm_table\">\n<tbody class=\"cm_table\">\n<tr class=\"cm_table cm_firstrow\">\n<td class=\"cm_table cm_firstcol\" style=\"width: 144.359px;\">Dur\u00e9e<\/td>\n<td class=\"cm_table cm_lastcol\" style=\"width: 649.641px;\">Circuit de 3 semaines<\/td>\n<\/tr>\n<tr class=\"cm_table\">\n<td class=\"cm_table cm_firstcol\" style=\"width: 144.359px;\">Permis de conduire requis<\/td>\n<td class=\"cm_table cm_lastcol\" style=\"width: 649.641px;\">Oui<\/td>\n<\/tr>\n<tr class=\"cm_table\">\n<td class=\"cm_table cm_firstcol\" style=\"width: 144.359px;\">Eaux travers\u00e9es<\/td>\n<td class=\"cm_table cm_lastcol\" style=\"width: 649.641px;\">Sarre, canal de la Sarre, canal de la Marne au Rhin, Rhin, Moselle, Sarre<\/td>\n<\/tr>\n<tr class=\"cm_table\">\n<td class=\"cm_table cm_firstcol\" style=\"width: 144.359px;\">Stations<\/td>\n<td class=\"cm_table cm_lastcol\" style=\"width: 649.641px;\">Dillingen, V\u00f6lklingen, Sarrebruck, Sarreguemines, Wittring, Harskirchen, Mittersheim, Gondrexange, Hesse, Arzviller (ascenseur inclin\u00e9), Saverne, Strasbourg, Spire, Mannheim, Wiesbaden, Mayence, Bingen, Kaub, Coblence, Cochem, Zell, Traben-Trarbach, Bernkastel-Kues, Neumagen-Dhron, P\u00f6lich, Schweich, Tr\u00e8ves, Konz, Sarrebourg, Mettlach, Merzig<\/td>\n<\/tr>\n<tr class=\"cm_table\">\n<td class=\"cm_table cm_firstcol\" style=\"width: 144.359px;\">Parcours<\/td>\n<td class=\"cm_table cm_lastcol\" style=\"width: 649.641px;\">770 km (environ 30-35 km\/jour)<\/td>\n<\/tr>\n<tr class=\"cm_table\">\n<td class=\"cm_table cm_firstcol\" style=\"width: 144.359px;\">\u00c9cluses<\/td>\n<td class=\"cm_table cm_lastcol\" style=\"width: 649.641px;\">22 \u00e9cluses de rivi\u00e8re (environ 2-3 \u00e9cluses\/jour)<br \/>65 \u00e9cluses de canal (environ 7-8 \u00e9cluses\/jour)<\/td>\n<\/tr>\n<tr class=\"cm_table cm_lastrow\">\n<td class=\"cm_table cm_firstcol\" style=\"width: 144.359px;\">\n<p>Explications<\/p>\n<p>&nbsp;<\/p>\n<\/td>\n<td class=\"cm_table cm_lastcol\" style=\"width: 649.641px;\">\n<p>Le grand tour de la choucroute devrait \u00eatre l&rsquo;un des tours unidirectionnels les plus int\u00e9ressants de toute l&rsquo;Allemagne. En combinant les cha\u00eenes fran\u00e7aises, y compris fran\u00e7ais \u00ab\u00a0Laissez-faire\u00a0\u00bb avec la plus grande voie navigable allemande, le Rhin, avec le patrimoine mondial de l&rsquo;UNESCO \u00ab\u00a0Mittelrheintal\u00a0\u00bb, y compris la Lorelei et la belle Moselle, ce circuit offre tout ce que l&rsquo;on peut imaginer en tant que batelier.<\/p>\n<\/td>\n<\/tr>\n<\/tbody>\n<\/table>\n<p>[\/et_pb_toggle][et_pb_toggle title=\u00a0\u00bbDiverses tourn\u00e9es de longue dur\u00e9e &#8211; par ex. Berlin, Main, Pays-Bas, &#8230; (3 semaines ou plus)\u00a0\u00bb open_toggle_text_color=\u00a0\u00bb#000000&Prime; icon_color=\u00a0\u00bb#000000&Prime; _builder_version=\u00a0\u00bb4.19.4&Prime; _module_preset=\u00a0\u00bbdefault\u00a0\u00bb title_text_color=\u00a0\u00bb#000000&Prime; global_colors_info=\u00a0\u00bb{}\u00a0\u00bb]<\/p>\n<p>Nous essayons toujours d&rsquo;envoyer des yachts individuels pour une croisi\u00e8re plus longue.<\/p>\n<p>Il peut s&rsquo;agir de trajets de transfert ou simplement de combinaisons avec des souhaits particuliers de nos nombreux habitu\u00e9s. Dans le pass\u00e9, nous avons planifi\u00e9 et r\u00e9alis\u00e9 diverses croisi\u00e8res de longue dur\u00e9e sur le Main, \u00e0 Berlin ou dans les bassins de navigation n\u00e9erlandais.<\/p>\n<p>Si vous \u00eates int\u00e9ress\u00e9(e), renseignez-vous sur les possibilit\u00e9s actuelles.<\/p>\n<p>Jusqu&rsquo;\u00e0 pr\u00e9sent, nous avons r\u00e9alis\u00e9 pour nos clients<\/p>\n<ul>\n<li><span>Merzig- Paris-Merzig (Circuit)<\/span><\/li>\n<li><span>Merzig- Chalon-sur Saone-Merzig (aller-retour)<\/span><\/li>\n<li><span>Merzig- Vienne (Danube)-Merzig (circuit combin\u00e9 avec aller-retour)<\/span><\/li>\n<li><span>Merzig- Dannemarie (Canal du Rh\u00f4ne au Rhin)-Merzig (Circuit)<\/span><\/li>\n<li><span>Merzig- Maasbracht-Merzig (circuit \u00e0 travers cinq pays)<\/span><\/li>\n<\/ul>\n<p>[\/et_pb_toggle][\/et_pb_column][\/et_pb_row][et_pb_row _builder_version=\u00a0\u00bb4.16&Prime; global_colors_info=\u00a0\u00bb{}\u00a0\u00bb][et_pb_column type=\u00a0\u00bb4_4&Prime; _builder_version=\u00a0\u00bb4.16&Prime; custom_padding=\u00a0\u00bb|||\u00a0\u00bb global_colors_info=\u00a0\u00bb{}\u00a0\u00bb custom_padding__hover=\u00a0\u00bb|||\u00a0\u00bb][et_pb_text _builder_version=\u00a0\u00bb4.19.4&Prime; text_font=\u00a0\u00bb||||||||\u00a0\u00bb text_line_height=\u00a0\u00bb2em\u00a0\u00bb header_font=\u00a0\u00bb||||||||\u00a0\u00bb header_3_font=\u00a0\u00bb|600|||||||\u00a0\u00bb header_3_text_color=\u00a0\u00bb#000000&Prime; header_3_line_height=\u00a0\u00bb1.2em\u00a0\u00bb header_3_font_size_tablet=\u00a0\u00bb30px\u00a0\u00bb header_3_font_size_phone=\u00a0\u00bb18px\u00a0\u00bb header_3_font_size_last_edited=\u00a0\u00bbon|phone\u00a0\u00bb locked=\u00a0\u00bboff\u00a0\u00bb global_colors_info=\u00a0\u00bb{}\u00a0\u00bb]<\/p>\n<h3>Planification individuelle de la tourn\u00e9e<\/h3>\n<p>En tant que conducteur\/conductrice d&rsquo;un yacht Linssen, vous avez la possibilit\u00e9 de composer vous-m\u00eame un circuit individuel en combinaison avec des excursions \u00e0 terre. Pour cela, nous vous recommandons les deux planificateurs d&rsquo;itin\u00e9raires suivants. &#8211; Et\/ou nous vous conseillons volontiers en collaboration avec les organisations touristiques de la r\u00e9gion.<\/p>\n<p>[\/et_pb_text][\/et_pb_column][\/et_pb_row][et_pb_row column_structure=\u00a0\u00bb1_2,1_2&Prime; _builder_version=\u00a0\u00bb4.19.2&Prime; _module_preset=\u00a0\u00bbdefault\u00a0\u00bb global_colors_info=\u00a0\u00bb{}\u00a0\u00bb][et_pb_column type=\u00a0\u00bb1_2&Prime; _builder_version=\u00a0\u00bb4.19.2&Prime; _module_preset=\u00a0\u00bbdefault\u00a0\u00bb global_colors_info=\u00a0\u00bb{}\u00a0\u00bb][et_pb_image src=\u00a0\u00bbhttps:\/\/yachtcharter-holiday-tours.de\/wp-content\/uploads\/2022\/12\/logoweb.png\u00a0\u00bb title_text=\u00a0\u00bblogoweb\u00a0\u00bb url=\u00a0\u00bbhttps:\/\/boatrouting.com\/app\/?hl=de\u00a0\u00bb url_new_window=\u00a0\u00bbon\u00a0\u00bb _builder_version=\u00a0\u00bb4.27.4&Prime; _module_preset=\u00a0\u00bbdefault\u00a0\u00bb max_width=\u00a0\u00bb75%\u00a0\u00bb global_colors_info=\u00a0\u00bb{}\u00a0\u00bb][\/et_pb_image][\/et_pb_column][et_pb_column type=\u00a0\u00bb1_2&Prime; _builder_version=\u00a0\u00bb4.19.2&Prime; _module_preset=\u00a0\u00bbdefault\u00a0\u00bb global_colors_info=\u00a0\u00bb{}\u00a0\u00bb][et_pb_image src=\u00a0\u00bbhttps:\/\/yachtcharter-holiday-tours.de\/wp-content\/uploads\/2022\/12\/Navinaut.png\u00a0\u00bb title_text=\u00a0\u00bbNavinaut\u00a0\u00bb url=\u00a0\u00bbhttps:\/\/www.navinaut.de\/\u00a0\u00bb url_new_window=\u00a0\u00bbon\u00a0\u00bb _builder_version=\u00a0\u00bb4.27.4&Prime; _module_preset=\u00a0\u00bbdefault\u00a0\u00bb max_width=\u00a0\u00bb70%\u00a0\u00bb global_colors_info=\u00a0\u00bb{}\u00a0\u00bb][\/et_pb_image][\/et_pb_column][\/et_pb_row][et_pb_row _builder_version=\u00a0\u00bb4.16&Prime; global_colors_info=\u00a0\u00bb{}\u00a0\u00bb][et_pb_column type=\u00a0\u00bb4_4&Prime; _builder_version=\u00a0\u00bb4.16&Prime; custom_padding=\u00a0\u00bb|||\u00a0\u00bb global_colors_info=\u00a0\u00bb{}\u00a0\u00bb custom_padding__hover=\u00a0\u00bb|||\u00a0\u00bb][et_pb_text _builder_version=\u00a0\u00bb4.27.4&Prime; text_font=\u00a0\u00bb||||||||\u00a0\u00bb text_line_height=\u00a0\u00bb2em\u00a0\u00bb header_font=\u00a0\u00bb||||||||\u00a0\u00bb header_3_font=\u00a0\u00bb|600|||||||\u00a0\u00bb header_3_text_color=\u00a0\u00bb#000000&Prime; header_3_line_height=\u00a0\u00bb1.2em\u00a0\u00bb header_3_font_size_tablet=\u00a0\u00bb30px\u00a0\u00bb header_3_font_size_phone=\u00a0\u00bb18px\u00a0\u00bb header_3_font_size_last_edited=\u00a0\u00bbon|phone\u00a0\u00bb locked=\u00a0\u00bboff\u00a0\u00bb global_colors_info=\u00a0\u00bb{}\u00a0\u00bb]<\/p>\n<h3>Notre recommandation d&rsquo;assurance<\/h3>\n<p>Si vous souhaitez assurer la caution, les frais d&rsquo;annulation ou d&rsquo;interruption de voyage, votre responsabilit\u00e9 civile en tant que skipper du bateau, une assurance maladie ou accident en cas de voyage \u00e0 l&rsquo;\u00e9tranger, vous pouvez le faire aupr\u00e8s de notre partenaire d&rsquo;assurance Pantaenius. Cliquez <a href=\"https:\/\/www.pantaenius.com\/de-de\/versicherungen\/charter\/?referral=5215.06991\" target=\"_blank\" rel=\"noopener\">ici<\/a> pour l&rsquo;allemand, <a href=\"https:\/\/www.pantaenius.com\/de-en\/insurance\/charter\/?referral=5215.06991\" target=\"_blank\" rel=\"noopener\">ici pour l&rsquo;anglais<\/a>, <a href=\"https:\/\/www.pantaenius.com\/fr-fr\/insurance\/assurance-location\/?referral=5215.06991\" target=\"_blank\" rel=\"noopener\">ici pour le fran\u00e7ais<\/a> et <a href=\"https:\/\/www.pantaenius.com\/fr-it\/assicurazioni\/assicurazione-charter\/?referral=5215.06991\" target=\"_blank\" rel=\"noopener\">ici pour l&rsquo;italien<\/a>.<\/p>\n<p><img decoding=\"async\" src=\"https:\/\/yachtcharter-holiday-tours.de\/wp-content\/uploads\/2024\/02\/Logo_DE-neu-2024-300x95.jpg\" width=\"338\" height=\"107\" alt=\"\" class=\"wp-image-4617 alignnone size-medium\" style=\"display: block; margin-left: auto; margin-right: auto;\"><\/p>\n<p>[\/et_pb_text][\/et_pb_column][\/et_pb_row][\/et_pb_section][et_pb_section fb_built=\u00a0\u00bb1&Prime; admin_label=\u00a0\u00bbReservations\u00a0\u00bb _builder_version=\u00a0\u00bb4.19.4&Prime; use_background_color_gradient=\u00a0\u00bbon\u00a0\u00bb background_color_gradient_direction=\u00a0\u00bb150deg\u00a0\u00bb background_color_gradient_stops=\u00a0\u00bbrgba(47,58,68,0.7) 25%|rgba(38,46,53,0) 100%\u00a0\u00bb background_color_gradient_overlays_image=\u00a0\u00bbon\u00a0\u00bb background_color_gradient_start=\u00a0\u00bb#2f3a44&Prime; background_color_gradient_start_position=\u00a0\u00bb25%\u00a0\u00bb background_color_gradient_end=\u00a0\u00bbrgba(38,46,53,0)\u00a0\u00bb background_image=\u00a0\u00bbhttps:\/\/yachtcharter-holiday-tours.de\/wp-content\/uploads\/2022\/12\/Linssen-Yacht-auf-der-Mosel.jpg\u00a0\u00bb width=\u00a0\u00bb100%\u00a0\u00bb custom_padding=\u00a0\u00bb8vw|0px|280px|0px|false|false\u00a0\u00bb global_colors_info=\u00a0\u00bb{}\u00a0\u00bb][et_pb_row column_structure=\u00a0\u00bb1_2,1_2&Prime; use_custom_gutter=\u00a0\u00bbon\u00a0\u00bb make_equal=\u00a0\u00bbon\u00a0\u00bb _builder_version=\u00a0\u00bb4.16&Prime; global_colors_info=\u00a0\u00bb{}\u00a0\u00bb][et_pb_column type=\u00a0\u00bb1_2&Prime; _builder_version=\u00a0\u00bb4.16&Prime; custom_padding=\u00a0\u00bb|||\u00a0\u00bb global_colors_info=\u00a0\u00bb{}\u00a0\u00bb custom_padding__hover=\u00a0\u00bb|||\u00a0\u00bb][et_pb_text _builder_version=\u00a0\u00bb4.27.0&Prime; text_font=\u00a0\u00bb||||||||\u00a0\u00bb text_line_height=\u00a0\u00bb2em\u00a0\u00bb header_font=\u00a0\u00bb||||||||\u00a0\u00bb header_text_color=\u00a0\u00bb#FFFFFF\u00a0\u00bb header_2_font=\u00a0\u00bb|700|||||||\u00a0\u00bb header_2_text_color=\u00a0\u00bb#FFFFFF\u00a0\u00bb header_2_font_size=\u00a0\u00bb42px\u00a0\u00bb header_2_line_height=\u00a0\u00bb1.2em\u00a0\u00bb header_3_text_color=\u00a0\u00bb#FFFFFF\u00a0\u00bb header_5_text_color=\u00a0\u00bb#FFFFFF\u00a0\u00bb header_6_font=\u00a0\u00bb|700||on|||||\u00a0\u00bb header_6_text_color=\u00a0\u00bb#FFFFFF\u00a0\u00bb header_6_font_size=\u00a0\u00bb16px\u00a0\u00bb header_6_letter_spacing=\u00a0\u00bb5px\u00a0\u00bb header_6_line_height=\u00a0\u00bb1.8em\u00a0\u00bb background_layout=\u00a0\u00bbdark\u00a0\u00bb max_width_tablet=\u00a0\u00bb\u00a0\u00bb max_width_phone=\u00a0\u00bb\u00a0\u00bb max_width_last_edited=\u00a0\u00bbon|desktop\u00a0\u00bb header_2_font_size_tablet=\u00a0\u00bb35px\u00a0\u00bb header_2_font_size_phone=\u00a0\u00bb22px\u00a0\u00bb header_2_font_size_last_edited=\u00a0\u00bbon|phone\u00a0\u00bb locked=\u00a0\u00bboff\u00a0\u00bb global_colors_info=\u00a0\u00bb{}\u00a0\u00bb]<\/p>\n<h6><span>Bienvenue \u00e0 bord !<\/span><\/h6>\n<h2><span>Votre yacht Linssen vous attend !<\/span><\/h2>\n<h5><span>de 2 \u00e0 8 personnes<\/span><\/h5>\n<p><span> <\/span><\/p>\n<h3><span><strong>\u00c0 partir de 1<em>.995,00 \u20ac<\/em> pour 1 semaine<\/strong><\/span><\/h3>\n<p>[\/et_pb_text][\/et_pb_column][et_pb_column type=\u00a0\u00bb1_2&Prime; _builder_version=\u00a0\u00bb4.16&Prime; custom_padding=\u00a0\u00bb|||\u00a0\u00bb custom_padding_tablet=\u00a0\u00bb0px||0px||true\u00a0\u00bb global_colors_info=\u00a0\u00bb{}\u00a0\u00bb padding_tablet=\u00a0\u00bb0px||0px||true\u00a0\u00bb custom_padding__hover=\u00a0\u00bb|||\u00a0\u00bb][et_pb_button button_url=\u00a0\u00bb@ET-DC@eyJkeW5hbWljIjp0cnVlLCJjb250ZW50IjoicG9zdF9saW5rX3VybF9wYWdlIiwic2V0dGluZ3MiOnsicG9zdF9pZCI6Ijg3OCJ9fQ==@\u00a0\u00bb button_text=\u00a0\u00bbLinssen Yacht buchen\u00a0\u00bb button_alignment=\u00a0\u00bbright\u00a0\u00bb _builder_version=\u00a0\u00bb4.19.4&Prime; _dynamic_attributes=\u00a0\u00bbbutton_url\u00a0\u00bb custom_button=\u00a0\u00bbon\u00a0\u00bb button_text_color=\u00a0\u00bb#FFFFFF\u00a0\u00bb button_bg_color=\u00a0\u00bb#1A0052&Prime; button_border_width=\u00a0\u00bb10px\u00a0\u00bb button_border_color=\u00a0\u00bb#1A0052&Prime; button_border_radius=\u00a0\u00bb0px\u00a0\u00bb button_font=\u00a0\u00bb|700|||||||\u00a0\u00bb button_border_radius_hover=\u00a0\u00bb0px\u00a0\u00bb locked=\u00a0\u00bboff\u00a0\u00bb global_colors_info=\u00a0\u00bb{}\u00a0\u00bb button_text_size__hover_enabled=\u00a0\u00bboff\u00a0\u00bb button_one_text_size__hover_enabled=\u00a0\u00bboff\u00a0\u00bb button_two_text_size__hover_enabled=\u00a0\u00bboff\u00a0\u00bb button_text_color__hover_enabled=\u00a0\u00bboff\u00a0\u00bb button_one_text_color__hover_enabled=\u00a0\u00bboff\u00a0\u00bb button_two_text_color__hover_enabled=\u00a0\u00bboff\u00a0\u00bb button_border_width__hover_enabled=\u00a0\u00bboff|desktop\u00a0\u00bb button_one_border_width__hover_enabled=\u00a0\u00bboff\u00a0\u00bb button_two_border_width__hover_enabled=\u00a0\u00bboff\u00a0\u00bb button_border_color__hover_enabled=\u00a0\u00bbon|hover\u00a0\u00bb button_one_border_color__hover_enabled=\u00a0\u00bboff\u00a0\u00bb button_two_border_color__hover_enabled=\u00a0\u00bboff\u00a0\u00bb button_border_radius__hover_enabled=\u00a0\u00bbon\u00a0\u00bb button_border_radius__hover=\u00a0\u00bb0px\u00a0\u00bb button_one_border_radius__hover_enabled=\u00a0\u00bboff\u00a0\u00bb button_two_border_radius__hover_enabled=\u00a0\u00bboff\u00a0\u00bb button_letter_spacing__hover_enabled=\u00a0\u00bboff\u00a0\u00bb button_one_letter_spacing__hover_enabled=\u00a0\u00bboff\u00a0\u00bb button_two_letter_spacing__hover_enabled=\u00a0\u00bboff\u00a0\u00bb button_bg_color__hover_enabled=\u00a0\u00bboff|desktop\u00a0\u00bb button_one_bg_color__hover_enabled=\u00a0\u00bboff\u00a0\u00bb button_two_bg_color__hover_enabled=\u00a0\u00bboff\u00a0\u00bb button_border_color__hover=\u00a0\u00bb#1A0052&Prime;][\/et_pb_button][\/et_pb_column][\/et_pb_row][\/et_pb_section][et_pb_section fb_built=\u00a0\u00bb1&Prime; admin_label=\u00a0\u00bbContact Info\u00a0\u00bb _builder_version=\u00a0\u00bb4.16&Prime; background_color=\u00a0\u00bb#ffffff\u00a0\u00bb max_width=\u00a0\u00bb90%\u00a0\u00bb max_width_tablet=\u00a0\u00bb\u00a0\u00bb max_width_phone=\u00a0\u00bb100%\u00a0\u00bb max_width_last_edited=\u00a0\u00bbon|phone\u00a0\u00bb custom_margin=\u00a0\u00bb-160px|||\u00a0\u00bb border_color_all=\u00a0\u00bb#ffffff\u00a0\u00bb border_width_left=\u00a0\u00bb10vw\u00a0\u00bb global_colors_info=\u00a0\u00bb{}\u00a0\u00bb][et_pb_row column_structure=\u00a0\u00bb1_3,1_3,1_3&Prime; _builder_version=\u00a0\u00bb4.19.4&Prime; width=\u00a0\u00bb90%\u00a0\u00bb max_width=\u00a0\u00bb1921px\u00a0\u00bb custom_width_px=\u00a0\u00bb800px\u00a0\u00bb locked=\u00a0\u00bboff\u00a0\u00bb global_colors_info=\u00a0\u00bb{}\u00a0\u00bb][et_pb_column type=\u00a0\u00bb1_3&Prime; _builder_version=\u00a0\u00bb4.16&Prime; custom_padding=\u00a0\u00bb|||\u00a0\u00bb global_colors_info=\u00a0\u00bb{}\u00a0\u00bb custom_padding__hover=\u00a0\u00bb|||\u00a0\u00bb][et_pb_blurb title=\u00a0\u00bb+49 26 32 96 55 90&Prime; use_icon=\u00a0\u00bbon\u00a0\u00bb font_icon=\u00a0\u00bb\ue090||divi||400&Prime; icon_placement=\u00a0\u00bbleft\u00a0\u00bb image_icon_width=\u00a0\u00bb24px\u00a0\u00bb _builder_version=\u00a0\u00bb4.22.2&Prime; header_level=\u00a0\u00bbh5&Prime; header_font=\u00a0\u00bbPoppins||||||||\u00a0\u00bb header_text_color=\u00a0\u00bb#000000&Prime; header_line_height=\u00a0\u00bb1.4em\u00a0\u00bb icon_font_size=\u00a0\u00bb24px\u00a0\u00bb global_colors_info=\u00a0\u00bb{}\u00a0\u00bb][\/et_pb_blurb][\/et_pb_column][et_pb_column type=\u00a0\u00bb1_3&Prime; _builder_version=\u00a0\u00bb4.16&Prime; custom_padding=\u00a0\u00bb|||\u00a0\u00bb global_colors_info=\u00a0\u00bb{}\u00a0\u00bb custom_padding__hover=\u00a0\u00bb|||\u00a0\u00bb][et_pb_blurb title=\u00a0\u00bbDelphin Tec Schiffstechnik GmbH\u00a0\u00bb use_icon=\u00a0\u00bbon\u00a0\u00bb font_icon=\u00a0\u00bb\ue081||divi||400&Prime; icon_placement=\u00a0\u00bbleft\u00a0\u00bb image_icon_width=\u00a0\u00bb24px\u00a0\u00bb _builder_version=\u00a0\u00bb4.25.0&Prime; header_level=\u00a0\u00bbh5&Prime; header_font=\u00a0\u00bb||||||||\u00a0\u00bb header_text_color=\u00a0\u00bb#000000&Prime; header_line_height=\u00a0\u00bb1.4em\u00a0\u00bb link_option_url_new_window=\u00a0\u00bbon\u00a0\u00bb icon_font_size=\u00a0\u00bb24px\u00a0\u00bb global_module=\u00a0\u00bb4949&Prime; saved_tabs=\u00a0\u00bball\u00a0\u00bb global_colors_info=\u00a0\u00bb{}\u00a0\u00bb]<\/p>\n<p><span>Saarwiesenring 12a \/ <\/span><span>Port de plaisance (parking du port) &#8211; <\/span><span>66663 Merzig<\/span><\/p>\n<p>[\/et_pb_blurb][\/et_pb_column][et_pb_column type=\u00a0\u00bb1_3&Prime; _builder_version=\u00a0\u00bb4.16&Prime; custom_padding=\u00a0\u00bb|||\u00a0\u00bb global_colors_info=\u00a0\u00bb{}\u00a0\u00bb custom_padding__hover=\u00a0\u00bb|||\u00a0\u00bb][et_pb_blurb title=\u00a0\u00bbinfo@yachtcharter-holiday-tours.de\u00a0\u00bb url=\u00a0\u00bbmailto:info@yachtcharter-holiday-tours.de\u00a0\u00bb url_new_window=\u00a0\u00bbon\u00a0\u00bb use_icon=\u00a0\u00bbon\u00a0\u00bb font_icon=\u00a0\u00bb\ue076||divi||400&Prime; icon_placement=\u00a0\u00bbleft\u00a0\u00bb image_icon_width=\u00a0\u00bb24px\u00a0\u00bb _builder_version=\u00a0\u00bb4.23&Prime; header_level=\u00a0\u00bbh5&Prime; header_font=\u00a0\u00bbPoppins||||||||\u00a0\u00bb header_text_color=\u00a0\u00bb#000000&Prime; header_line_height=\u00a0\u00bb1.4em\u00a0\u00bb link_option_url=\u00a0\u00bbmailto:info@yachtcharter-holiday-tours.de\u00a0\u00bb link_option_url_new_window=\u00a0\u00bbon\u00a0\u00bb icon_font_size=\u00a0\u00bb24px\u00a0\u00bb global_colors_info=\u00a0\u00bb{}\u00a0\u00bb][\/et_pb_blurb][\/et_pb_column][\/et_pb_row][\/et_pb_section]<\/p>\n","protected":false},"excerpt":{"rendered":"<p>R\u00e9gion des trois pays : Allemagne, France et Luxembourg Zone de navigation Plus de 2000 kilom\u00e8tres de rivi\u00e8re vous attendent au c\u0153ur de l&rsquo;EuropeD\u00e9couvrir le territoire Yachthafen Merzig : Base des yachts LinssenEn bateau sur la Sarre et la Moselle &#8211; de Merzig \u00e0 Tr\u00e8ves | Partie 1 | Vacances en bateau en AllemagneEn bateau sur la Sarre et la Moselle &#8211; de Tr\u00e8ves (Konz) \u00e0 Remich &amp; Schwebsange (Luxembourg) | Partie 2 | Vacances en bateau en AllemagneEn bateau sur la Sarre et la Moselle &#8211; Grevenmacher &#8211; Mettlach &#8211; Boucle de la Sarre | Partie 3 | Vacances en bateau en AllemagneSpacieux, moderne et central &#8211; point de d\u00e9part id\u00e9al Notre port d&rsquo;attache est situ\u00e9 au c\u0153ur du paysage idyllique de la Sarre. En aval, vous avez un acc\u00e8s romantique et rapide \u00e0 la Moselle. En amont, vous avez la connexion avec le syst\u00e8me de canaux fran\u00e7ais. L&rsquo;acc\u00e8s en voiture est facile et confortable. Le port est situ\u00e9 directement \u00e0 la sortie Merzig de l&rsquo;autoroute A8. La gare de Merzig n&rsquo;est qu&rsquo;\u00e0 1 km. Depuis le port de plaisance de Merzig sur la Sarre(Yachthafen Merzig), il est possible de faire des croisi\u00e8res, des croisi\u00e8res aller-simple, des croisi\u00e8res \u00e0 [&hellip;]<\/p>\n","protected":false},"author":1,"featured_media":0,"parent":0,"menu_order":0,"comment_status":"closed","ping_status":"closed","template":"","meta":{"_et_pb_use_builder":"on","_et_pb_old_content":"","_et_gb_content_width":"","footnotes":""},"class_list":["post-2458","page","type-page","status-publish","hentry"],"_links":{"self":[{"href":"https:\/\/yachtcharter-holiday-tours.de\/fr\/wp-json\/wp\/v2\/pages\/2458","targetHints":{"allow":["GET"]}}],"collection":[{"href":"https:\/\/yachtcharter-holiday-tours.de\/fr\/wp-json\/wp\/v2\/pages"}],"about":[{"href":"https:\/\/yachtcharter-holiday-tours.de\/fr\/wp-json\/wp\/v2\/types\/page"}],"author":[{"embeddable":true,"href":"https:\/\/yachtcharter-holiday-tours.de\/fr\/wp-json\/wp\/v2\/users\/1"}],"replies":[{"embeddable":true,"href":"https:\/\/yachtcharter-holiday-tours.de\/fr\/wp-json\/wp\/v2\/comments?post=2458"}],"version-history":[{"count":40,"href":"https:\/\/yachtcharter-holiday-tours.de\/fr\/wp-json\/wp\/v2\/pages\/2458\/revisions"}],"predecessor-version":[{"id":7797,"href":"https:\/\/yachtcharter-holiday-tours.de\/fr\/wp-json\/wp\/v2\/pages\/2458\/revisions\/7797"}],"wp:attachment":[{"href":"https:\/\/yachtcharter-holiday-tours.de\/fr\/wp-json\/wp\/v2\/media?parent=2458"}],"curies":[{"name":"wp","href":"https:\/\/api.w.org\/{rel}","templated":true}]}}