{"id":4691,"date":"2023-10-22T20:18:24","date_gmt":"2023-10-22T20:18:24","guid":{"rendered":"https:\/\/yachtcharter-holiday-tours.de\/style-de-vie\/"},"modified":"2025-05-20T11:53:10","modified_gmt":"2025-05-20T11:53:10","slug":"style-de-vie","status":"publish","type":"page","link":"https:\/\/yachtcharter-holiday-tours.de\/fr\/style-de-vie\/","title":{"rendered":"Style de vie"},"content":{"rendered":"<p>[et_pb_section fb_built=\u00a0\u00bb1&Prime; admin_label=\u00a0\u00bbHeader\u00a0\u00bb _builder_version=\u00a0\u00bb4.20.2&Prime; use_background_color_gradient=\u00a0\u00bbon\u00a0\u00bb background_color_gradient_type=\u00a0\u00bbcircular\u00a0\u00bb background_color_gradient_direction_radial=\u00a0\u00bbtop left\u00a0\u00bb background_color_gradient_stops=\u00a0\u00bbrgba(255,255,255,0.89) 30%|rgba(255,255,255,0) 80%\u00a0\u00bb background_color_gradient_overlays_image=\u00a0\u00bbon\u00a0\u00bb background_color_gradient_start=\u00a0\u00bbrgba(255,255,255,0.89)\u00a0\u00bb background_color_gradient_start_position=\u00a0\u00bb30%\u00a0\u00bb background_color_gradient_end=\u00a0\u00bbrgba(255,255,255,0)\u00a0\u00bb background_color_gradient_end_position=\u00a0\u00bb80%\u00a0\u00bb background_image=\u00a0\u00bbhttps:\/\/yachtcharter-holiday-tours.de\/wp-content\/uploads\/2023\/10\/Lifestyle-Titelbild.jpeg\u00a0\u00bb background_enable_video_mp4=\u00a0\u00bboff\u00a0\u00bb background_enable_video_webm=\u00a0\u00bboff\u00a0\u00bb background_video_width=\u00a0\u00bb1920&Prime; background_video_height=\u00a0\u00bb1280&Prime; custom_padding=\u00a0\u00bb12vw|0px|0|0px|false|false\u00a0\u00bb hover_transition_duration=\u00a0\u00bb0ms\u00a0\u00bb hover_transition_duration_tablet=\u00a0\u00bb0ms\u00a0\u00bb hover_transition_duration_phone=\u00a0\u00bb0ms\u00a0\u00bb hover_transition_duration_last_edited=\u00a0\u00bbon|tablet\u00a0\u00bb global_colors_info=\u00a0\u00bb{}\u00a0\u00bb][et_pb_row _builder_version=\u00a0\u00bb4.16&Prime; custom_margin=\u00a0\u00bb|||\u00a0\u00bb global_colors_info=\u00a0\u00bb{}\u00a0\u00bb][et_pb_column type=\u00a0\u00bb4_4&Prime; _builder_version=\u00a0\u00bb4.16&Prime; custom_padding=\u00a0\u00bb|||\u00a0\u00bb global_colors_info=\u00a0\u00bb{}\u00a0\u00bb custom_padding__hover=\u00a0\u00bb|||\u00a0\u00bb][et_pb_text _builder_version=\u00a0\u00bb4.23&Prime; text_font=\u00a0\u00bb||||||||\u00a0\u00bb header_font=\u00a0\u00bbPoppins|700|||||||\u00a0\u00bb header_text_color=\u00a0\u00bb#000000&Prime; header_font_size=\u00a0\u00bb80px\u00a0\u00bb header_line_height=\u00a0\u00bb1.2em\u00a0\u00bb header_5_font=\u00a0\u00bbPoppins|500||on|||||\u00a0\u00bb header_5_text_color=\u00a0\u00bb#000000&Prime; header_5_font_size=\u00a0\u00bb20px\u00a0\u00bb header_5_letter_spacing=\u00a0\u00bb0.5em\u00a0\u00bb header_5_line_height=\u00a0\u00bb1.8em\u00a0\u00bb header_font_size_tablet=\u00a0\u00bb48px\u00a0\u00bb header_font_size_phone=\u00a0\u00bb32px\u00a0\u00bb header_font_size_last_edited=\u00a0\u00bbon|phone\u00a0\u00bb header_5_font_size_tablet=\u00a0\u00bb14px\u00a0\u00bb header_5_font_size_phone=\u00a0\u00bb12px\u00a0\u00bb header_5_font_size_last_edited=\u00a0\u00bbon|desktop\u00a0\u00bb global_colors_info=\u00a0\u00bb{}\u00a0\u00bb]<\/p>\n<h5><strong><em>Vacances de luxe sur l&rsquo;eau<\/em><\/strong><\/h5>\n<h1>Style de vie<\/h1>\n<h5>Pour que vos vacances soient encore plus inoubliables&#8230;<\/h5>\n<p>[\/et_pb_text][\/et_pb_column][\/et_pb_row][et_pb_row column_structure=\u00a0\u00bb1_6,1_6,1_6,1_6,1_6,1_6&Prime; use_custom_gutter=\u00a0\u00bbon\u00a0\u00bb make_equal=\u00a0\u00bbon\u00a0\u00bb custom_padding_last_edited=\u00a0\u00bbon|desktop\u00a0\u00bb disabled_on=\u00a0\u00bbon|on|off\u00a0\u00bb _builder_version=\u00a0\u00bb4.20.2&Prime; background_color=\u00a0\u00bb#ffffff\u00a0\u00bb width=\u00a0\u00bb85%\u00a0\u00bb max_width=\u00a0\u00bb90%\u00a0\u00bb module_alignment=\u00a0\u00bbleft\u00a0\u00bb custom_margin=\u00a0\u00bb12vw||||false\u00a0\u00bb custom_padding=\u00a0\u00bb0|0px|0px|4vw|false|false\u00a0\u00bb custom_padding_tablet=\u00a0\u00bb|||10vw\u00a0\u00bb custom_padding_phone=\u00a0\u00bb\u00a0\u00bb animation_direction=\u00a0\u00bbleft\u00a0\u00bb use_custom_width=\u00a0\u00bbon\u00a0\u00bb width_unit=\u00a0\u00bboff\u00a0\u00bb custom_width_percent=\u00a0\u00bb90%\u00a0\u00bb locked=\u00a0\u00bboff\u00a0\u00bb global_colors_info=\u00a0\u00bb{}\u00a0\u00bb][et_pb_column type=\u00a0\u00bb1_6&Prime; _builder_version=\u00a0\u00bb4.18.0&Prime; custom_padding=\u00a0\u00bb74px|||\u00a0\u00bb custom_padding_tablet=\u00a0\u00bb40px|||\u00a0\u00bb custom_padding_phone=\u00a0\u00bb20px|||\u00a0\u00bb custom_padding_last_edited=\u00a0\u00bboff|desktop\u00a0\u00bb global_colors_info=\u00a0\u00bb{}\u00a0\u00bb padding_phone=\u00a0\u00bb20px|||\u00a0\u00bb padding_tablet=\u00a0\u00bb40px|||\u00a0\u00bb padding_last_edited=\u00a0\u00bboff|desktop\u00a0\u00bb custom_padding__hover=\u00a0\u00bb|||\u00a0\u00bb][et_pb_blurb title=\u00a0\u00bbS\u00e9ance photo\u00a0\u00bb use_icon=\u00a0\u00bbon\u00a0\u00bb font_icon=\u00a0\u00bbmt|camera_alt|\ue3b0||fa||400&Prime; icon_placement=\u00a0\u00bbleft\u00a0\u00bb image_icon_width=\u00a0\u00bb24px\u00a0\u00bb _builder_version=\u00a0\u00bb4.20.2&Prime; header_level=\u00a0\u00bbh5&Prime; header_font=\u00a0\u00bbPoppins||||||||\u00a0\u00bb header_line_height=\u00a0\u00bb1.4em\u00a0\u00bb animation=\u00a0\u00bboff\u00a0\u00bb icon_font_size=\u00a0\u00bb24px\u00a0\u00bb global_colors_info=\u00a0\u00bb{}\u00a0\u00bb][\/et_pb_blurb][\/et_pb_column][et_pb_column type=\u00a0\u00bb1_6&Prime; _builder_version=\u00a0\u00bb4.18.0&Prime; _module_preset=\u00a0\u00bbdefault\u00a0\u00bb custom_padding=\u00a0\u00bb74px||||false|false\u00a0\u00bb global_colors_info=\u00a0\u00bb{}\u00a0\u00bb][et_pb_blurb title=\u00a0\u00bbBeaut\u00e9\u00a0\u00bb use_icon=\u00a0\u00bbon\u00a0\u00bb font_icon=\u00a0\u00bb\uf4be||fa||900&Prime; icon_placement=\u00a0\u00bbleft\u00a0\u00bb image_icon_width=\u00a0\u00bb24px\u00a0\u00bb _builder_version=\u00a0\u00bb4.20.2&Prime; header_level=\u00a0\u00bbh5&Prime; header_font=\u00a0\u00bbPoppins||||||||\u00a0\u00bb header_line_height=\u00a0\u00bb1.4em\u00a0\u00bb animation=\u00a0\u00bboff\u00a0\u00bb icon_font_size=\u00a0\u00bb24px\u00a0\u00bb global_colors_info=\u00a0\u00bb{}\u00a0\u00bb][\/et_pb_blurb][\/et_pb_column][et_pb_column type=\u00a0\u00bb1_6&Prime; _builder_version=\u00a0\u00bb4.17.3&Prime; custom_padding=\u00a0\u00bb74px|||\u00a0\u00bb custom_padding_tablet=\u00a0\u00bb40px|||\u00a0\u00bb custom_padding_phone=\u00a0\u00bb20px|||\u00a0\u00bb custom_padding_last_edited=\u00a0\u00bboff|desktop\u00a0\u00bb global_colors_info=\u00a0\u00bb{}\u00a0\u00bb padding_phone=\u00a0\u00bb20px|||\u00a0\u00bb padding_tablet=\u00a0\u00bb40px|||\u00a0\u00bb padding_last_edited=\u00a0\u00bboff|desktop\u00a0\u00bb custom_padding__hover=\u00a0\u00bb|||\u00a0\u00bb][et_pb_blurb title=\u00a0\u00bbFormation personnelle\u00a0\u00bb use_icon=\u00a0\u00bbon\u00a0\u00bb font_icon=\u00a0\u00bb\uf21d||fa||900&Prime; icon_placement=\u00a0\u00bbleft\u00a0\u00bb image_icon_width=\u00a0\u00bb24px\u00a0\u00bb _builder_version=\u00a0\u00bb4.23&Prime; header_level=\u00a0\u00bbh5&Prime; header_font=\u00a0\u00bbPoppins||||||||\u00a0\u00bb header_line_height=\u00a0\u00bb1.4em\u00a0\u00bb animation=\u00a0\u00bboff\u00a0\u00bb icon_font_size=\u00a0\u00bb24px\u00a0\u00bb global_colors_info=\u00a0\u00bb{}\u00a0\u00bb][\/et_pb_blurb][\/et_pb_column][et_pb_column type=\u00a0\u00bb1_6&Prime; _builder_version=\u00a0\u00bb4.17.3&Prime; _module_preset=\u00a0\u00bbdefault\u00a0\u00bb custom_padding=\u00a0\u00bb74px||||false|false\u00a0\u00bb global_colors_info=\u00a0\u00bb{}\u00a0\u00bb][et_pb_blurb title=\u00a0\u00bbNature + Sant\u00e9\u00a0\u00bb use_icon=\u00a0\u00bbon\u00a0\u00bb font_icon=\u00a0\u00bb\uf5bb||fa||900&Prime; icon_placement=\u00a0\u00bbleft\u00a0\u00bb image_icon_width=\u00a0\u00bb24px\u00a0\u00bb _builder_version=\u00a0\u00bb4.20.2&Prime; header_level=\u00a0\u00bbh5&Prime; header_font=\u00a0\u00bbPoppins||||||||\u00a0\u00bb header_line_height=\u00a0\u00bb1.4em\u00a0\u00bb animation=\u00a0\u00bboff\u00a0\u00bb icon_font_size=\u00a0\u00bb24px\u00a0\u00bb global_colors_info=\u00a0\u00bb{}\u00a0\u00bb][\/et_pb_blurb][\/et_pb_column][et_pb_column type=\u00a0\u00bb1_6&Prime; _builder_version=\u00a0\u00bb4.17.3&Prime; _module_preset=\u00a0\u00bbdefault\u00a0\u00bb custom_padding=\u00a0\u00bb74px||||false|false\u00a0\u00bb global_colors_info=\u00a0\u00bb{}\u00a0\u00bb][et_pb_blurb title=\u00a0\u00bbCulture du vin\u00a0\u00bb use_icon=\u00a0\u00bbon\u00a0\u00bb font_icon=\u00a0\u00bb\uf5ce||fa||900&Prime; icon_placement=\u00a0\u00bbleft\u00a0\u00bb image_icon_width=\u00a0\u00bb24px\u00a0\u00bb _builder_version=\u00a0\u00bb4.23&Prime; header_level=\u00a0\u00bbh5&Prime; header_font=\u00a0\u00bbPoppins||||||||\u00a0\u00bb header_line_height=\u00a0\u00bb1.4em\u00a0\u00bb animation=\u00a0\u00bboff\u00a0\u00bb icon_font_size=\u00a0\u00bb24px\u00a0\u00bb global_colors_info=\u00a0\u00bb{}\u00a0\u00bb][\/et_pb_blurb][\/et_pb_column][et_pb_column type=\u00a0\u00bb1_6&Prime; _builder_version=\u00a0\u00bb4.17.3&Prime; _module_preset=\u00a0\u00bbdefault\u00a0\u00bb custom_padding=\u00a0\u00bb74px||||false|false\u00a0\u00bb global_colors_info=\u00a0\u00bb{}\u00a0\u00bb][et_pb_blurb title=\u00a0\u00bbCulture du gin\u00a0\u00bb use_icon=\u00a0\u00bbon\u00a0\u00bb font_icon=\u00a0\u00bb\uf7a0||fa||900&Prime; icon_placement=\u00a0\u00bbleft\u00a0\u00bb image_icon_width=\u00a0\u00bb24px\u00a0\u00bb _builder_version=\u00a0\u00bb4.23&Prime; header_level=\u00a0\u00bbh5&Prime; header_font=\u00a0\u00bbPoppins||||||||\u00a0\u00bb header_line_height=\u00a0\u00bb1.4em\u00a0\u00bb animation=\u00a0\u00bboff\u00a0\u00bb icon_font_size=\u00a0\u00bb24px\u00a0\u00bb global_colors_info=\u00a0\u00bb{}\u00a0\u00bb][\/et_pb_blurb][\/et_pb_column][\/et_pb_row][\/et_pb_section][et_pb_section fb_built=\u00a0\u00bb1&Prime; _builder_version=\u00a0\u00bb4.20.2&Prime; width=\u00a0\u00bb100%\u00a0\u00bb max_width=\u00a0\u00bb100%\u00a0\u00bb max_width_tablet=\u00a0\u00bb100%\u00a0\u00bb max_width_phone=\u00a0\u00bb100%\u00a0\u00bb max_width_last_edited=\u00a0\u00bbon|phone\u00a0\u00bb module_alignment=\u00a0\u00bbcenter\u00a0\u00bb custom_padding=\u00a0\u00bb0px||||false|false\u00a0\u00bb collapsed=\u00a0\u00bboff\u00a0\u00bb global_colors_info=\u00a0\u00bb{}\u00a0\u00bb][et_pb_row column_structure=\u00a0\u00bb1_6,1_6,1_6,1_6,1_6,1_6&Prime; disabled_on=\u00a0\u00bboff|off|on\u00a0\u00bb _builder_version=\u00a0\u00bb4.20.2&Prime; _module_preset=\u00a0\u00bbdefault\u00a0\u00bb global_colors_info=\u00a0\u00bb{}\u00a0\u00bb][et_pb_column type=\u00a0\u00bb1_6&Prime; _builder_version=\u00a0\u00bb4.16&Prime; _module_preset=\u00a0\u00bbdefault\u00a0\u00bb global_colors_info=\u00a0\u00bb{}\u00a0\u00bb][et_pb_blurb title=\u00a0\u00bbS\u00e9ance photo\u00a0\u00bb use_icon=\u00a0\u00bbon\u00a0\u00bb font_icon=\u00a0\u00bbmt|camera_alt|\ue3b0||fa||400&Prime; icon_placement=\u00a0\u00bbleft\u00a0\u00bb image_icon_width=\u00a0\u00bb24px\u00a0\u00bb _builder_version=\u00a0\u00bb4.20.2&Prime; header_level=\u00a0\u00bbh5&Prime; header_font=\u00a0\u00bbPoppins||||||||\u00a0\u00bb header_line_height=\u00a0\u00bb1.4em\u00a0\u00bb animation=\u00a0\u00bboff\u00a0\u00bb icon_font_size=\u00a0\u00bb24px\u00a0\u00bb global_colors_info=\u00a0\u00bb{}\u00a0\u00bb][\/et_pb_blurb][\/et_pb_column][et_pb_column type=\u00a0\u00bb1_6&Prime; _builder_version=\u00a0\u00bb4.16&Prime; _module_preset=\u00a0\u00bbdefault\u00a0\u00bb global_colors_info=\u00a0\u00bb{}\u00a0\u00bb][et_pb_blurb title=\u00a0\u00bbBeaut\u00e9\u00a0\u00bb use_icon=\u00a0\u00bbon\u00a0\u00bb font_icon=\u00a0\u00bb\uf4be||fa||900&Prime; icon_placement=\u00a0\u00bbleft\u00a0\u00bb image_icon_width=\u00a0\u00bb24px\u00a0\u00bb _builder_version=\u00a0\u00bb4.20.2&Prime; header_level=\u00a0\u00bbh5&Prime; header_font=\u00a0\u00bbPoppins||||||||\u00a0\u00bb header_line_height=\u00a0\u00bb1.4em\u00a0\u00bb animation=\u00a0\u00bboff\u00a0\u00bb icon_font_size=\u00a0\u00bb24px\u00a0\u00bb global_colors_info=\u00a0\u00bb{}\u00a0\u00bb][\/et_pb_blurb][\/et_pb_column][et_pb_column type=\u00a0\u00bb1_6&Prime; _builder_version=\u00a0\u00bb4.16&Prime; _module_preset=\u00a0\u00bbdefault\u00a0\u00bb global_colors_info=\u00a0\u00bb{}\u00a0\u00bb][et_pb_blurb title=\u00a0\u00bbFormation personnelle\u00a0\u00bb use_icon=\u00a0\u00bbon\u00a0\u00bb font_icon=\u00a0\u00bb\uf21d||fa||900&Prime; icon_placement=\u00a0\u00bbleft\u00a0\u00bb image_icon_width=\u00a0\u00bb24px\u00a0\u00bb _builder_version=\u00a0\u00bb4.23&Prime; header_level=\u00a0\u00bbh5&Prime; header_font=\u00a0\u00bbPoppins||||||||\u00a0\u00bb header_line_height=\u00a0\u00bb1.4em\u00a0\u00bb animation=\u00a0\u00bboff\u00a0\u00bb icon_font_size=\u00a0\u00bb24px\u00a0\u00bb global_colors_info=\u00a0\u00bb{}\u00a0\u00bb][\/et_pb_blurb][\/et_pb_column][et_pb_column type=\u00a0\u00bb1_6&Prime; _builder_version=\u00a0\u00bb4.16&Prime; _module_preset=\u00a0\u00bbdefault\u00a0\u00bb global_colors_info=\u00a0\u00bb{}\u00a0\u00bb][et_pb_blurb title=\u00a0\u00bbNature + Sant\u00e9\u00a0\u00bb use_icon=\u00a0\u00bbon\u00a0\u00bb font_icon=\u00a0\u00bb\uf5bb||fa||900&Prime; icon_placement=\u00a0\u00bbleft\u00a0\u00bb image_icon_width=\u00a0\u00bb24px\u00a0\u00bb _builder_version=\u00a0\u00bb4.20.2&Prime; header_level=\u00a0\u00bbh5&Prime; header_font=\u00a0\u00bbPoppins||||||||\u00a0\u00bb header_line_height=\u00a0\u00bb1.4em\u00a0\u00bb animation=\u00a0\u00bboff\u00a0\u00bb icon_font_size=\u00a0\u00bb24px\u00a0\u00bb global_colors_info=\u00a0\u00bb{}\u00a0\u00bb][\/et_pb_blurb][\/et_pb_column][et_pb_column type=\u00a0\u00bb1_6&Prime; _builder_version=\u00a0\u00bb4.20.4&Prime; _module_preset=\u00a0\u00bbdefault\u00a0\u00bb global_colors_info=\u00a0\u00bb{}\u00a0\u00bb][et_pb_blurb title=\u00a0\u00bbCulture du vin\u00a0\u00bb use_icon=\u00a0\u00bbon\u00a0\u00bb font_icon=\u00a0\u00bb\uf5ce||fa||900&Prime; icon_placement=\u00a0\u00bbleft\u00a0\u00bb image_icon_width=\u00a0\u00bb24px\u00a0\u00bb _builder_version=\u00a0\u00bb4.23&Prime; header_level=\u00a0\u00bbh5&Prime; header_font=\u00a0\u00bbPoppins||||||||\u00a0\u00bb header_line_height=\u00a0\u00bb1.4em\u00a0\u00bb animation=\u00a0\u00bboff\u00a0\u00bb icon_font_size=\u00a0\u00bb24px\u00a0\u00bb global_colors_info=\u00a0\u00bb{}\u00a0\u00bb][\/et_pb_blurb][\/et_pb_column][et_pb_column type=\u00a0\u00bb1_6&Prime; _builder_version=\u00a0\u00bb4.20.4&Prime; _module_preset=\u00a0\u00bbdefault\u00a0\u00bb global_colors_info=\u00a0\u00bb{}\u00a0\u00bb][et_pb_blurb title=\u00a0\u00bbCulture du gin\u00a0\u00bb use_icon=\u00a0\u00bbon\u00a0\u00bb font_icon=\u00a0\u00bb\uf7a0||fa||900&Prime; icon_placement=\u00a0\u00bbleft\u00a0\u00bb image_icon_width=\u00a0\u00bb24px\u00a0\u00bb _builder_version=\u00a0\u00bb4.23&Prime; header_level=\u00a0\u00bbh5&Prime; header_font=\u00a0\u00bbPoppins||||||||\u00a0\u00bb header_line_height=\u00a0\u00bb1.4em\u00a0\u00bb animation=\u00a0\u00bboff\u00a0\u00bb icon_font_size=\u00a0\u00bb24px\u00a0\u00bb global_colors_info=\u00a0\u00bb{}\u00a0\u00bb][\/et_pb_blurb][\/et_pb_column][\/et_pb_row][et_pb_row _builder_version=\u00a0\u00bb4.17.6&Prime; _module_preset=\u00a0\u00bbdefault\u00a0\u00bb module_alignment=\u00a0\u00bbcenter\u00a0\u00bb custom_padding=\u00a0\u00bb||0px|||\u00a0\u00bb global_colors_info=\u00a0\u00bb{}\u00a0\u00bb][et_pb_column type=\u00a0\u00bb4_4&Prime; _builder_version=\u00a0\u00bb4.17.4&Prime; _module_preset=\u00a0\u00bbdefault\u00a0\u00bb global_colors_info=\u00a0\u00bb{}\u00a0\u00bb][et_pb_text _builder_version=\u00a0\u00bb4.20.2&Prime; text_font=\u00a0\u00bb||||||||\u00a0\u00bb text_line_height=\u00a0\u00bb2em\u00a0\u00bb header_font=\u00a0\u00bb||||||||\u00a0\u00bb header_2_font=\u00a0\u00bbPoppins|600|||||||\u00a0\u00bb header_2_text_align=\u00a0\u00bbleft\u00a0\u00bb header_2_font_size=\u00a0\u00bb50px\u00a0\u00bb header_2_line_height=\u00a0\u00bb1.4em\u00a0\u00bb header_6_font=\u00a0\u00bbPoppins|||on|||||\u00a0\u00bb header_6_font_size=\u00a0\u00bb16px\u00a0\u00bb header_6_letter_spacing=\u00a0\u00bb5px\u00a0\u00bb header_6_line_height=\u00a0\u00bb1.8em\u00a0\u00bb text_orientation=\u00a0\u00bbcenter\u00a0\u00bb module_alignment=\u00a0\u00bbleft\u00a0\u00bb custom_margin=\u00a0\u00bb||40px|||\u00a0\u00bb header_2_font_size_tablet=\u00a0\u00bb35px\u00a0\u00bb header_2_font_size_phone=\u00a0\u00bb25px\u00a0\u00bb header_2_font_size_last_edited=\u00a0\u00bbon|desktop\u00a0\u00bb global_colors_info=\u00a0\u00bb{}\u00a0\u00bb]<\/p>\n<h2 style=\"text-align: center;\">Offres lifestyle<\/h2>\n<p>[\/et_pb_text][\/et_pb_column][\/et_pb_row][et_pb_row _builder_version=\u00a0\u00bb4.20.2&Prime; _module_preset=\u00a0\u00bbdefault\u00a0\u00bb max_width=\u00a0\u00bb60%\u00a0\u00bb custom_margin=\u00a0\u00bb||50px||false|false\u00a0\u00bb global_colors_info=\u00a0\u00bb{}\u00a0\u00bb][et_pb_column type=\u00a0\u00bb4_4&Prime; _builder_version=\u00a0\u00bb4.17.4&Prime; _module_preset=\u00a0\u00bbdefault\u00a0\u00bb global_colors_info=\u00a0\u00bb{}\u00a0\u00bb][et_pb_text _builder_version=\u00a0\u00bb4.23&Prime; _module_preset=\u00a0\u00bbdefault\u00a0\u00bb header_5_text_color=\u00a0\u00bb#000000&Prime; header_5_font_size=\u00a0\u00bb17px\u00a0\u00bb header_5_line_height=\u00a0\u00bb1.4em\u00a0\u00bb global_colors_info=\u00a0\u00bb{}\u00a0\u00bb]<\/p>\n<h5 style=\"text-align: center;\"><span>Enrichissez votre croisi\u00e8re chez nous avec des offres lifestyle sp\u00e9cialement s\u00e9lectionn\u00e9es pour vous. En effet, cela rendra vos vacances encore plus pr\u00e9cieuses en termes de d\u00e9tente et d&rsquo;exp\u00e9rience. &#8211; Et s&rsquo;il vous manque quelque chose, contactez-nous et nous essaierons de le rendre possible pour vous.<\/span><\/h5>\n<p>[\/et_pb_text][\/et_pb_column][\/et_pb_row][et_pb_row column_structure=\u00a0\u00bb1_3,1_3,1_3&Prime; _builder_version=\u00a0\u00bb4.20.2&Prime; _module_preset=\u00a0\u00bbdefault\u00a0\u00bb width=\u00a0\u00bb90%\u00a0\u00bb max_width=\u00a0\u00bb80%\u00a0\u00bb global_colors_info=\u00a0\u00bb{}\u00a0\u00bb][et_pb_column type=\u00a0\u00bb1_3&Prime; _builder_version=\u00a0\u00bb4.17.6&Prime; _module_preset=\u00a0\u00bbdefault\u00a0\u00bb global_colors_info=\u00a0\u00bb{}\u00a0\u00bb][et_pb_image src=\u00a0\u00bbhttps:\/\/yachtcharter-holiday-tours.de\/wp-content\/uploads\/2023\/10\/Hausboot-Shooting-Joylife-Boats.jpg\u00a0\u00bb title_text=\u00a0\u00bbHausboot-Shooting Joylife-Boats\u00a0\u00bb _builder_version=\u00a0\u00bb4.20.4&Prime; _module_preset=\u00a0\u00bbdefault\u00a0\u00bb global_colors_info=\u00a0\u00bb{}\u00a0\u00bb][\/et_pb_image][et_pb_accordion icon_color=\u00a0\u00bb#e09900&Prime; _builder_version=\u00a0\u00bb4.23&Prime; _module_preset=\u00a0\u00bbdefault\u00a0\u00bb background_color=\u00a0\u00bbRGBA(255,255,255,0)\u00a0\u00bb border_width_all=\u00a0\u00bb3px\u00a0\u00bb border_color_all=\u00a0\u00bb#e09900&Prime; global_colors_info=\u00a0\u00bb{}\u00a0\u00bb][et_pb_accordion_item title=\u00a0\u00bbS\u00e9ance photo\u00a0\u00bb open=\u00a0\u00bbon\u00a0\u00bb icon_color=\u00a0\u00bb#220f6d\u00a0\u00bb _builder_version=\u00a0\u00bb4.23&Prime; _module_preset=\u00a0\u00bbdefault\u00a0\u00bb border_color_all=\u00a0\u00bb#220f6d\u00a0\u00bb global_colors_info=\u00a0\u00bb{}\u00a0\u00bb]<\/p>\n<p><strong>Pour des moments particuliers&#8230;<\/strong><\/p>\n<p style=\"text-align: left;\">Les photos sont des souvenirs de moments particuliers et plus ceux-ci sont lointains, plus ils gagnent en fascination et en importance. Et c&rsquo;est un tel moment que votre s\u00e9jour sur votre yacht Linssen !<\/p>\n<p>[\/et_pb_accordion_item][et_pb_accordion_item title=\u00a0\u00bbPrestations  \u00a0\u00bb icon_color=\u00a0\u00bb#331584&Prime; _builder_version=\u00a0\u00bb4.23&Prime; _module_preset=\u00a0\u00bbdefault\u00a0\u00bb border_color_all=\u00a0\u00bb#331584&Prime; global_colors_info=\u00a0\u00bb{}\u00a0\u00bb open=\u00a0\u00bboff\u00a0\u00bb]<\/p>\n<ul>\n<li>1,5 heures de shooting de couple \/ portraits de famille dans l&rsquo;eau et\/ou sur terre selon les souhaits du client et les conditions m\u00e9t\u00e9orologiques (\u00e0 partir de Merzig jusqu&rsquo;\u00e0 20 km inclus, chaque kilom\u00e8tre suppl\u00e9mentaire \u20ac0,55\/km)<\/li>\n<li>Nombre illimit\u00e9 de photos et toutes les photos d\u00e9velopp\u00e9es sont disponibles pour une dur\u00e9e maximale de 10 jours. 4 semaines dans une galerie en ligne s\u00e9curis\u00e9e pour le t\u00e9l\u00e9chargement<\/li>\n<\/ul>\n<h3 style=\"text-align: left;\"><span style=\"color: #666666; font-size: 14px;\">L&rsquo;accord final avec la date et le lieu souhait\u00e9 ne peut vous \u00eatre confirm\u00e9 qu&rsquo;apr\u00e8s concertation avec J\u00fcrgen Schmieding de Unikat-Foto.<\/span><\/h3>\n<h3 style=\"text-align: left;\">Prix forfaitaire \u20ac 330<\/h3>\n<p>&nbsp;<\/p>\n<p style=\"text-align: center;\">En collaboration avec  <a href=\"https:\/\/www.unikat-foto.de\/\" target=\"_blank\" rel=\"noopener\"><img decoding=\"async\" class=\"alignnone wp-image-243063 size-medium\" src=\"https:\/\/yachtcharter-holiday-tours.de\/wp-content\/uploads\/2023\/10\/Unikat-Foto-300x140-1.png\" alt=\"\" width=\"300\" height=\"140\"><\/a><\/p>\n<p>[\/et_pb_accordion_item][\/et_pb_accordion][dsm_pricelist _builder_version=\u00a0\u00bb4.17.6&Prime; _module_preset=\u00a0\u00bbdefault\u00a0\u00bb background_color=\u00a0\u00bbRGBA(255,255,255,0)\u00a0\u00bb global_colors_info=\u00a0\u00bb{}\u00a0\u00bb][\/dsm_pricelist][\/et_pb_column][et_pb_column type=\u00a0\u00bb1_3&Prime; _builder_version=\u00a0\u00bb4.17.6&Prime; _module_preset=\u00a0\u00bbdefault\u00a0\u00bb global_colors_info=\u00a0\u00bb{}\u00a0\u00bb][et_pb_image src=\u00a0\u00bbhttps:\/\/yachtcharter-holiday-tours.de\/wp-content\/uploads\/2024\/12\/Kosmetik-Bies.jpg\u00a0\u00bb title_text=\u00a0\u00bbKosmetik Bies\u00a0\u00bb _builder_version=\u00a0\u00bb4.27.0&Prime; _module_preset=\u00a0\u00bbdefault\u00a0\u00bb global_colors_info=\u00a0\u00bb{}\u00a0\u00bb][\/et_pb_image][et_pb_accordion icon_color=\u00a0\u00bb#e09900&Prime; _builder_version=\u00a0\u00bb4.23&Prime; _module_preset=\u00a0\u00bbdefault\u00a0\u00bb background_color=\u00a0\u00bbRGBA(255,255,255,0)\u00a0\u00bb border_width_all=\u00a0\u00bb3px\u00a0\u00bb border_color_all=\u00a0\u00bb#e09900&Prime; global_colors_info=\u00a0\u00bb{}\u00a0\u00bb][et_pb_accordion_item title=\u00a0\u00bbBeaut\u00e9 pour elle + lui\u00a0\u00bb open=\u00a0\u00bbon\u00a0\u00bb icon_color=\u00a0\u00bb#220f6d\u00a0\u00bb _builder_version=\u00a0\u00bb4.23&Prime; _module_preset=\u00a0\u00bbdefault\u00a0\u00bb border_color_all=\u00a0\u00bb#220f6d\u00a0\u00bb global_colors_info=\u00a0\u00bb{}\u00a0\u00bb]<\/p>\n<p><strong>Vous en valez la peine&#8230;<\/strong><\/p>\n<p style=\"text-align: left;\">Offrez-vous un moment de d\u00e9tente suppl\u00e9mentaire avec un traitement de soins relaxant sur votre yacht Linssen. Profitez des soins, encore plus de vacances pour le corps et l&rsquo;esprit. &#8211; Parce que vous le valez bien !<\/p>\n<p>[\/et_pb_accordion_item][et_pb_accordion_item title=\u00a0\u00bbServices pour vous\u00a0\u00bb icon_color=\u00a0\u00bb#220f6d\u00a0\u00bb _builder_version=\u00a0\u00bb4.23&Prime; _module_preset=\u00a0\u00bbdefault\u00a0\u00bb border_color_all=\u00a0\u00bb#220f6d\u00a0\u00bb global_colors_info=\u00a0\u00bb{}\u00a0\u00bb open=\u00a0\u00bboff\u00a0\u00bb]<\/p>\n<p><strong>Pour elle :<\/strong> Traitement actif hyaluronique (1 heure)<\/p>\n<p>Hyaluron est le mot magique. Cure de rajeunissement efficace ; un grain de peau instantan\u00e9ment plus lisse et une apparence d\u00e9tendue. \u00e9l\u00e9ments du traitement :<\/p>\n<ul>\n<li>Nettoyage de la peau avec la Cotton Blossom Gleansing Mousse a\u00e9rienne<\/li>\n<li>Un peeling enzymatique \u00e9limine les peaux mortes et pr\u00e9pare la peau \u00e0 recevoir des substances actives.<\/li>\n<li>L&rsquo;ampoule d&rsquo;acide hyaluronique est incorpor\u00e9e<\/li>\n<li>Appliquer le masque \u00e0 l&rsquo;acide hyaluronique impr\u00e9gn\u00e9 et, apr\u00e8s un temps de pose d&rsquo;env. 10 min. diminu\u00e9<\/li>\n<li>Le spray Beauty Flash enveloppe la peau et la pr\u00e9pare \u00e0 un massage en gel rafra\u00eechissant et relaxant.<\/li>\n<li>Les restes du produit de massage sont enlev\u00e9s avec des compresses chaudes et la peau est dorlot\u00e9e avec un soin final de la gamme Hyaluronic.<\/li>\n<\/ul>\n<p>L&rsquo;engagement final avec la date et le lieu souhait\u00e9 ne peut vous \u00eatre confirm\u00e9 qu&rsquo;apr\u00e8s concertation avec Heike Bies.<\/p>\n<h3>Prix par personne \u20ac 185<\/h3>\n<p>(\u00e0 partir de Merzig jusqu&rsquo;\u00e0 20 km inclus, chaque kilom\u00e8tre suppl\u00e9mentaire \u20ac0,55\/km)<\/p>\n<p style=\"text-align: center;\">En collaboration avec<\/p>\n<p><a href=\"http:\/\/heike-bies.de\/\" target=\"_blank\" rel=\"noopener\"><img decoding=\"async\" class=\"aligncenter wp-image-243075\" src=\"https:\/\/yachtcharter-holiday-tours.de\/wp-content\/uploads\/2023\/10\/Logo-Heike-Bies-300x204-1.png\" alt=\"\" width=\"197\" height=\"134\"><\/a><\/p>\n<p>[\/et_pb_accordion_item][et_pb_accordion_item title=\u00a0\u00bbServices pour lui\u00a0\u00bb icon_color=\u00a0\u00bb#220f6d\u00a0\u00bb _builder_version=\u00a0\u00bb4.23&Prime; _module_preset=\u00a0\u00bbdefault\u00a0\u00bb border_color_all=\u00a0\u00bb#220f6d\u00a0\u00bb global_colors_info=\u00a0\u00bb{}\u00a0\u00bb open=\u00a0\u00bboff\u00a0\u00bb]<\/p>\n<p><strong>Pour lui : <\/strong>Gentleman&rsquo;s Facial Treatment (1 heure)<\/p>\n<p>Ce traitement a un effet lissant sur la peau, apaise et stimule le m\u00e9tabolisme cellulaire. \u00e9l\u00e9ments du traitement :<\/p>\n<ul>\n<li>Appliquer la Cotton Blossem Gleansing Mousse par coups de pinceau et l&rsquo;enlever avec des compresses chaudes.<\/li>\n<li>Le peeling \u00e0 la papaye est \u00e9mulsionn\u00e9 avec du tonique et retir\u00e9 apr\u00e8s un court temps de pose.<\/li>\n<li>L&rsquo;ampoule Stress Control d\u00e9c\u00e9l\u00e9ratrice est appliqu\u00e9e<\/li>\n<li>Le massage SOBYE am\u00e9liore la microcirculation dans les capillaires<\/li>\n<li>L&rsquo;heure du masque avec le Calming SilverMask. Elle a un effet bienfaisant et \u00e9quilibrant<\/li>\n<li>soin final avec le baume anti-stress<\/li>\n<\/ul>\n<p>L&rsquo;engagement final avec la date et le lieu souhait\u00e9 ne peut vous \u00eatre confirm\u00e9 qu&rsquo;apr\u00e8s concertation avec Heike Bies.<\/p>\n<h3>Prix par personne \u20ac 185<\/h3>\n<p>(\u00e0 partir de Merzig jusqu&rsquo;\u00e0 20 km inclus, chaque kilom\u00e8tre suppl\u00e9mentaire \u20ac0,55\/km)<\/p>\n<p style=\"text-align: center;\">En collaboration avec<\/p>\n<p><a href=\"http:\/\/heike-bies.de\/\" target=\"_blank\" rel=\"noopener\"><img decoding=\"async\" class=\"aligncenter wp-image-243075\" src=\"https:\/\/yachtcharter-holiday-tours.de\/wp-content\/uploads\/2023\/10\/Logo-Heike-Bies-300x204-1.png\" alt=\"\" width=\"197\" height=\"134\"><\/a><\/p>\n<p>[\/et_pb_accordion_item][\/et_pb_accordion][dsm_pricelist _builder_version=\u00a0\u00bb4.17.6&Prime; _module_preset=\u00a0\u00bbdefault\u00a0\u00bb background_color=\u00a0\u00bbRGBA(255,255,255,0)\u00a0\u00bb global_colors_info=\u00a0\u00bb{}\u00a0\u00bb][\/dsm_pricelist][\/et_pb_column][et_pb_column type=\u00a0\u00bb1_3&Prime; _builder_version=\u00a0\u00bb4.17.6&Prime; _module_preset=\u00a0\u00bbdefault\u00a0\u00bb global_colors_info=\u00a0\u00bb{}\u00a0\u00bb][et_pb_image src=\u00a0\u00bbhttps:\/\/yachtcharter-holiday-tours.de\/wp-content\/uploads\/2023\/10\/Pilates-Yoga-Fitness-Forum.jpg\u00a0\u00bb title_text=\u00a0\u00bbPilates-Yoga Fitness Forum\u00a0\u00bb _builder_version=\u00a0\u00bb4.20.4&Prime; _module_preset=\u00a0\u00bbdefault\u00a0\u00bb global_colors_info=\u00a0\u00bb{}\u00a0\u00bb][\/et_pb_image][et_pb_accordion icon_color=\u00a0\u00bb#e09900&Prime; _builder_version=\u00a0\u00bb4.23&Prime; _module_preset=\u00a0\u00bbdefault\u00a0\u00bb background_color=\u00a0\u00bbRGBA(255,255,255,0)\u00a0\u00bb border_width_all=\u00a0\u00bb3px\u00a0\u00bb border_color_all=\u00a0\u00bb#e09900&Prime; global_colors_info=\u00a0\u00bb{}\u00a0\u00bb][et_pb_accordion_item title=\u00a0\u00bbFormation personnelle\u00a0\u00bb open=\u00a0\u00bbon\u00a0\u00bb icon_color=\u00a0\u00bb#220f6d\u00a0\u00bb _builder_version=\u00a0\u00bb4.23&Prime; _module_preset=\u00a0\u00bbdefault\u00a0\u00bb border_color_all=\u00a0\u00bb#220f6d\u00a0\u00bb global_colors_info=\u00a0\u00bb{}\u00a0\u00bb]<\/p>\n<p><strong>Ralentir le rythme du quotidien&#8230;<\/strong><\/p>\n<p style=\"text-align: left;\">Offrez \u00e0 votre corps et \u00e0 votre esprit des phases de repos r\u00e9guli\u00e8res afin de rester en bonne sant\u00e9 et performant \u00e0 long terme. Avec un entra\u00eenement personnel individuel sur un yacht Linssen, vous vous faites du bien !<\/p>\n<p>[\/et_pb_accordion_item][et_pb_accordion_item title=\u00a0\u00bbMassage sportif et de relaxation\u00a0\u00bb icon_color=\u00a0\u00bb#220f6d\u00a0\u00bb _builder_version=\u00a0\u00bb4.23&Prime; _module_preset=\u00a0\u00bbdefault\u00a0\u00bb border_color_all=\u00a0\u00bb#220f6d\u00a0\u00bb global_colors_info=\u00a0\u00bb{}\u00a0\u00bb open=\u00a0\u00bboff\u00a0\u00bb]<\/p>\n<p>Une combinaison de massage sportif et de massage de d\u00e9tente vous attend. Le massage sportif a pour but de vous renforcer dans votre activit\u00e9 physique et d&rsquo;augmenter l&rsquo;endurance de votre corps. Le massage relaxant doux sert \u00e0 reposer votre corps et votre esprit et \u00e0 \u00e9vacuer un \u00e9ventuel stress.<\/p>\n<p>Dur\u00e9e : 45 minutes<\/p>\n<p>L&rsquo;engagement final avec la date et le lieu souhait\u00e9 ne peut vous \u00eatre confirm\u00e9 qu&rsquo;apr\u00e8s concertation avec Fitness Forum Mettlach.<\/p>\n<h3>Prix par personne \u20ac 120<\/h3>\n<p>(\u00e0 partir de Merzig jusqu&rsquo;\u00e0 20 km inclus, chaque kilom\u00e8tre suppl\u00e9mentaire \u20ac0,55\/km)<\/p>\n<p style=\"text-align: center;\">En collaboration avec<\/p>\n<p><a href=\"https:\/\/fitness-forum-mettlach.de\/startseite.html\" target=\"_blank\" rel=\"noopener\"><img decoding=\"async\" class=\"aligncenter wp-image-243122\" src=\"https:\/\/yachtcharter-holiday-tours.de\/wp-content\/uploads\/2023\/10\/FitnessForumMettlach1.jpg\" alt=\"\" width=\"132\" height=\"128\"><\/a><\/p>\n<p>[\/et_pb_accordion_item][et_pb_accordion_item title=\u00a0\u00bbStretching &amp; relaxation des fascias\u00a0\u00bb icon_color=\u00a0\u00bb#220f6d\u00a0\u00bb _builder_version=\u00a0\u00bb4.23&Prime; _module_preset=\u00a0\u00bbdefault\u00a0\u00bb border_color_all=\u00a0\u00bb#220f6d\u00a0\u00bb global_colors_info=\u00a0\u00bb{}\u00a0\u00bb open=\u00a0\u00bboff\u00a0\u00bb]<\/p>\n<p>Le stretching &amp; la relaxation des fascias servent \u00e0 la flexibilit\u00e9 des muscles, des tendons et des ligaments, ce qui est une condition pr\u00e9alable \u00e0 un appareil locomoteur sain. Les fins fascias, \u00e9galement appel\u00e9s enveloppes de tissu conjonctif, entourent nos muscles, nos tendons et nos os et servent de coussinet de glissement entre le muscle, le tendon et l&rsquo;os. Si les fascias deviennent coll\u00e9s, il n&rsquo;y a plus de m\u00e9canisme de glissement sans friction lors des contractions musculaires (mouvements). Une fois que le d\u00e9roulement du mouvement est perturb\u00e9 au niveau le plus profond, cela se r\u00e9percute rapidement sur l&rsquo;ensemble du syst\u00e8me impliqu\u00e9. Il peut alors s&rsquo;agir de mouvements incorrects qui entra\u00eenent des troubles. La relaxation des fascias sert \u00e0 d\u00e9tacher les fascias coll\u00e9s de la musculature et des tendons. Les tissus sont \u00e9tir\u00e9s et le m\u00e9tabolisme est stimul\u00e9. \u00c0 long terme, cela am\u00e9liore la capacit\u00e9 d&rsquo;\u00e9tirement et la circulation sanguine, et les fascias et les muscles restent souples, \u00e9lastiques et mobiles.<\/p>\n<p>Dur\u00e9e : 1 heure<\/p>\n<p>L&rsquo;engagement final avec la date et le lieu souhait\u00e9 ne peut vous \u00eatre confirm\u00e9 qu&rsquo;apr\u00e8s concertation avec Fitness Forum Mettlach.<\/p>\n<h3>Prix pour max. 3 personnes \u20ac 165<\/h3>\n<p>(\u00e0 partir de Merzig jusqu&rsquo;\u00e0 20 km inclus, chaque kilom\u00e8tre suppl\u00e9mentaire \u20ac0,55\/km)<\/p>\n<p style=\"text-align: center;\">En collaboration avec<\/p>\n<p><a href=\"https:\/\/fitness-forum-mettlach.de\/startseite.html\" target=\"_blank\" rel=\"noopener\"><img decoding=\"async\" class=\"aligncenter wp-image-243122\" src=\"https:\/\/yachtcharter-holiday-tours.de\/wp-content\/uploads\/2023\/10\/FitnessForumMettlach1.jpg\" alt=\"\" width=\"132\" height=\"128\"><\/a><\/p>\n<p>[\/et_pb_accordion_item][\/et_pb_accordion][dsm_pricelist _builder_version=\u00a0\u00bb4.17.6&Prime; _module_preset=\u00a0\u00bbdefault\u00a0\u00bb background_color=\u00a0\u00bbRGBA(255,255,255,0)\u00a0\u00bb global_colors_info=\u00a0\u00bb{}\u00a0\u00bb][\/dsm_pricelist][\/et_pb_column][\/et_pb_row][et_pb_row column_structure=\u00a0\u00bb1_3,1_3,1_3&Prime; _builder_version=\u00a0\u00bb4.20.2&Prime; _module_preset=\u00a0\u00bbdefault\u00a0\u00bb width=\u00a0\u00bb90%\u00a0\u00bb max_width=\u00a0\u00bb80%\u00a0\u00bb global_colors_info=\u00a0\u00bb{}\u00a0\u00bb][et_pb_column type=\u00a0\u00bb1_3&Prime; _builder_version=\u00a0\u00bb4.17.6&Prime; _module_preset=\u00a0\u00bbdefault\u00a0\u00bb global_colors_info=\u00a0\u00bb{}\u00a0\u00bb][et_pb_image src=\u00a0\u00bbhttps:\/\/yachtcharter-holiday-tours.de\/wp-content\/uploads\/2023\/10\/Wahnbachkraeuter-1.jpg\u00a0\u00bb title_text=\u00a0\u00bbWahnbachkr\u00e4uter\u00a0\u00bb _builder_version=\u00a0\u00bb4.20.4&Prime; _module_preset=\u00a0\u00bbdefault\u00a0\u00bb global_colors_info=\u00a0\u00bb{}\u00a0\u00bb][\/et_pb_image][et_pb_accordion icon_color=\u00a0\u00bb#e09900&Prime; _builder_version=\u00a0\u00bb4.23&Prime; _module_preset=\u00a0\u00bbdefault\u00a0\u00bb background_color=\u00a0\u00bbRGBA(255,255,255,0)\u00a0\u00bb border_width_all=\u00a0\u00bb3px\u00a0\u00bb border_color_all=\u00a0\u00bb#e09900&Prime; global_colors_info=\u00a0\u00bb{}\u00a0\u00bb][et_pb_accordion_item title=\u00a0\u00bbNature + Sant\u00e9\u00a0\u00bb open=\u00a0\u00bbon\u00a0\u00bb icon_color=\u00a0\u00bb#220f6d\u00a0\u00bb _builder_version=\u00a0\u00bb4.23&Prime; _module_preset=\u00a0\u00bbdefault\u00a0\u00bb border_color_all=\u00a0\u00bb#220f6d\u00a0\u00bb global_colors_info=\u00a0\u00bb{}\u00a0\u00bb]<\/p>\n<p><strong>Faire l&rsquo;exp\u00e9rience de la gu\u00e9rison naturelle&#8230;<\/strong><\/p>\n<p style=\"text-align: left;\">Faire l&rsquo;exp\u00e9rience de la m\u00e9decine naturelle en Sarre et obtenir ainsi une meilleure qualit\u00e9 de vie en cadeau. Pr\u00e9parer un menu savoureux \u00e0 base d&rsquo;herbes sauvages et se plonger dans la pharmacie familiale issue de la nature. Une exp\u00e9rience inspirante avec votre yacht Linssen !<\/p>\n<p>[\/et_pb_accordion_item][et_pb_accordion_item title=\u00a0\u00bbMangez sainement\u00a0\u00bb icon_color=\u00a0\u00bb#220f6d\u00a0\u00bb _builder_version=\u00a0\u00bb4.23&Prime; _module_preset=\u00a0\u00bbdefault\u00a0\u00bb border_color_all=\u00a0\u00bb#220f6d\u00a0\u00bb global_colors_info=\u00a0\u00bb{}\u00a0\u00bb open=\u00a0\u00bboff\u00a0\u00bb]<\/p>\n<p>Lors d&rsquo;une randonn\u00e9e sur le th\u00e8me des herbes, vous explorerez la nature et observerez de nombreux tr\u00e9sors naturels comestibles et en r\u00e9colterez une s\u00e9lection. Vous les utiliserez ensuite \u00e0 bord de votre yacht Linssen pour pr\u00e9parer un d\u00e9licieux menu \u00e0 base d&rsquo;herbes sauvages de trois plats avec l&rsquo;herboriste Nina Br\u00fccker.<\/p>\n<p>Dur\u00e9e : environ 4 heures<\/p>\n<p>L&rsquo;engagement final avec la date et le lieu souhait\u00e9 ne peut vous \u00eatre confirm\u00e9 qu&rsquo;apr\u00e8s concertation avec Nina Br\u00fccker, Wahnbachkr\u00e4uter, Wadern.<\/p>\n<h3>Prix par personne \u20ac 210<\/h3>\n<p>min. 2 et jusqu&rsquo;\u00e0 max. 6 pas de frais suppl\u00e9mentaires<\/p>\n<p>(\u00e0 partir de Merzig jusqu&rsquo;\u00e0 20 km inclus, chaque kilom\u00e8tre suppl\u00e9mentaire \u20ac0,55\/km)<\/p>\n<p style=\"text-align: center;\">En collaboration avec<\/p>\n<p><a href=\"https:\/\/www.wahnbachkraeuter.de\/\" target=\"_blank\" rel=\"noopener\"><img decoding=\"async\" src=\"https:\/\/yachtcharter-holiday-tours.de\/wp-content\/uploads\/2023\/10\/Logo-Wahnbach-Kraeuter-scaled-1.jpg\" width=\"200\" height=\"200\" alt=\"\" class=\"wp-image-247386 alignnone size-full\" style=\"display: block; margin-left: auto; margin-right: auto;\"><\/a><\/p>\n<p>[\/et_pb_accordion_item][et_pb_accordion_item title=\u00a0\u00bbTa pharmacie naturelle\u00a0\u00bb icon_color=\u00a0\u00bb#220f6d\u00a0\u00bb _builder_version=\u00a0\u00bb4.23&Prime; _module_preset=\u00a0\u00bbdefault\u00a0\u00bb border_color_all=\u00a0\u00bb#220f6d\u00a0\u00bb global_colors_info=\u00a0\u00bb{}\u00a0\u00bb open=\u00a0\u00bboff\u00a0\u00bb]<\/p>\n<p>Lors d&rsquo;une randonn\u00e9e, vous obtiendrez de nombreuses connaissances sur la phytoth\u00e9rapie historique ainsi que sur la phytoth\u00e9rapie moderne. Ensuite, vous fabriquerez avec les tr\u00e9sors r\u00e9colt\u00e9s des produits utiles pour votre pharmacie naturelle, comme par exemple une pommade, une teinture, un stick contre les piq\u00fbres d&rsquo;insectes, un spray corporel rafra\u00eechissant, une cr\u00e8me solaire naturelle, etc. sur votre Linssen Yacht en compagnie de l&rsquo;herboriste.<\/p>\n<p>Dur\u00e9e : environ 4 heures<\/p>\n<p>L&rsquo;engagement final avec la date et le lieu souhait\u00e9 ne peut vous \u00eatre confirm\u00e9 qu&rsquo;apr\u00e8s concertation avec Nina Br\u00fccker, Wahnbachkr\u00e4uter, Wadern.<\/p>\n<h3>Prix par personne \u20ac 210<\/h3>\n<p>min. 2 et jusqu&rsquo;\u00e0 max. 6 pas de frais suppl\u00e9mentaires<\/p>\n<p>(\u00e0 partir de Merzig jusqu&rsquo;\u00e0 20 km inclus, chaque kilom\u00e8tre suppl\u00e9mentaire \u20ac0,55\/km)<\/p>\n<p style=\"text-align: center;\">En collaboration avec<\/p>\n<p><a href=\"https:\/\/www.wahnbachkraeuter.de\/\" target=\"_blank\" rel=\"noopener\"><img decoding=\"async\" src=\"https:\/\/yachtcharter-holiday-tours.de\/wp-content\/uploads\/2023\/10\/Logo-Wahnbach-Kraeuter-scaled-1.jpg\" width=\"160\" height=\"160\" alt=\"\" class=\"wp-image-247386 alignnone size-full\" style=\"display: block; margin-left: auto; margin-right: auto;\"><\/a><\/p>\n<p>[\/et_pb_accordion_item][\/et_pb_accordion][dsm_pricelist _builder_version=\u00a0\u00bb4.17.6&Prime; _module_preset=\u00a0\u00bbdefault\u00a0\u00bb background_color=\u00a0\u00bbRGBA(255,255,255,0)\u00a0\u00bb global_colors_info=\u00a0\u00bb{}\u00a0\u00bb][\/dsm_pricelist][\/et_pb_column][et_pb_column type=\u00a0\u00bb1_3&Prime; _builder_version=\u00a0\u00bb4.17.6&Prime; _module_preset=\u00a0\u00bbdefault\u00a0\u00bb global_colors_info=\u00a0\u00bb{}\u00a0\u00bb][et_pb_image src=\u00a0\u00bbhttps:\/\/yachtcharter-holiday-tours.de\/wp-content\/uploads\/2023\/10\/Saarkind-Style-Foto-scaled-1.jpg\u00a0\u00bb title_text=\u00a0\u00bbSaarkind Style-Foto\u00a0\u00bb _builder_version=\u00a0\u00bb4.21.0&Prime; _module_preset=\u00a0\u00bbdefault\u00a0\u00bb global_colors_info=\u00a0\u00bb{}\u00a0\u00bb][\/et_pb_image][et_pb_accordion icon_color=\u00a0\u00bb#e09900&Prime; _builder_version=\u00a0\u00bb4.24.3&Prime; _module_preset=\u00a0\u00bbdefault\u00a0\u00bb background_color=\u00a0\u00bbRGBA(255,255,255,0)\u00a0\u00bb border_width_all=\u00a0\u00bb3px\u00a0\u00bb border_color_all=\u00a0\u00bb#e09900&Prime; global_colors_info=\u00a0\u00bb{}\u00a0\u00bb][et_pb_accordion_item title=\u00a0\u00bbCulture du vin\u00a0\u00bb open=\u00a0\u00bbon\u00a0\u00bb icon_color=\u00a0\u00bb#220f6d\u00a0\u00bb _builder_version=\u00a0\u00bb4.24.3&Prime; _module_preset=\u00a0\u00bbdefault\u00a0\u00bb border_color_all=\u00a0\u00bb#220f6d\u00a0\u00bb global_colors_info=\u00a0\u00bb{}\u00a0\u00bb]<\/p>\n<p class=\"font_8 wixui-rich-text__text\"><strong><span class=\"color_15 wixui-rich-text__text\">SAARKIND &#8211; Ensemble + durable + constant<\/span><\/strong><\/p>\n<p class=\"font_8 wixui-rich-text__text\"><span class=\"color_15 wixui-rich-text__text\">Nous sommes 11 jeunes viticulteurs de la Sarre qui travaillent ensemble sous le nom collectif de SAARKIND. Nous suivons  <\/span><span class=\"color_15 wixui-rich-text__text\"><span>Nous devons \u00eatre conscients que nous ne sommes que des invit\u00e9s sur terre et qu&rsquo;il faut donc g\u00e9rer nos ressources avec soin.<\/span><\/span><\/p>\n<p>[\/et_pb_accordion_item][et_pb_accordion_item title=\u00a0\u00bbUne exp\u00e9rience unique du vin\u00a0\u00bb icon_color=\u00a0\u00bb#220f6d\u00a0\u00bb _builder_version=\u00a0\u00bb4.23&Prime; _module_preset=\u00a0\u00bbdefault\u00a0\u00bb border_color_all=\u00a0\u00bb#220f6d\u00a0\u00bb global_colors_info=\u00a0\u00bb{}\u00a0\u00bb open=\u00a0\u00bboff\u00a0\u00bb]<\/p>\n<p>Laissez-vous entra\u00eener dans un merveilleux voyage dans le monde des vignerons\/vins de SAARKIND par un jeune vigneron de SAARKIND sur votre yacht Linssen ! Ensemble, nous d\u00e9couvrirons avec tous nos sens ce qu&rsquo;apporte le produit naturel \u00ab\u00a0vin\u00a0\u00bb. Ainsi, nous sentirons et go\u00fbterons, toucherons et verrons, et nous comprendrons en m\u00eame temps qu&rsquo;il n&rsquo;est pas important d&rsquo;apporter beaucoup de \u00ab\u00a0connaissances sur le vin\u00a0\u00bb, mais qu&rsquo;il s&rsquo;agit surtout de faire confiance \u00e0 ses propres sensations, tr\u00e8s personnelles.<\/p>\n<p>D\u00e9gustation de vins : 5 vins (4 vins de domaine, 1 vin local)<\/p>\n<p>Dur\u00e9e : environ 1 heure<\/p>\n<p>L&rsquo;accord final avec la date et le lieu souhait\u00e9 ne peut vous \u00eatre confirm\u00e9 qu&rsquo;apr\u00e8s concertation avec les jeunes vignerons de SAARKIND (nous v\u00e9rifions \u00e0 chaque fois qui est disponible pour la date).<\/p>\n<h3>Prix pour 2 personnes \u20ac 165 \/ par personne suppl\u00e9mentaire \u20ac 25 \u2217<\/h3>\n<p>\u2217 Une r\u00e9duction est accord\u00e9e \u00e0 partir d&rsquo;une commande de 18 bouteilles.<\/p>\n<p>(\u00e0 partir de Merzig jusqu&rsquo;\u00e0 20 km inclus, chaque kilom\u00e8tre suppl\u00e9mentaire \u20ac0,55\/km)<\/p>\n<p style=\"text-align: center;\">En collaboration avec<\/p>\n<p><a href=\"https:\/\/www.saarkind.com\/\" target=\"_blank\" rel=\"noopener\"><img decoding=\"async\" src=\"https:\/\/yachtcharter-holiday-tours.de\/wp-content\/uploads\/2023\/10\/frei_Saarkind_Logo_final.png\" width=\"196\" height=\"196\" alt=\"\" class=\"wp-image-248640 alignnone size-full\" style=\"display: block; margin-left: auto; margin-right: auto;\"><\/a><\/p>\n<p>[\/et_pb_accordion_item][et_pb_accordion_item title=\u00a0\u00bbUne exp\u00e9rience vinicole exceptionnelle\u00a0\u00bb icon_color=\u00a0\u00bb#220f6d\u00a0\u00bb _builder_version=\u00a0\u00bb4.23&Prime; _module_preset=\u00a0\u00bbdefault\u00a0\u00bb border_color_all=\u00a0\u00bb#220f6d\u00a0\u00bb global_colors_info=\u00a0\u00bb{}\u00a0\u00bb open=\u00a0\u00bboff\u00a0\u00bb]<\/p>\n<p>R\u00e9jouissez-vous d&rsquo;une exp\u00e9rience \u0153nologique incroyablement passionnante avec une merveilleuse vari\u00e9t\u00e9 de vins s\u00e9lectionn\u00e9s sur votre yacht Linssen ! Vous pourrez ainsi laisser votre \u00e2me et vos pieds s&rsquo;\u00e9vader dans la rivi\u00e8re. Sentir et go\u00fbter, toucher et voir, et comprendre en m\u00eame temps qu&rsquo;il n&rsquo;est pas important d&rsquo;apporter beaucoup de \u00ab\u00a0connaissances sur le vin\u00a0\u00bb, mais qu&rsquo;il s&rsquo;agit surtout de faire confiance \u00e0 ses propres sensations, tr\u00e8s personnelles.<\/p>\n<p>D\u00e9gustation : 8 vins (3 vins de domaine, 3 vins locaux, 2 vins de terroir)<\/p>\n<p>Dur\u00e9e : environ 2 heures<\/p>\n<p>L&rsquo;accord final avec la date et le lieu souhait\u00e9 ne peut vous \u00eatre confirm\u00e9 qu&rsquo;apr\u00e8s concertation avec les jeunes vignerons de SAARKIND (nous v\u00e9rifions \u00e0 chaque fois qui est disponible pour la date).<\/p>\n<h3>Prix pour 2 personnes \u20ac 190 \/ par personne suppl\u00e9mentaire \u20ac 35 \u2217<\/h3>\n<p>\u2217 Une r\u00e9duction est accord\u00e9e \u00e0 partir d&rsquo;une commande de 18 bouteilles.<\/p>\n<p>(\u00e0 partir de Merzig jusqu&rsquo;\u00e0 20 km inclus, chaque kilom\u00e8tre suppl\u00e9mentaire \u20ac0,55\/km)<\/p>\n<p style=\"text-align: center;\">En collaboration avec<\/p>\n<p><a href=\"https:\/\/www.saarkind.com\/\" target=\"_blank\" rel=\"noopener\"><img decoding=\"async\" src=\"https:\/\/yachtcharter-holiday-tours.de\/wp-content\/uploads\/2023\/10\/frei_Saarkind_Logo_final.png\" width=\"177\" height=\"177\" alt=\"\" class=\"wp-image-248640 alignnone size-full\" style=\"display: block; margin-left: auto; margin-right: auto;\"><\/a><\/p>\n<p>[\/et_pb_accordion_item][et_pb_accordion_item title=\u00a0\u00bbVisite exclusive d&rsquo;un vignoble\u00a0\u00bb icon_color=\u00a0\u00bb#220f6d\u00a0\u00bb _builder_version=\u00a0\u00bb4.23&Prime; _module_preset=\u00a0\u00bbdefault\u00a0\u00bb border_color_all=\u00a0\u00bb#220f6d\u00a0\u00bb global_colors_info=\u00a0\u00bb{}\u00a0\u00bb open=\u00a0\u00bboff\u00a0\u00bb]<\/p>\n<p><span>Vivre une d\u00e9gustation de vin dans un domaine viticole, g\u00e9n\u00e9ralement au milieu des vignes et accompagn\u00e9e d&rsquo;une visite de la cave, est une exp\u00e9rience impressionnante pour tout amateur de vin. Il n&rsquo;y a pas d&rsquo;autre moyen de mieux comprendre les vins que de les d\u00e9guster avec les producteurs directement sur le domaine.<\/span><\/p>\n<p>Nous organisons volontiers une visite dans un domaine viticole d&rsquo;un jeune vigneron SAARKIND avec visite de cave et d\u00e9gustation de vin.<\/p>\n<p>Faites-nous part de vos souhaits (date, heure, jeune vigneron SAARKIND, traiteur, nombre de personnes) lors de la r\u00e9servation de votre yacht Linssen, nous clarifierons ensuite tout cela et vous soumettrons une offre exclusive.<\/p>\n<p style=\"text-align: center;\">En collaboration avec<\/p>\n<p><a href=\"https:\/\/www.saarkind.com\/\" target=\"_blank\" rel=\"noopener\"><img decoding=\"async\" src=\"https:\/\/yachtcharter-holiday-tours.de\/wp-content\/uploads\/2023\/10\/frei_Saarkind_Logo_final.png\" width=\"180\" height=\"180\" alt=\"\" class=\"wp-image-248640 alignnone size-full\" style=\"display: block; margin-left: auto; margin-right: auto;\"><\/a><\/p>\n<p>[\/et_pb_accordion_item][\/et_pb_accordion][\/et_pb_column][et_pb_column type=\u00a0\u00bb1_3&Prime; _builder_version=\u00a0\u00bb4.21.0&Prime; _module_preset=\u00a0\u00bbdefault\u00a0\u00bb global_colors_info=\u00a0\u00bb{}\u00a0\u00bb][et_pb_image src=\u00a0\u00bbhttps:\/\/yachtcharter-holiday-tours.de\/wp-content\/uploads\/2025\/03\/VuB_Welt_Key-Visual.1214663.Ful_.jpg\u00a0\u00bb title_text=\u00a0\u00bbVuB_Welt_Key Visual.1214663.%91Ful\u00a0\u00bb _builder_version=\u00a0\u00bb4.27.4&Prime; _module_preset=\u00a0\u00bbdefault\u00a0\u00bb width=\u00a0\u00bb100%\u00a0\u00bb custom_margin=\u00a0\u00bb||||false|false\u00a0\u00bb custom_padding=\u00a0\u00bb||||false|false\u00a0\u00bb global_colors_info=\u00a0\u00bb{}\u00a0\u00bb][\/et_pb_image][et_pb_accordion icon_color=\u00a0\u00bb#e09900&Prime; _builder_version=\u00a0\u00bb4.27.4&Prime; _module_preset=\u00a0\u00bbdefault\u00a0\u00bb background_color=\u00a0\u00bbRGBA(255,255,255,0)\u00a0\u00bb hover_enabled=\u00a0\u00bb0&Prime; border_width_all=\u00a0\u00bb3px\u00a0\u00bb border_color_all=\u00a0\u00bb#e09900&Prime; global_colors_info=\u00a0\u00bb{}\u00a0\u00bb sticky_enabled=\u00a0\u00bb0&Prime;][et_pb_accordion_item title=\u00a0\u00bbArts de la table &amp; Lifestyle\u00a0\u00bb open=\u00a0\u00bboff\u00a0\u00bb icon_color=\u00a0\u00bb#220f6d\u00a0\u00bb _builder_version=\u00a0\u00bb4.27.4&Prime; _module_preset=\u00a0\u00bbdefault\u00a0\u00bb hover_enabled=\u00a0\u00bb0&Prime; border_color_all=\u00a0\u00bb#220f6d\u00a0\u00bb global_colors_info=\u00a0\u00bb{}\u00a0\u00bb sticky_enabled=\u00a0\u00bb0&Prime;]<\/p>\n<p><strong>Une destination unique en Sarre<\/strong><\/p>\n<p class=\"font_8 wixui-rich-text__text\"><span>Visitez le monde extraordinaire de Villeroy &amp; Boch au si\u00e8ge de notre entreprise, l&rsquo;ancienne abbaye de Mettlach. Des mises en sc\u00e8ne spatiales vari\u00e9es et des objets expos\u00e9s sur plus de 2 000 m\u00b2 vous permettent de jeter un regard unique dans les coulisses. <\/span><\/p>\n<p>[\/et_pb_accordion_item][et_pb_accordion_item title=\u00a0\u00bbLe monde de Villeroy &amp; Boch\u00a0\u00bb icon_color=\u00a0\u00bb#220f6d\u00a0\u00bb _builder_version=\u00a0\u00bb4.27.4&Prime; _module_preset=\u00a0\u00bbdefault\u00a0\u00bb border_color_all=\u00a0\u00bb#220f6d\u00a0\u00bb global_colors_info=\u00a0\u00bb{}\u00a0\u00bb open=\u00a0\u00bbon\u00a0\u00bb]<\/p>\n<p>Le monde de Villeroy &amp; Boch offre une exp\u00e9rience de marque \u00e0 multiples facettes et est ainsi plus qu&rsquo;un mus\u00e9e d&rsquo;entreprise. Avec l&rsquo;ancienne abbaye et l&rsquo;outlet r\u00e9cemment ouvert, il s&rsquo;agit d&rsquo;une destination suprar\u00e9gionale qui devrait attirer des visiteurs de toute l&rsquo;Allemagne et des pays voisins. <\/p>\n<p>Sur une surface de plus de 2 000 m\u00e8tres carr\u00e9s, un voyage passionnant dans l&rsquo;univers de Villeroy &amp; Boch attend les visiteurs : des mises en sc\u00e8ne vari\u00e9es de l&rsquo;espace aux univers fascinants des produits et aux \u00e9l\u00e9ments interactifs. L&rsquo;univers Villeroy &amp; Boch offre ainsi un aper\u00e7u passionnant des processus de production, permet aux visiteurs de d\u00e9couvrir l&rsquo;atelier d&rsquo;un designer de produits et pr\u00e9sente les innovations centrales et les points forts du design. Bien entendu, l&rsquo;histoire passionnante de l&rsquo;entreprise et l&rsquo;exposition de c\u00e9ramiques historiques ne sont pas en reste. L&rsquo;outlet int\u00e9gr\u00e9 invite \u00e0 d\u00e9couvrir et \u00e0 acheter directement sur place des produits de la gamme Dining &amp; Lifestyle. Une visite de l&rsquo;univers Villeroy &amp; Boch rend palpable l&rsquo;alliance de la tradition et de l&rsquo;innovation qui caract\u00e9rise l&rsquo;entreprise depuis 277 ans et en fait une exp\u00e9rience pour tous les sens.    <span> <\/span><strong><a href=\"https:\/\/welt.villeroy-boch.com\/\" target=\"_blank\" rel=\"noopener\">Ici<\/a><\/strong><span> <\/span>pour plus d&rsquo;informations.<\/p>\n<p><img decoding=\"async\" src=\"https:\/\/yachtcharter-holiday-tours.de\/wp-content\/uploads\/2025\/03\/VuB_Welt_Historischer-Milchladen.1279947.Full-resolution-300x200.jpg\" width=\"300\" height=\"200\" alt=\"\" class=\"wp-image-7254 alignnone size-medium\" style=\"display: block; margin-left: auto; margin-right: auto;\"><\/p>\n<p>[\/et_pb_accordion_item][et_pb_accordion_item title=\u00a0\u00bbExclusivement pour les clients de Yachtcharter Holiday Tours\u00a0\u00bb icon_color=\u00a0\u00bb#220f6d\u00a0\u00bb _builder_version=\u00a0\u00bb4.27.4&Prime; _module_preset=\u00a0\u00bbdefault\u00a0\u00bb border_color_all=\u00a0\u00bb#220f6d\u00a0\u00bb global_colors_info=\u00a0\u00bb{}\u00a0\u00bb open=\u00a0\u00bboff\u00a0\u00bb]<\/p>\n<p><span>En collaboration avec Villeroy &amp; Boch, nous pouvons offrir \u00e0 tous les clients de Yachtcharter Holiday Tours ce qui suit :<\/span><\/p>\n<ul>\n<li><span>Adh\u00e9sion \u00e0 My Club et Famille &amp; Amis &#8211; Carte de r\u00e9duction pour les achats chez Villeroy &amp; Boch<\/span><\/li>\n<li><span>L&rsquo;exp\u00e9rience des arts de la table sur les yachts Linssen<\/span><\/li>\n<\/ul>\n<p><span>R\u00e9jouissez-vous d\u00e8s maintenant de ce cadeau d&rsquo;exp\u00e9rience unique et particulier lors de vos vacances \u00e0 bord d&rsquo;un yacht Linssen !  <\/span><\/p>\n<p style=\"text-align: center;\">En collaboration avec<\/p>\n<p><img decoding=\"async\" src=\"https:\/\/yachtcharter-holiday-tours.de\/wp-content\/uploads\/2022\/12\/Villeroy__Boch_logo.png\" width=\"165\" height=\"165\" alt=\"\" class=\"wp-image-241871 alignnone size-full\" style=\"display: block; margin-left: auto; margin-right: auto;\"><\/p>\n<p>[\/et_pb_accordion_item][\/et_pb_accordion][dsm_pricelist _builder_version=\u00a0\u00bb4.17.6&Prime; _module_preset=\u00a0\u00bbdefault\u00a0\u00bb background_color=\u00a0\u00bbRGBA(255,255,255,0)\u00a0\u00bb global_colors_info=\u00a0\u00bb{}\u00a0\u00bb][\/dsm_pricelist][\/et_pb_column][\/et_pb_row][et_pb_row column_structure=\u00a0\u00bb1_3,1_3,1_3&Prime; _builder_version=\u00a0\u00bb4.20.2&Prime; _module_preset=\u00a0\u00bbdefault\u00a0\u00bb width=\u00a0\u00bb90%\u00a0\u00bb max_width=\u00a0\u00bb80%\u00a0\u00bb global_colors_info=\u00a0\u00bb{}\u00a0\u00bb][et_pb_column type=\u00a0\u00bb1_3&Prime; _builder_version=\u00a0\u00bb4.17.6&Prime; _module_preset=\u00a0\u00bbdefault\u00a0\u00bb global_colors_info=\u00a0\u00bb{}\u00a0\u00bb][et_pb_image src=\u00a0\u00bbhttps:\/\/yachtcharter-holiday-tours.de\/wp-content\/uploads\/2023\/10\/Gin.Liebe-Praesentation.jpg\u00a0\u00bb title_text=\u00a0\u00bbGin.Liebe-Pr\u00e4sentation\u00a0\u00bb _builder_version=\u00a0\u00bb4.22.2&Prime; _module_preset=\u00a0\u00bbdefault\u00a0\u00bb global_colors_info=\u00a0\u00bb{}\u00a0\u00bb][\/et_pb_image][et_pb_accordion icon_color=\u00a0\u00bb#e09900&Prime; _builder_version=\u00a0\u00bb4.27.4&Prime; _module_preset=\u00a0\u00bbdefault\u00a0\u00bb background_color=\u00a0\u00bbRGBA(255,255,255,0)\u00a0\u00bb border_width_all=\u00a0\u00bb3px\u00a0\u00bb border_color_all=\u00a0\u00bb#e09900&Prime; global_colors_info=\u00a0\u00bb{}\u00a0\u00bb][et_pb_accordion_item title=\u00a0\u00bbCulture du gin\u00a0\u00bb open=\u00a0\u00bbon\u00a0\u00bb icon_color=\u00a0\u00bb#220f6d\u00a0\u00bb _builder_version=\u00a0\u00bb4.23&Prime; _module_preset=\u00a0\u00bbdefault\u00a0\u00bb border_color_all=\u00a0\u00bb#220f6d\u00a0\u00bb global_colors_info=\u00a0\u00bb{}\u00a0\u00bb]<\/p>\n<p><strong>GIN &#8211; se plonger dans un monde aromatique fascinant<\/strong><\/p>\n<p style=\"text-align: left;\">D\u00e9couvrez votre GIN.LIEBE en Sarre. Lors d&rsquo;une d\u00e9gustation, d\u00e9couvrir la chaleur, la douceur du go\u00fbt, les diff\u00e9rents ar\u00f4mes et la qualit\u00e9 au plus haut niveau. Avec Felix Kirsch, qui propose plus de 160 vari\u00e9t\u00e9s de gin s\u00e9lectionn\u00e9es dans sa Manufacture &amp; Boutique. &#8211; D\u00e9couvrir le monde du gin avec votre yacht Linssen !<\/p>\n<p>[\/et_pb_accordion_item][et_pb_accordion_item title=\u00a0\u00bbD\u00e9gustation de gin de base\u00a0\u00bb icon_color=\u00a0\u00bb#220f6d\u00a0\u00bb _builder_version=\u00a0\u00bb4.27.4&Prime; _module_preset=\u00a0\u00bbdefault\u00a0\u00bb border_color_all=\u00a0\u00bb#220f6d\u00a0\u00bb global_colors_info=\u00a0\u00bb{}\u00a0\u00bb open=\u00a0\u00bboff\u00a0\u00bb]<\/p>\n<p>R\u00e9jouissez-vous de vivre une exp\u00e9rience de gin incroyablement passionnante avec une s\u00e9lection de gins de qualit\u00e9 sup\u00e9rieure tri\u00e9s sur le volet. Au cours d&rsquo;un programme d&rsquo;environ deux heures, vous d\u00e9couvrirez des informations vari\u00e9es sur le th\u00e8me du gin, son origine et sa fabrication, ainsi que sur les cinq vari\u00e9t\u00e9s qui seront d\u00e9gust\u00e9es sur place avec une eau tonique adapt\u00e9e. Cela comprend \u00e9galement une excursion fruit\u00e9e dans le monde des botaniques avec un effet de surprise. Convient en particulier aux personnes qui s&rsquo;int\u00e9ressent au th\u00e8me du gin et qui n&rsquo;ont pas encore eu l&rsquo;occasion de s&rsquo;y int\u00e9resser, mais qui souhaitent absolument d\u00e9couvrir cette boisson tendance de longue date.<\/p>\n<p>Dur\u00e9e : environ 2 heures<\/p>\n<p>L&rsquo;engagement final avec la date et le lieu souhait\u00e9 ne pourra vous \u00eatre confirm\u00e9 qu&rsquo;apr\u00e8s concertation entre nous et GIN.LIEBE \u00e0 Hombourg.<\/p>\n<h3>Prix pour 2 personnes \u20ac 195<\/h3>\n<p>et chaque personne suppl\u00e9mentaire \u20ac 55 jusqu&rsquo;\u00e0 max. 8 personnes <\/p>\n<p>(\u00e0 partir de Merzig jusqu&rsquo;\u00e0 20 km inclus, chaque kilom\u00e8tre suppl\u00e9mentaire \u20ac0,55\/km)<\/p>\n<p style=\"text-align: center;\">En collaboration avec<\/p>\n<p><a href=\"https:\/\/www.ginliebe.de\/\" target=\"_blank\" rel=\"noopener\"><img decoding=\"async\" src=\"https:\/\/yachtcharter-holiday-tours.de\/wp-content\/uploads\/2023\/10\/Logo-Gin.Liebe_.png\" width=\"233\" height=\"162\" alt=\"\" class=\"wp-image-249695 alignnone size-full\" style=\"display: block; margin-left: auto; margin-right: auto;\"><\/a><\/p>\n<p>[\/et_pb_accordion_item][et_pb_accordion_item title=\u00a0\u00bbD\u00e9gustation de gin premium  \u00a0\u00bb icon_color=\u00a0\u00bb#220f6d\u00a0\u00bb _builder_version=\u00a0\u00bb4.27.4&Prime; _module_preset=\u00a0\u00bbdefault\u00a0\u00bb border_color_all=\u00a0\u00bb#220f6d\u00a0\u00bb global_colors_info=\u00a0\u00bb{}\u00a0\u00bb open=\u00a0\u00bboff\u00a0\u00bb]<\/p>\n<p>R\u00e9jouissez-vous de vivre une exp\u00e9rience de gin incroyablement passionnante avec une s\u00e9lection &#8211; sur demande en fonction des pr\u00e9f\u00e9rences individuelles (produits sarrois, certification bio, approfondissement de go\u00fbts particuliers, etc.) &#8211; de vari\u00e9t\u00e9s de gin premium de grande qualit\u00e9, tri\u00e9es sur le volet. Au cours d&rsquo;un programme d&rsquo;environ deux heures, vous d\u00e9couvrirez des informations d\u00e9taill\u00e9es et vari\u00e9es sur le th\u00e8me du gin, son origine et sa fabrication, ainsi que sur cinq vari\u00e9t\u00e9s premium qui seront d\u00e9gust\u00e9es sur place avec des vari\u00e9t\u00e9s assorties d&rsquo;eau tonique premium. Cela comprend une excursion fruit\u00e9e dans le monde des botaniques avec un effet \u00ab\u00a0wow\u00a0\u00bb ainsi qu&rsquo;une introduction au monde des bitters. Convient en particulier aux personnes qui poss\u00e8dent des connaissances de base sur le gin et qui souhaitent \u00e9largir et approfondir les exp\u00e9riences qu&rsquo;elles ont d\u00e9j\u00e0 acquises.<\/p>\n<p>Dur\u00e9e : environ 2 heures<\/p>\n<p>L&rsquo;engagement final avec la date et le lieu souhait\u00e9 ne pourra vous \u00eatre confirm\u00e9 qu&rsquo;apr\u00e8s concertation entre nous et GIN.LIEBE \u00e0 Hombourg.<\/p>\n<h3>Prix pour 2 personnes \u20ac 240<\/h3>\n<p>et chaque personne suppl\u00e9mentaire \u20ac 68 jusqu&rsquo;\u00e0 max. 8 personnes <\/p>\n<p>(\u00e0 partir de Merzig jusqu&rsquo;\u00e0 20 km inclus, chaque kilom\u00e8tre suppl\u00e9mentaire \u20ac0,55\/km)<\/p>\n<p style=\"text-align: center;\">En collaboration avec<\/p>\n<p><a href=\"https:\/\/www.ginliebe.de\/\" target=\"_blank\" rel=\"noopener\"><img decoding=\"async\" src=\"https:\/\/yachtcharter-holiday-tours.de\/wp-content\/uploads\/2023\/10\/Logo-Gin.Liebe_.png\" width=\"232\" height=\"162\" alt=\"\" class=\"wp-image-249695 alignnone size-full\" style=\"display: block; margin-left: auto; margin-right: auto;\"><\/a><\/p>\n<p>[\/et_pb_accordion_item][\/et_pb_accordion][dsm_pricelist _builder_version=\u00a0\u00bb4.17.6&Prime; _module_preset=\u00a0\u00bbdefault\u00a0\u00bb background_color=\u00a0\u00bbRGBA(255,255,255,0)\u00a0\u00bb global_colors_info=\u00a0\u00bb{}\u00a0\u00bb][\/dsm_pricelist][dsm_pricelist _builder_version=\u00a0\u00bb4.17.6&Prime; _module_preset=\u00a0\u00bbdefault\u00a0\u00bb background_color=\u00a0\u00bbRGBA(255,255,255,0)\u00a0\u00bb global_colors_info=\u00a0\u00bb{}\u00a0\u00bb][\/dsm_pricelist][\/et_pb_column][et_pb_column type=\u00a0\u00bb1_3&Prime; _builder_version=\u00a0\u00bb4.17.6&Prime; _module_preset=\u00a0\u00bbdefault\u00a0\u00bb global_colors_info=\u00a0\u00bb{}\u00a0\u00bb][\/et_pb_column][et_pb_column type=\u00a0\u00bb1_3&Prime; _builder_version=\u00a0\u00bb4.17.6&Prime; _module_preset=\u00a0\u00bbdefault\u00a0\u00bb global_colors_info=\u00a0\u00bb{}\u00a0\u00bb][\/et_pb_column][\/et_pb_row][\/et_pb_section][et_pb_section fb_built=\u00a0\u00bb1&Prime; admin_label=\u00a0\u00bbReservations\u00a0\u00bb _builder_version=\u00a0\u00bb4.23&Prime; use_background_color_gradient=\u00a0\u00bbon\u00a0\u00bb background_color_gradient_direction=\u00a0\u00bb150deg\u00a0\u00bb background_color_gradient_stops=\u00a0\u00bb#2f3a44 25%|rgba(38,46,53,0) 100%\u00a0\u00bb background_color_gradient_overlays_image=\u00a0\u00bbon\u00a0\u00bb background_color_gradient_start=\u00a0\u00bb#2f3a44&Prime; background_color_gradient_start_position=\u00a0\u00bb25%\u00a0\u00bb background_color_gradient_end=\u00a0\u00bbrgba(38,46,53,0)\u00a0\u00bb background_image=\u00a0\u00bbhttps:\/\/yachtcharter-holiday-tours.de\/wp-content\/uploads\/2023\/03\/Imagebild-Linssen-Fahne-1.jpg\u00a0\u00bb custom_padding=\u00a0\u00bb8vw|0px|280px|0px|false|false\u00a0\u00bb global_colors_info=\u00a0\u00bb{}\u00a0\u00bb][et_pb_row column_structure=\u00a0\u00bb1_2,1_2&Prime; use_custom_gutter=\u00a0\u00bbon\u00a0\u00bb make_equal=\u00a0\u00bbon\u00a0\u00bb _builder_version=\u00a0\u00bb4.16&Prime; global_colors_info=\u00a0\u00bb{}\u00a0\u00bb][et_pb_column type=\u00a0\u00bb1_2&Prime; _builder_version=\u00a0\u00bb4.16&Prime; custom_padding=\u00a0\u00bb|||\u00a0\u00bb global_colors_info=\u00a0\u00bb{}\u00a0\u00bb custom_padding__hover=\u00a0\u00bb|||\u00a0\u00bb][et_pb_text _builder_version=\u00a0\u00bb4.23&Prime; text_font=\u00a0\u00bb||||||||\u00a0\u00bb text_font_size=\u00a0\u00bb22px\u00a0\u00bb text_line_height=\u00a0\u00bb2em\u00a0\u00bb header_font=\u00a0\u00bb||||||||\u00a0\u00bb header_2_font=\u00a0\u00bbRaleway|700|||||||\u00a0\u00bb header_2_font_size=\u00a0\u00bb50px\u00a0\u00bb header_2_line_height=\u00a0\u00bb1.2em\u00a0\u00bb header_6_font=\u00a0\u00bbRaleway|700||on|||||\u00a0\u00bb header_6_font_size=\u00a0\u00bb16px\u00a0\u00bb header_6_letter_spacing=\u00a0\u00bb5px\u00a0\u00bb header_6_line_height=\u00a0\u00bb1.8em\u00a0\u00bb background_layout=\u00a0\u00bbdark\u00a0\u00bb max_width_tablet=\u00a0\u00bb\u00a0\u00bb max_width_phone=\u00a0\u00bb\u00a0\u00bb max_width_last_edited=\u00a0\u00bbon|desktop\u00a0\u00bb header_2_font_size_tablet=\u00a0\u00bb35px\u00a0\u00bb header_2_font_size_phone=\u00a0\u00bb25px\u00a0\u00bb header_2_font_size_last_edited=\u00a0\u00bbon|phone\u00a0\u00bb locked=\u00a0\u00bboff\u00a0\u00bb global_colors_info=\u00a0\u00bb{}\u00a0\u00bb]<\/p>\n<h6><span>Slow down and start living<\/span><\/h6>\n<p>Des exp\u00e9riences uniques de style de vie avec<\/p>\n<h2>Linssen Yachts<\/h2>\n<h5 style=\"text-align: left;\">R\u00e9gion des trois fronti\u00e8res Allemagne-France-Luxembourg<\/h5>\n<p>&nbsp;<\/p>\n<h3><\/h3>\n<p>[\/et_pb_text][\/et_pb_column][et_pb_column type=\u00a0\u00bb1_2&Prime; _builder_version=\u00a0\u00bb4.16&Prime; custom_padding=\u00a0\u00bb|||\u00a0\u00bb custom_padding_tablet=\u00a0\u00bb0px||0px||true\u00a0\u00bb global_colors_info=\u00a0\u00bb{}\u00a0\u00bb padding_tablet=\u00a0\u00bb0px||0px||true\u00a0\u00bb custom_padding__hover=\u00a0\u00bb|||\u00a0\u00bb][et_pb_button button_url=\u00a0\u00bb@ET-DC@eyJkeW5hbWljIjp0cnVlLCJjb250ZW50IjoicG9zdF9saW5rX3VybF9wYWdlIiwic2V0dGluZ3MiOnsicG9zdF9pZCI6Ijg3OCIsImVuYWJsZV9odG1sIjoib2ZmIn19@\u00a0\u00bb button_text=\u00a0\u00bbLinssen Yacht buchen\u00a0\u00bb button_alignment=\u00a0\u00bbright\u00a0\u00bb _builder_version=\u00a0\u00bb4.23&Prime; _dynamic_attributes=\u00a0\u00bbbutton_url\u00a0\u00bb custom_button=\u00a0\u00bbon\u00a0\u00bb button_text_color=\u00a0\u00bb#FFFFFF\u00a0\u00bb button_bg_color=\u00a0\u00bb#220f6d\u00a0\u00bb button_border_width=\u00a0\u00bb10px\u00a0\u00bb button_border_color=\u00a0\u00bb#220f6d\u00a0\u00bb button_border_radius=\u00a0\u00bb0px\u00a0\u00bb button_font=\u00a0\u00bb|700|||||||\u00a0\u00bb button_icon_color=\u00a0\u00bb#220f6d\u00a0\u00bb button_border_radius_hover=\u00a0\u00bb0px\u00a0\u00bb locked=\u00a0\u00bboff\u00a0\u00bb global_colors_info=\u00a0\u00bb{}\u00a0\u00bb button_text_size__hover_enabled=\u00a0\u00bboff\u00a0\u00bb button_one_text_size__hover_enabled=\u00a0\u00bboff\u00a0\u00bb button_two_text_size__hover_enabled=\u00a0\u00bboff\u00a0\u00bb button_text_color__hover_enabled=\u00a0\u00bboff\u00a0\u00bb button_one_text_color__hover_enabled=\u00a0\u00bboff\u00a0\u00bb button_two_text_color__hover_enabled=\u00a0\u00bboff\u00a0\u00bb button_border_width__hover_enabled=\u00a0\u00bboff\u00a0\u00bb button_one_border_width__hover_enabled=\u00a0\u00bboff\u00a0\u00bb button_two_border_width__hover_enabled=\u00a0\u00bboff\u00a0\u00bb button_border_color__hover_enabled=\u00a0\u00bbon|hover\u00a0\u00bb button_one_border_color__hover_enabled=\u00a0\u00bboff\u00a0\u00bb button_two_border_color__hover_enabled=\u00a0\u00bboff\u00a0\u00bb button_border_radius__hover_enabled=\u00a0\u00bbon\u00a0\u00bb button_border_radius__hover=\u00a0\u00bb0px\u00a0\u00bb button_one_border_radius__hover_enabled=\u00a0\u00bboff\u00a0\u00bb button_two_border_radius__hover_enabled=\u00a0\u00bboff\u00a0\u00bb button_letter_spacing__hover_enabled=\u00a0\u00bboff\u00a0\u00bb button_one_letter_spacing__hover_enabled=\u00a0\u00bboff\u00a0\u00bb button_two_letter_spacing__hover_enabled=\u00a0\u00bboff\u00a0\u00bb button_bg_color__hover_enabled=\u00a0\u00bboff\u00a0\u00bb button_one_bg_color__hover_enabled=\u00a0\u00bboff\u00a0\u00bb button_two_bg_color__hover_enabled=\u00a0\u00bboff\u00a0\u00bb button_border_color__hover=\u00a0\u00bb#220f6d\u00a0\u00bb][\/et_pb_button][\/et_pb_column][\/et_pb_row][\/et_pb_section][et_pb_section fb_built=\u00a0\u00bb1&Prime; admin_label=\u00a0\u00bbContact Info\u00a0\u00bb _builder_version=\u00a0\u00bb4.16&Prime; background_color=\u00a0\u00bb#ffffff\u00a0\u00bb max_width=\u00a0\u00bb90%\u00a0\u00bb max_width_tablet=\u00a0\u00bb\u00a0\u00bb max_width_phone=\u00a0\u00bb100%\u00a0\u00bb max_width_last_edited=\u00a0\u00bbon|phone\u00a0\u00bb custom_margin=\u00a0\u00bb-160px|||\u00a0\u00bb border_color_all=\u00a0\u00bb#ffffff\u00a0\u00bb border_width_left=\u00a0\u00bb10vw\u00a0\u00bb global_colors_info=\u00a0\u00bb{}\u00a0\u00bb][et_pb_row column_structure=\u00a0\u00bb1_3,1_3,1_3&Prime; _builder_version=\u00a0\u00bb4.16&Prime; width=\u00a0\u00bb100%\u00a0\u00bb custom_width_px=\u00a0\u00bb800px\u00a0\u00bb locked=\u00a0\u00bboff\u00a0\u00bb global_colors_info=\u00a0\u00bb{}\u00a0\u00bb][et_pb_column type=\u00a0\u00bb1_3&Prime; _builder_version=\u00a0\u00bb4.16&Prime; custom_padding=\u00a0\u00bb|||\u00a0\u00bb global_colors_info=\u00a0\u00bb{}\u00a0\u00bb custom_padding__hover=\u00a0\u00bb|||\u00a0\u00bb][et_pb_blurb title=\u00a0\u00bb+49 26 32 96 55 90&Prime; use_icon=\u00a0\u00bbon\u00a0\u00bb font_icon=\u00a0\u00bb\ue090||divi||400&Prime; icon_placement=\u00a0\u00bbleft\u00a0\u00bb image_icon_width=\u00a0\u00bb24px\u00a0\u00bb _builder_version=\u00a0\u00bb4.22.2&Prime; header_level=\u00a0\u00bbh5&Prime; header_font=\u00a0\u00bbPoppins||||||||\u00a0\u00bb header_text_color=\u00a0\u00bb#000000&Prime; header_line_height=\u00a0\u00bb1.4em\u00a0\u00bb icon_font_size=\u00a0\u00bb24px\u00a0\u00bb global_colors_info=\u00a0\u00bb{}\u00a0\u00bb][\/et_pb_blurb][\/et_pb_column][et_pb_column type=\u00a0\u00bb1_3&Prime; _builder_version=\u00a0\u00bb4.16&Prime; custom_padding=\u00a0\u00bb|||\u00a0\u00bb global_colors_info=\u00a0\u00bb{}\u00a0\u00bb custom_padding__hover=\u00a0\u00bb|||\u00a0\u00bb][et_pb_blurb title=\u00a0\u00bbDelphin Tec Schiffstechnik GmbH  \u00a0\u00bb use_icon=\u00a0\u00bbon\u00a0\u00bb font_icon=\u00a0\u00bb\ue081||divi||400&Prime; icon_placement=\u00a0\u00bbleft\u00a0\u00bb image_icon_width=\u00a0\u00bb24px\u00a0\u00bb _builder_version=\u00a0\u00bb4.25.0&Prime; header_level=\u00a0\u00bbh5&Prime; header_font=\u00a0\u00bbPoppins||||||||\u00a0\u00bb header_text_color=\u00a0\u00bb#000000&Prime; header_line_height=\u00a0\u00bb1.4em\u00a0\u00bb icon_font_size=\u00a0\u00bb24px\u00a0\u00bb global_colors_info=\u00a0\u00bb{}\u00a0\u00bb]<\/p>\n<p><span>Saarwiesenring 12a \/ <\/span><span>Port de plaisance (parking du port) &#8211; <\/span><span>66663 Merzig<\/span><\/p>\n<p>[\/et_pb_blurb][\/et_pb_column][et_pb_column type=\u00a0\u00bb1_3&Prime; _builder_version=\u00a0\u00bb4.16&Prime; custom_padding=\u00a0\u00bb|||\u00a0\u00bb global_colors_info=\u00a0\u00bb{}\u00a0\u00bb custom_padding__hover=\u00a0\u00bb|||\u00a0\u00bb][et_pb_blurb title=\u00a0\u00bbinfo@yachtcharter-holiday-tours.de\u00a0\u00bb url=\u00a0\u00bbmailto:info@joylife.boats\u00a0\u00bb use_icon=\u00a0\u00bbon\u00a0\u00bb font_icon=\u00a0\u00bb\ue076||divi||400&Prime; icon_placement=\u00a0\u00bbleft\u00a0\u00bb image_icon_width=\u00a0\u00bb24px\u00a0\u00bb _builder_version=\u00a0\u00bb4.23&Prime; header_level=\u00a0\u00bbh5&Prime; header_font=\u00a0\u00bbPoppins||||||||\u00a0\u00bb header_text_color=\u00a0\u00bb#000000&Prime; header_line_height=\u00a0\u00bb1.4em\u00a0\u00bb icon_font_size=\u00a0\u00bb24px\u00a0\u00bb global_colors_info=\u00a0\u00bb{}\u00a0\u00bb][\/et_pb_blurb][\/et_pb_column][\/et_pb_row][\/et_pb_section]<\/p>\n","protected":false},"excerpt":{"rendered":"<p>Vacances de luxe sur l&rsquo;eau Style de vie Pour que vos vacances soient encore plus inoubliables&#8230;Offres lifestyleEnrichissez votre croisi\u00e8re chez nous avec des offres lifestyle sp\u00e9cialement s\u00e9lectionn\u00e9es pour vous. En effet, cela rendra vos vacances encore plus pr\u00e9cieuses en termes de d\u00e9tente et d&rsquo;exp\u00e9rience. &#8211; Et s&rsquo;il vous manque quelque chose, contactez-nous et nous essaierons de le rendre possible pour vous.Pour des moments particuliers&#8230; Les photos sont des souvenirs de moments particuliers et plus ceux-ci sont lointains, plus ils gagnent en fascination et en importance. Et c&rsquo;est un tel moment que votre s\u00e9jour sur votre yacht Linssen ! 1,5 heures de shooting de couple \/ portraits de famille dans l&rsquo;eau et\/ou sur terre selon les souhaits du client et les conditions m\u00e9t\u00e9orologiques (\u00e0 partir de Merzig jusqu&rsquo;\u00e0 20 km inclus, chaque kilom\u00e8tre suppl\u00e9mentaire \u20ac0,55\/km) Nombre illimit\u00e9 de photos et toutes les photos d\u00e9velopp\u00e9es sont disponibles pour une dur\u00e9e maximale de 10 jours. 4 semaines dans une galerie en ligne s\u00e9curis\u00e9e pour le t\u00e9l\u00e9chargement L&rsquo;accord final avec la date et le lieu souhait\u00e9 ne peut vous \u00eatre confirm\u00e9 qu&rsquo;apr\u00e8s concertation avec J\u00fcrgen Schmieding de Unikat-Foto. Prix forfaitaire \u20ac 330 &nbsp; En collaboration avec <div class=\"et_pb_module dsm_pricelist dsm_pricelist_0\">\n\t\t\t\t\n\t\t\t\t\n\t\t\t\t\n\t\t\t\t\n\t\t\t\t\n\t\t\t\t\n\t\t\t\t<div class=\"et_pb_module_inner\">\n\t\t\t\t\t<div class=\"dsm_pricelist\"><\/div>\n\t\t\t\t<\/div>\n\t\t\t<\/div>Vous en valez la [&hellip;]<\/p>\n","protected":false},"author":1,"featured_media":0,"parent":0,"menu_order":0,"comment_status":"closed","ping_status":"closed","template":"","meta":{"_et_pb_use_builder":"on","_et_pb_old_content":"","_et_gb_content_width":"","footnotes":""},"class_list":["post-4691","page","type-page","status-publish","hentry"],"_links":{"self":[{"href":"https:\/\/yachtcharter-holiday-tours.de\/fr\/wp-json\/wp\/v2\/pages\/4691","targetHints":{"allow":["GET"]}}],"collection":[{"href":"https:\/\/yachtcharter-holiday-tours.de\/fr\/wp-json\/wp\/v2\/pages"}],"about":[{"href":"https:\/\/yachtcharter-holiday-tours.de\/fr\/wp-json\/wp\/v2\/types\/page"}],"author":[{"embeddable":true,"href":"https:\/\/yachtcharter-holiday-tours.de\/fr\/wp-json\/wp\/v2\/users\/1"}],"replies":[{"embeddable":true,"href":"https:\/\/yachtcharter-holiday-tours.de\/fr\/wp-json\/wp\/v2\/comments?post=4691"}],"version-history":[{"count":16,"href":"https:\/\/yachtcharter-holiday-tours.de\/fr\/wp-json\/wp\/v2\/pages\/4691\/revisions"}],"predecessor-version":[{"id":7480,"href":"https:\/\/yachtcharter-holiday-tours.de\/fr\/wp-json\/wp\/v2\/pages\/4691\/revisions\/7480"}],"wp:attachment":[{"href":"https:\/\/yachtcharter-holiday-tours.de\/fr\/wp-json\/wp\/v2\/media?parent=4691"}],"curies":[{"name":"wp","href":"https:\/\/api.w.org\/{rel}","templated":true}]}}