{"id":7854,"date":"2025-07-31T14:48:31","date_gmt":"2025-07-31T14:48:31","guid":{"rendered":"https:\/\/yachtcharter-holiday-tours.de\/emplacements-de-mouillage-yachtcharter-holiday-tours\/"},"modified":"2025-08-01T06:09:09","modified_gmt":"2025-08-01T06:09:09","slug":"emplacements-de-mouillage-yachtcharter-holiday-tours","status":"publish","type":"page","link":"https:\/\/yachtcharter-holiday-tours.de\/fr\/emplacements-de-mouillage-yachtcharter-holiday-tours\/","title":{"rendered":"Emplacements de mouillage Yachtcharter Holiday Tours"},"content":{"rendered":"<p>[et_pb_section fb_built=\u00a0\u00bb1&Prime; admin_label=\u00a0\u00bbHeader\u00a0\u00bb _builder_version=\u00a0\u00bb4.27.4&Prime; use_background_color_gradient=\u00a0\u00bbon\u00a0\u00bb background_color_gradient_type=\u00a0\u00bbcircular\u00a0\u00bb background_color_gradient_direction_radial=\u00a0\u00bbtop left\u00a0\u00bb background_color_gradient_stops=\u00a0\u00bbrgba(255,255,255,0.3) 29%|rgba(255,255,255,0) 80%\u00a0\u00bb background_color_gradient_overlays_image=\u00a0\u00bbon\u00a0\u00bb background_color_gradient_start=\u00a0\u00bbrgba(255,255,255,0.89)\u00a0\u00bb background_color_gradient_start_position=\u00a0\u00bb30%\u00a0\u00bb background_color_gradient_end=\u00a0\u00bbrgba(255,255,255,0)\u00a0\u00bb background_color_gradient_end_position=\u00a0\u00bb80%\u00a0\u00bb background_image=\u00a0\u00bbhttps:\/\/yachtcharter-holiday-tours.de\/wp-content\/uploads\/2025\/07\/Flottille-Linssen-Yachten-Saarschleife-29.03.25.jpg\u00a0\u00bb background_enable_video_mp4=\u00a0\u00bboff\u00a0\u00bb background_video_width=\u00a0\u00bb1920&Prime; background_video_height=\u00a0\u00bb1280&Prime; background_video_pause_outside_viewport=\u00a0\u00bboff\u00a0\u00bb min_height=\u00a0\u00bb677.8px\u00a0\u00bb custom_margin=\u00a0\u00bb||||false|false\u00a0\u00bb custom_padding=\u00a0\u00bb|0px||0px|false|false\u00a0\u00bb global_colors_info=\u00a0\u00bb{}\u00a0\u00bb][et_pb_row _builder_version=\u00a0\u00bb4.19.4&Prime; custom_margin=\u00a0\u00bb|||\u00a0\u00bb custom_padding=\u00a0\u00bb12vw||||false|false\u00a0\u00bb global_colors_info=\u00a0\u00bb{}\u00a0\u00bb][et_pb_column type=\u00a0\u00bb4_4&Prime; _builder_version=\u00a0\u00bb4.16&Prime; custom_padding=\u00a0\u00bb|||\u00a0\u00bb global_colors_info=\u00a0\u00bb{}\u00a0\u00bb custom_padding__hover=\u00a0\u00bb|||\u00a0\u00bb][et_pb_text _builder_version=\u00a0\u00bb4.27.4&Prime; text_font=\u00a0\u00bb||||||||\u00a0\u00bb header_font=\u00a0\u00bb|700|||||||\u00a0\u00bb header_text_color=\u00a0\u00bb#000000&Prime; header_font_size=\u00a0\u00bb80px\u00a0\u00bb header_line_height=\u00a0\u00bb1.2em\u00a0\u00bb header_5_font=\u00a0\u00bbPoppins|500||on|||||\u00a0\u00bb header_5_text_color=\u00a0\u00bb#000000&Prime; header_5_font_size=\u00a0\u00bb20px\u00a0\u00bb header_5_letter_spacing=\u00a0\u00bb0.5em\u00a0\u00bb header_5_line_height=\u00a0\u00bb1.8em\u00a0\u00bb custom_margin=\u00a0\u00bb||||false|false\u00a0\u00bb custom_margin_tablet=\u00a0\u00bb|||0px|false|false\u00a0\u00bb custom_margin_phone=\u00a0\u00bb|||0px|false|false\u00a0\u00bb custom_margin_last_edited=\u00a0\u00bboff|desktop\u00a0\u00bb animation_style=\u00a0\u00bbzoom\u00a0\u00bb animation_intensity_zoom=\u00a0\u00bb5%\u00a0\u00bb header_font_size_tablet=\u00a0\u00bb48px\u00a0\u00bb header_font_size_phone=\u00a0\u00bb32px\u00a0\u00bb header_font_size_last_edited=\u00a0\u00bbon|phone\u00a0\u00bb header_5_font_size_tablet=\u00a0\u00bb14px\u00a0\u00bb header_5_font_size_phone=\u00a0\u00bb12px\u00a0\u00bb header_5_font_size_last_edited=\u00a0\u00bbon|desktop\u00a0\u00bb global_colors_info=\u00a0\u00bb{}\u00a0\u00bb custom_margin__hover_enabled=\u00a0\u00bboff|desktop\u00a0\u00bb]<\/p>\n<h1><span style=\"color: #ffffff;\">Lieux de repos  <\/span><\/h1>\n<h1><span style=\"color: #ffffff;\">Location de bateaux Holiday Tours<\/span><\/h1>\n<h3><span style=\"color: #ffffff;\">Nos embarcad\u00e8res priv\u00e9s &#8211; pour nos h\u00f4tes &#8211; les d\u00e9barcad\u00e8res pour visiteurs avec r\u00e9servation sont les bienvenus<\/span><\/h3>\n<p>[\/et_pb_text][\/et_pb_column][\/et_pb_row][\/et_pb_section][et_pb_section fb_built=\u00a0\u00bb1&Prime; admin_label=\u00a0\u00bbAbout Us\u00a0\u00bb _builder_version=\u00a0\u00bb4.27.4&Prime; global_colors_info=\u00a0\u00bb{}\u00a0\u00bb][et_pb_row custom_padding_last_edited=\u00a0\u00bboff|desktop\u00a0\u00bb _builder_version=\u00a0\u00bb4.16&Prime; custom_padding=\u00a0\u00bb27px|0px|0|0px|false|false\u00a0\u00bb custom_padding_tablet=\u00a0\u00bb|0px||0px||true\u00a0\u00bb global_colors_info=\u00a0\u00bb{}\u00a0\u00bb][et_pb_column type=\u00a0\u00bb4_4&Prime; _builder_version=\u00a0\u00bb4.16&Prime; custom_padding=\u00a0\u00bb|||\u00a0\u00bb global_colors_info=\u00a0\u00bb{}\u00a0\u00bb custom_padding__hover=\u00a0\u00bb|||\u00a0\u00bb][et_pb_text _builder_version=\u00a0\u00bb4.27.4&Prime; text_font=\u00a0\u00bb||||||||\u00a0\u00bb text_line_height=\u00a0\u00bb2em\u00a0\u00bb header_font=\u00a0\u00bb||||||||\u00a0\u00bb header_2_font=\u00a0\u00bb|600|||||||\u00a0\u00bb header_2_font_size=\u00a0\u00bb50px\u00a0\u00bb header_2_line_height=\u00a0\u00bb1.4em\u00a0\u00bb header_6_font=\u00a0\u00bbPoppins|||on|||||\u00a0\u00bb header_6_font_size=\u00a0\u00bb16px\u00a0\u00bb header_6_letter_spacing=\u00a0\u00bb5px\u00a0\u00bb header_6_line_height=\u00a0\u00bb1.8em\u00a0\u00bb module_alignment=\u00a0\u00bbcenter\u00a0\u00bb header_2_font_size_tablet=\u00a0\u00bb35px\u00a0\u00bb header_2_font_size_phone=\u00a0\u00bb22px\u00a0\u00bb header_2_font_size_last_edited=\u00a0\u00bbon|phone\u00a0\u00bb global_colors_info=\u00a0\u00bb{}\u00a0\u00bb]<\/p>\n<h2>Amarrages sur la Sarre<\/h2>\n<p>Sarrebourg &#8211; Mettlach &#8211; Boucle de la Sarre &#8211; Merzig<\/p>\n<p>[\/et_pb_text][\/et_pb_column][\/et_pb_row][et_pb_row column_structure=\u00a0\u00bb1_2,1_2&Prime; use_custom_gutter=\u00a0\u00bbon\u00a0\u00bb gutter_width=\u00a0\u00bb2&Prime; _builder_version=\u00a0\u00bb4.27.4&Prime; custom_margin=\u00a0\u00bb||||false|false\u00a0\u00bb global_colors_info=\u00a0\u00bb{}\u00a0\u00bb][et_pb_column type=\u00a0\u00bb1_2&Prime; _builder_version=\u00a0\u00bb4.16&Prime; custom_padding=\u00a0\u00bb|||\u00a0\u00bb global_colors_info=\u00a0\u00bb{}\u00a0\u00bb custom_padding__hover=\u00a0\u00bb|||\u00a0\u00bb][et_pb_image src=\u00a0\u00bbhttps:\/\/yachtcharter-holiday-tours.de\/wp-content\/uploads\/2025\/07\/Fahrgebiet-Yacht_neue-Anleger.jpg\u00a0\u00bb title_text=\u00a0\u00bbFahrgebiet Yacht_neue Anleger\u00a0\u00bb show_in_lightbox=\u00a0\u00bbon\u00a0\u00bb _builder_version=\u00a0\u00bb4.27.4&Prime; _module_preset=\u00a0\u00bbdefault\u00a0\u00bb global_colors_info=\u00a0\u00bb{}\u00a0\u00bb][\/et_pb_image][\/et_pb_column][et_pb_column type=\u00a0\u00bb1_2&Prime; _builder_version=\u00a0\u00bb4.16&Prime; custom_padding=\u00a0\u00bb|||\u00a0\u00bb global_colors_info=\u00a0\u00bb{}\u00a0\u00bb custom_padding__hover=\u00a0\u00bb|||\u00a0\u00bb][et_pb_text _builder_version=\u00a0\u00bb4.27.4&Prime; _module_preset=\u00a0\u00bbdefault\u00a0\u00bb global_colors_info=\u00a0\u00bb{}\u00a0\u00bb]<\/p>\n<p style=\"text-align: justify;\"><span>Nos embarcad\u00e8res priv\u00e9s sur la Sarre, \u00e0 Merzig, \u00e0 la boucle de la Sarre, \u00e0 Mettlach et \u00e0 Sarrebourg, sont \u00e0 la disposition de nos h\u00f4tes et des visiteurs. Vous pouvez vous y amarrer en toute s\u00e9curit\u00e9 moyennant un droit d&rsquo;amarrage correspondant par nuit et la dur\u00e9e d&rsquo;amarrage est limit\u00e9e \u00e0 2 jours. Si vous souhaitez rester plus longtemps \u00e0 un poste d&rsquo;amarrage, veuillez nous envoyer un e-mail \u00e0 <a href=\"mailto:info@yachtcharter-holiday-tours.de\">info@yachtcharter-holiday-tours.de<\/a>   <\/span><span>et nous verrons si cela est possible. Nous vous remercions de votre compr\u00e9hension. <\/span><\/p>\n<p>Vous trouverez ci-dessous la liste de nos embarcad\u00e8res priv\u00e9s avec les places d&rsquo;amarrage qui vous sont r\u00e9serv\u00e9es :<\/p>\n<ul>\n<li>Sarrebourg, embarcad\u00e8re de Staden, kilom\u00e8tre 11.0 380 rive gauche<\/li>\n<li>Mettlach, Marina\/Base Joylife Boats, pr\u00e8s du Kanuheim Mettlach<\/li>\n<li>Boucle de la Sarre (Dreisbach), au ponton Location de bateaux-Sarre<\/li>\n<li>Merzig, Marina\/Base Yachtcharter Holiday Tours, ponton A entr\u00e9e du port \u00e0 droite<\/li>\n<\/ul>\n<p style=\"text-align: justify;\">Que ce soit pour une nuit de repos \u00e0 l&rsquo;un de nos postes d&rsquo;amarrage ou pour une escale au cours de votre voyage, nous serons ravis de vous accueillir dans la magnifique r\u00e9gion de navigation de la Sarre !<\/p>\n<p>[\/et_pb_text][et_pb_button button_text=\u00a0\u00bbBuchen &#8211; Saarburg\u00a0\u00bb button_alignment=\u00a0\u00bbleft\u00a0\u00bb _builder_version=\u00a0\u00bb4.27.4&Prime; _module_preset=\u00a0\u00bbdefault\u00a0\u00bb global_colors_info=\u00a0\u00bb{}\u00a0\u00bb][\/et_pb_button][et_pb_button button_text=\u00a0\u00bbBuchen &#8211; Mettlach\u00a0\u00bb button_alignment=\u00a0\u00bbleft\u00a0\u00bb _builder_version=\u00a0\u00bb4.27.4&Prime; _module_preset=\u00a0\u00bbdefault\u00a0\u00bb global_colors_info=\u00a0\u00bb{}\u00a0\u00bb][\/et_pb_button][et_pb_button button_text=\u00a0\u00bbBuchen &#8211; Saarschleife\u00a0\u00bb button_alignment=\u00a0\u00bbleft\u00a0\u00bb _builder_version=\u00a0\u00bb4.27.4&Prime; _module_preset=\u00a0\u00bbdefault\u00a0\u00bb global_colors_info=\u00a0\u00bb{}\u00a0\u00bb][\/et_pb_button][et_pb_button button_text=\u00a0\u00bbBuchen &#8211; Merzig\u00a0\u00bb button_alignment=\u00a0\u00bbleft\u00a0\u00bb _builder_version=\u00a0\u00bb4.27.4&Prime; _module_preset=\u00a0\u00bbdefault\u00a0\u00bb global_colors_info=\u00a0\u00bb{}\u00a0\u00bb][\/et_pb_button][\/et_pb_column][\/et_pb_row][et_pb_row _builder_version=\u00a0\u00bb4.16&Prime; global_colors_info=\u00a0\u00bb{}\u00a0\u00bb][et_pb_column type=\u00a0\u00bb4_4&Prime; _builder_version=\u00a0\u00bb4.16&Prime; custom_padding=\u00a0\u00bb|||\u00a0\u00bb global_colors_info=\u00a0\u00bb{}\u00a0\u00bb custom_padding__hover=\u00a0\u00bb|||\u00a0\u00bb][et_pb_text _builder_version=\u00a0\u00bb4.27.4&Prime; text_font=\u00a0\u00bb||||||||\u00a0\u00bb text_line_height=\u00a0\u00bb2em\u00a0\u00bb header_font=\u00a0\u00bb||||||||\u00a0\u00bb header_3_font=\u00a0\u00bb|600|||||||\u00a0\u00bb header_3_text_color=\u00a0\u00bb#000000&Prime; header_3_line_height=\u00a0\u00bb1.2em\u00a0\u00bb header_3_font_size_tablet=\u00a0\u00bb30px\u00a0\u00bb header_3_font_size_phone=\u00a0\u00bb18px\u00a0\u00bb header_3_font_size_last_edited=\u00a0\u00bbon|phone\u00a0\u00bb locked=\u00a0\u00bboff\u00a0\u00bb global_colors_info=\u00a0\u00bb{}\u00a0\u00bb]<\/p>\n<p><strong>Veuillez noter que vous devez r\u00e9server votre poste d&rsquo;amarrage au moins 24 heures \u00e0 l&rsquo;avance. Merci beaucoup. <\/strong><\/p>\n<p>[\/et_pb_text][\/et_pb_column][\/et_pb_row][et_pb_row column_structure=\u00a0\u00bb1_4,1_4,1_4,1_4&Prime; _builder_version=\u00a0\u00bb4.27.4&Prime; _module_preset=\u00a0\u00bbdefault\u00a0\u00bb global_colors_info=\u00a0\u00bb{}\u00a0\u00bb][et_pb_column type=\u00a0\u00bb1_4&Prime; _builder_version=\u00a0\u00bb4.27.4&Prime; _module_preset=\u00a0\u00bbdefault\u00a0\u00bb global_colors_info=\u00a0\u00bb{}\u00a0\u00bb][et_pb_blurb title=\u00a0\u00bbSarrebourg\u00a0\u00bb image=\u00a0\u00bbhttps:\/\/yachtcharter-holiday-tours.de\/wp-content\/uploads\/2025\/08\/Steg-Saarburg.jpg\u00a0\u00bb _builder_version=\u00a0\u00bb4.27.4&Prime; _module_preset=\u00a0\u00bbdefault\u00a0\u00bb text_orientation=\u00a0\u00bbcenter\u00a0\u00bb global_colors_info=\u00a0\u00bb{}\u00a0\u00bb][\/et_pb_blurb][\/et_pb_column][et_pb_column type=\u00a0\u00bb1_4&Prime; _builder_version=\u00a0\u00bb4.27.4&Prime; _module_preset=\u00a0\u00bbdefault\u00a0\u00bb global_colors_info=\u00a0\u00bb{}\u00a0\u00bb][et_pb_blurb title=\u00a0\u00bbMettlach\u00a0\u00bb image=\u00a0\u00bbhttps:\/\/yachtcharter-holiday-tours.de\/wp-content\/uploads\/2025\/08\/Steg-Mettlach.jpg\u00a0\u00bb _builder_version=\u00a0\u00bb4.27.4&Prime; _module_preset=\u00a0\u00bbdefault\u00a0\u00bb text_orientation=\u00a0\u00bbcenter\u00a0\u00bb global_colors_info=\u00a0\u00bb{}\u00a0\u00bb][\/et_pb_blurb][\/et_pb_column][et_pb_column type=\u00a0\u00bb1_4&Prime; _builder_version=\u00a0\u00bb4.27.4&Prime; _module_preset=\u00a0\u00bbdefault\u00a0\u00bb global_colors_info=\u00a0\u00bb{}\u00a0\u00bb][et_pb_blurb title=\u00a0\u00bbBoucle de la Sarre\u00a0\u00bb image=\u00a0\u00bbhttps:\/\/yachtcharter-holiday-tours.de\/wp-content\/uploads\/2025\/08\/Saarschleife-YCHT.jpg\u00a0\u00bb _builder_version=\u00a0\u00bb4.27.4&Prime; _module_preset=\u00a0\u00bbdefault\u00a0\u00bb text_orientation=\u00a0\u00bbcenter\u00a0\u00bb global_colors_info=\u00a0\u00bb{}\u00a0\u00bb][\/et_pb_blurb][\/et_pb_column][et_pb_column type=\u00a0\u00bb1_4&Prime; _builder_version=\u00a0\u00bb4.27.4&Prime; _module_preset=\u00a0\u00bbdefault\u00a0\u00bb global_colors_info=\u00a0\u00bb{}\u00a0\u00bb][et_pb_blurb title=\u00a0\u00bbMerzig\u00a0\u00bb image=\u00a0\u00bbhttps:\/\/yachtcharter-holiday-tours.de\/wp-content\/uploads\/2025\/08\/Steg-Merzig.jpg\u00a0\u00bb _builder_version=\u00a0\u00bb4.27.4&Prime; _module_preset=\u00a0\u00bbdefault\u00a0\u00bb text_orientation=\u00a0\u00bbcenter\u00a0\u00bb global_colors_info=\u00a0\u00bb{}\u00a0\u00bb][\/et_pb_blurb][\/et_pb_column][\/et_pb_row][\/et_pb_section][et_pb_section fb_built=\u00a0\u00bb1&Prime; admin_label=\u00a0\u00bbReservations\u00a0\u00bb _builder_version=\u00a0\u00bb4.27.4&Prime; use_background_color_gradient=\u00a0\u00bbon\u00a0\u00bb background_color_gradient_direction=\u00a0\u00bb150deg\u00a0\u00bb background_color_gradient_stops=\u00a0\u00bbrgba(47,58,68,0.7) 25%|rgba(38,46,53,0) 100%\u00a0\u00bb background_color_gradient_overlays_image=\u00a0\u00bbon\u00a0\u00bb background_color_gradient_start=\u00a0\u00bb#2f3a44&Prime; background_color_gradient_start_position=\u00a0\u00bb25%\u00a0\u00bb background_color_gradient_end=\u00a0\u00bbrgba(38,46,53,0)\u00a0\u00bb background_image=\u00a0\u00bbhttps:\/\/yachtcharter-holiday-tours.de\/wp-content\/uploads\/2025\/08\/Flottille-YCHT2-1.jpg\u00a0\u00bb width=\u00a0\u00bb100%\u00a0\u00bb custom_margin=\u00a0\u00bb||||false|false\u00a0\u00bb custom_padding=\u00a0\u00bb200px|0px|400px|0px|false|false\u00a0\u00bb global_colors_info=\u00a0\u00bb{}\u00a0\u00bb][et_pb_row column_structure=\u00a0\u00bb1_2,1_2&Prime; use_custom_gutter=\u00a0\u00bbon\u00a0\u00bb make_equal=\u00a0\u00bbon\u00a0\u00bb _builder_version=\u00a0\u00bb4.16&Prime; hover_enabled=\u00a0\u00bb0&Prime; global_colors_info=\u00a0\u00bb{}\u00a0\u00bb sticky_enabled=\u00a0\u00bb0&Prime;][et_pb_column type=\u00a0\u00bb1_2&Prime; _builder_version=\u00a0\u00bb4.16&Prime; custom_padding=\u00a0\u00bb|||\u00a0\u00bb hover_enabled=\u00a0\u00bb0&Prime; global_colors_info=\u00a0\u00bb{}\u00a0\u00bb custom_padding__hover=\u00a0\u00bb|||\u00a0\u00bb sticky_enabled=\u00a0\u00bb0&Prime;][et_pb_text _builder_version=\u00a0\u00bb4.27.4&Prime; text_font=\u00a0\u00bb||||||||\u00a0\u00bb text_line_height=\u00a0\u00bb2em\u00a0\u00bb header_font=\u00a0\u00bb||||||||\u00a0\u00bb header_text_color=\u00a0\u00bb#FFFFFF\u00a0\u00bb header_2_font=\u00a0\u00bb|700|||||||\u00a0\u00bb header_2_text_color=\u00a0\u00bb#FFFFFF\u00a0\u00bb header_2_font_size=\u00a0\u00bb42px\u00a0\u00bb header_2_line_height=\u00a0\u00bb1.2em\u00a0\u00bb header_3_text_color=\u00a0\u00bb#FFFFFF\u00a0\u00bb header_5_text_color=\u00a0\u00bb#FFFFFF\u00a0\u00bb header_6_font=\u00a0\u00bb|700||on|||||\u00a0\u00bb header_6_text_color=\u00a0\u00bb#FFFFFF\u00a0\u00bb header_6_font_size=\u00a0\u00bb16px\u00a0\u00bb header_6_letter_spacing=\u00a0\u00bb5px\u00a0\u00bb header_6_line_height=\u00a0\u00bb1.8em\u00a0\u00bb background_layout=\u00a0\u00bbdark\u00a0\u00bb max_width_tablet=\u00a0\u00bb\u00a0\u00bb max_width_phone=\u00a0\u00bb\u00a0\u00bb max_width_last_edited=\u00a0\u00bbon|desktop\u00a0\u00bb hover_enabled=\u00a0\u00bb0&Prime; header_2_font_size_tablet=\u00a0\u00bb35px\u00a0\u00bb header_2_font_size_phone=\u00a0\u00bb22px\u00a0\u00bb header_2_font_size_last_edited=\u00a0\u00bbon|phone\u00a0\u00bb locked=\u00a0\u00bboff\u00a0\u00bb global_colors_info=\u00a0\u00bb{}\u00a0\u00bb sticky_enabled=\u00a0\u00bb0&Prime;]<\/p>\n<h2><span>D\u00e9couvrir Linssen Yacht&#8230;<\/span><\/h2>\n<p>Croisi\u00e8re culturelle de 4 jours avec beaucoup de culture, d&rsquo;art et de gastronomie.<\/p>\n<\/p>\n<ul>\n<li><span>Villeroy &amp; Boch 2000 m2 d&rsquo;univers de d\u00e9couverte<\/span><\/li>\n<li><span>Patrimoine culturel mondial de l&rsquo;UNESCO V\u00f6lklinger H\u00fctte<\/span><\/li>\n<li><span>Mus\u00e9e de la Galerie Moderne de Sarrebruck<\/span><\/li>\n<li><span>Wine-Tasting &amp; Saar-Whisky-Tasting<\/span><\/li>\n<li><span>Menu 7 plats \u00e0 La Louis (2 \u00e9toiles Michelin)<\/span><\/li>\n<li><span>Et bien plus encore&#8230;<\/span><\/li>\n<\/ul>\n<p>[\/et_pb_text][\/et_pb_column][et_pb_column type=\u00a0\u00bb1_2&Prime; _builder_version=\u00a0\u00bb4.16&Prime; custom_padding=\u00a0\u00bb|||\u00a0\u00bb custom_padding_tablet=\u00a0\u00bb0px||0px||true\u00a0\u00bb global_colors_info=\u00a0\u00bb{}\u00a0\u00bb padding_tablet=\u00a0\u00bb0px||0px||true\u00a0\u00bb custom_padding__hover=\u00a0\u00bb|||\u00a0\u00bb][et_pb_button button_url=\u00a0\u00bb@ET-DC@eyJkeW5hbWljIjp0cnVlLCJjb250ZW50IjoicG9zdF9saW5rX3VybF9wYWdlIiwic2V0dGluZ3MiOnsicG9zdF9pZCI6IjU4NTUiLCJlbmFibGVfaHRtbCI6Im9mZiJ9fQ==@\u00a0\u00bb button_text=\u00a0\u00bbZum Arrangement\u00a0\u00bb button_alignment=\u00a0\u00bbright\u00a0\u00bb _builder_version=\u00a0\u00bb4.27.4&Prime; _dynamic_attributes=\u00a0\u00bbbutton_url\u00a0\u00bb custom_button=\u00a0\u00bbon\u00a0\u00bb button_text_color=\u00a0\u00bb#FFFFFF\u00a0\u00bb button_bg_color=\u00a0\u00bb#1A0052&Prime; button_border_width=\u00a0\u00bb10px\u00a0\u00bb button_border_color=\u00a0\u00bb#1A0052&Prime; button_border_radius=\u00a0\u00bb0px\u00a0\u00bb button_font=\u00a0\u00bb|700|||||||\u00a0\u00bb hover_enabled=\u00a0\u00bb0&Prime; button_border_radius_hover=\u00a0\u00bb0px\u00a0\u00bb locked=\u00a0\u00bboff\u00a0\u00bb global_colors_info=\u00a0\u00bb{}\u00a0\u00bb button_text_size__hover_enabled=\u00a0\u00bboff\u00a0\u00bb button_one_text_size__hover_enabled=\u00a0\u00bboff\u00a0\u00bb button_two_text_size__hover_enabled=\u00a0\u00bboff\u00a0\u00bb button_text_color__hover_enabled=\u00a0\u00bboff\u00a0\u00bb button_one_text_color__hover_enabled=\u00a0\u00bboff\u00a0\u00bb button_two_text_color__hover_enabled=\u00a0\u00bboff\u00a0\u00bb button_border_width__hover_enabled=\u00a0\u00bboff|desktop\u00a0\u00bb button_one_border_width__hover_enabled=\u00a0\u00bboff\u00a0\u00bb button_two_border_width__hover_enabled=\u00a0\u00bboff\u00a0\u00bb button_border_color__hover_enabled=\u00a0\u00bbon|hover\u00a0\u00bb button_one_border_color__hover_enabled=\u00a0\u00bboff\u00a0\u00bb button_two_border_color__hover_enabled=\u00a0\u00bboff\u00a0\u00bb button_border_radius__hover_enabled=\u00a0\u00bbon\u00a0\u00bb button_border_radius__hover=\u00a0\u00bb0px\u00a0\u00bb button_one_border_radius__hover_enabled=\u00a0\u00bboff\u00a0\u00bb button_two_border_radius__hover_enabled=\u00a0\u00bboff\u00a0\u00bb button_letter_spacing__hover_enabled=\u00a0\u00bboff\u00a0\u00bb button_one_letter_spacing__hover_enabled=\u00a0\u00bboff\u00a0\u00bb button_two_letter_spacing__hover_enabled=\u00a0\u00bboff\u00a0\u00bb button_bg_color__hover_enabled=\u00a0\u00bboff|desktop\u00a0\u00bb button_one_bg_color__hover_enabled=\u00a0\u00bboff\u00a0\u00bb button_two_bg_color__hover_enabled=\u00a0\u00bboff\u00a0\u00bb button_border_color__hover=\u00a0\u00bb#1A0052&Prime; sticky_enabled=\u00a0\u00bb0&Prime;][\/et_pb_button][\/et_pb_column][\/et_pb_row][\/et_pb_section][et_pb_section fb_built=\u00a0\u00bb1&Prime; admin_label=\u00a0\u00bbContact Info\u00a0\u00bb _builder_version=\u00a0\u00bb4.16&Prime; background_color=\u00a0\u00bb#ffffff\u00a0\u00bb max_width=\u00a0\u00bb90%\u00a0\u00bb max_width_tablet=\u00a0\u00bb\u00a0\u00bb max_width_phone=\u00a0\u00bb100%\u00a0\u00bb max_width_last_edited=\u00a0\u00bbon|phone\u00a0\u00bb custom_margin=\u00a0\u00bb-160px|||\u00a0\u00bb border_color_all=\u00a0\u00bb#ffffff\u00a0\u00bb border_width_left=\u00a0\u00bb10vw\u00a0\u00bb global_colors_info=\u00a0\u00bb{}\u00a0\u00bb][et_pb_row column_structure=\u00a0\u00bb1_3,1_3,1_3&Prime; _builder_version=\u00a0\u00bb4.19.4&Prime; width=\u00a0\u00bb90%\u00a0\u00bb max_width=\u00a0\u00bb1921px\u00a0\u00bb custom_width_px=\u00a0\u00bb800px\u00a0\u00bb locked=\u00a0\u00bboff\u00a0\u00bb global_colors_info=\u00a0\u00bb{}\u00a0\u00bb][et_pb_column type=\u00a0\u00bb1_3&Prime; _builder_version=\u00a0\u00bb4.16&Prime; custom_padding=\u00a0\u00bb|||\u00a0\u00bb global_colors_info=\u00a0\u00bb{}\u00a0\u00bb custom_padding__hover=\u00a0\u00bb|||\u00a0\u00bb][et_pb_blurb title=\u00a0\u00bb+49 26 32 96 55 90&Prime; use_icon=\u00a0\u00bbon\u00a0\u00bb font_icon=\u00a0\u00bb\ue090||divi||400&Prime; icon_placement=\u00a0\u00bbleft\u00a0\u00bb image_icon_width=\u00a0\u00bb24px\u00a0\u00bb _builder_version=\u00a0\u00bb4.22.2&Prime; header_level=\u00a0\u00bbh5&Prime; header_font=\u00a0\u00bbPoppins||||||||\u00a0\u00bb header_text_color=\u00a0\u00bb#000000&Prime; header_line_height=\u00a0\u00bb1.4em\u00a0\u00bb icon_font_size=\u00a0\u00bb24px\u00a0\u00bb global_colors_info=\u00a0\u00bb{}\u00a0\u00bb][\/et_pb_blurb][\/et_pb_column][et_pb_column type=\u00a0\u00bb1_3&Prime; _builder_version=\u00a0\u00bb4.16&Prime; custom_padding=\u00a0\u00bb|||\u00a0\u00bb global_colors_info=\u00a0\u00bb{}\u00a0\u00bb custom_padding__hover=\u00a0\u00bb|||\u00a0\u00bb][et_pb_blurb title=\u00a0\u00bbDelphin Tec Schiffstechnik GmbH\u00a0\u00bb use_icon=\u00a0\u00bbon\u00a0\u00bb font_icon=\u00a0\u00bb\ue081||divi||400&Prime; icon_placement=\u00a0\u00bbleft\u00a0\u00bb image_icon_width=\u00a0\u00bb24px\u00a0\u00bb _builder_version=\u00a0\u00bb4.25.0&Prime; header_level=\u00a0\u00bbh5&Prime; header_font=\u00a0\u00bb||||||||\u00a0\u00bb header_text_color=\u00a0\u00bb#000000&Prime; header_line_height=\u00a0\u00bb1.4em\u00a0\u00bb link_option_url_new_window=\u00a0\u00bbon\u00a0\u00bb icon_font_size=\u00a0\u00bb24px\u00a0\u00bb global_module=\u00a0\u00bb4949&Prime; saved_tabs=\u00a0\u00bball\u00a0\u00bb global_colors_info=\u00a0\u00bb{}\u00a0\u00bb]<\/p>\n<p><span>Saarwiesenring 12a \/ <\/span><span>Port de plaisance (parking du port) &#8211; <\/span><span>66663 Merzig<\/span><\/p>\n<p>[\/et_pb_blurb][\/et_pb_column][et_pb_column type=\u00a0\u00bb1_3&Prime; _builder_version=\u00a0\u00bb4.16&Prime; custom_padding=\u00a0\u00bb|||\u00a0\u00bb global_colors_info=\u00a0\u00bb{}\u00a0\u00bb custom_padding__hover=\u00a0\u00bb|||\u00a0\u00bb][et_pb_blurb title=\u00a0\u00bbinfo@yachtcharter-holiday-tours.de\u00a0\u00bb url=\u00a0\u00bbmailto:info@yachtcharter-holiday-tours.de\u00a0\u00bb url_new_window=\u00a0\u00bbon\u00a0\u00bb use_icon=\u00a0\u00bbon\u00a0\u00bb font_icon=\u00a0\u00bb\ue076||divi||400&Prime; icon_placement=\u00a0\u00bbleft\u00a0\u00bb image_icon_width=\u00a0\u00bb24px\u00a0\u00bb _builder_version=\u00a0\u00bb4.23&Prime; header_level=\u00a0\u00bbh5&Prime; header_font=\u00a0\u00bbPoppins||||||||\u00a0\u00bb header_text_color=\u00a0\u00bb#000000&Prime; header_line_height=\u00a0\u00bb1.4em\u00a0\u00bb link_option_url=\u00a0\u00bbmailto:info@yachtcharter-holiday-tours.de\u00a0\u00bb link_option_url_new_window=\u00a0\u00bbon\u00a0\u00bb icon_font_size=\u00a0\u00bb24px\u00a0\u00bb global_colors_info=\u00a0\u00bb{}\u00a0\u00bb][\/et_pb_blurb][\/et_pb_column][\/et_pb_row][\/et_pb_section]<\/p>\n","protected":false},"excerpt":{"rendered":"<p>Lieux de repos Location de bateaux Holiday Tours Nos embarcad\u00e8res priv\u00e9s &#8211; pour nos h\u00f4tes &#8211; les d\u00e9barcad\u00e8res pour visiteurs avec r\u00e9servation sont les bienvenusAmarrages sur la Sarre Sarrebourg &#8211; Mettlach &#8211; Boucle de la Sarre &#8211; MerzigNos embarcad\u00e8res priv\u00e9s sur la Sarre, \u00e0 Merzig, \u00e0 la boucle de la Sarre, \u00e0 Mettlach et \u00e0 Sarrebourg, sont \u00e0 la disposition de nos h\u00f4tes et des visiteurs. Vous pouvez vous y amarrer en toute s\u00e9curit\u00e9 moyennant un droit d&rsquo;amarrage correspondant par nuit et la dur\u00e9e d&rsquo;amarrage est limit\u00e9e \u00e0 2 jours. Si vous souhaitez rester plus longtemps \u00e0 un poste d&rsquo;amarrage, veuillez nous envoyer un e-mail \u00e0 info@yachtcharter-holiday-tours.de et nous verrons si cela est possible. Nous vous remercions de votre compr\u00e9hension. Vous trouverez ci-dessous la liste de nos embarcad\u00e8res priv\u00e9s avec les places d&rsquo;amarrage qui vous sont r\u00e9serv\u00e9es : Sarrebourg, embarcad\u00e8re de Staden, kilom\u00e8tre 11.0 380 rive gauche Mettlach, Marina\/Base Joylife Boats, pr\u00e8s du Kanuheim Mettlach Boucle de la Sarre (Dreisbach), au ponton Location de bateaux-Sarre Merzig, Marina\/Base Yachtcharter Holiday Tours, ponton A entr\u00e9e du port \u00e0 droite Que ce soit pour une nuit de repos \u00e0 l&rsquo;un de nos postes d&rsquo;amarrage ou pour une escale au cours de votre voyage, [&hellip;]<\/p>\n","protected":false},"author":2,"featured_media":0,"parent":0,"menu_order":0,"comment_status":"closed","ping_status":"closed","template":"","meta":{"_et_pb_use_builder":"on","_et_pb_old_content":"","_et_gb_content_width":"","footnotes":""},"class_list":["post-7854","page","type-page","status-publish","hentry"],"_links":{"self":[{"href":"https:\/\/yachtcharter-holiday-tours.de\/fr\/wp-json\/wp\/v2\/pages\/7854","targetHints":{"allow":["GET"]}}],"collection":[{"href":"https:\/\/yachtcharter-holiday-tours.de\/fr\/wp-json\/wp\/v2\/pages"}],"about":[{"href":"https:\/\/yachtcharter-holiday-tours.de\/fr\/wp-json\/wp\/v2\/types\/page"}],"author":[{"embeddable":true,"href":"https:\/\/yachtcharter-holiday-tours.de\/fr\/wp-json\/wp\/v2\/users\/2"}],"replies":[{"embeddable":true,"href":"https:\/\/yachtcharter-holiday-tours.de\/fr\/wp-json\/wp\/v2\/comments?post=7854"}],"version-history":[{"count":5,"href":"https:\/\/yachtcharter-holiday-tours.de\/fr\/wp-json\/wp\/v2\/pages\/7854\/revisions"}],"predecessor-version":[{"id":7920,"href":"https:\/\/yachtcharter-holiday-tours.de\/fr\/wp-json\/wp\/v2\/pages\/7854\/revisions\/7920"}],"wp:attachment":[{"href":"https:\/\/yachtcharter-holiday-tours.de\/fr\/wp-json\/wp\/v2\/media?parent=7854"}],"curies":[{"name":"wp","href":"https:\/\/api.w.org\/{rel}","templated":true}]}}