{"id":2479,"date":"2022-12-02T15:20:06","date_gmt":"2022-12-02T15:20:06","guid":{"rendered":"https:\/\/yachtcharter-holiday-tours.de\/area-di-navigazione\/"},"modified":"2025-07-18T14:04:06","modified_gmt":"2025-07-18T14:04:06","slug":"area-di-navigazione","status":"publish","type":"page","link":"https:\/\/yachtcharter-holiday-tours.de\/it\/area-di-navigazione\/","title":{"rendered":"Area di navigazione"},"content":{"rendered":"<p>[et_pb_section fb_built=&#8221;1&#8243; admin_label=&#8221;Header&#8221; _builder_version=&#8221;4.19.4&#8243; use_background_color_gradient=&#8221;on&#8221; background_color_gradient_type=&#8221;circular&#8221; background_color_gradient_direction_radial=&#8221;top left&#8221; background_color_gradient_stops=&#8221;rgba(255,255,255,0.3) 29%|rgba(255,255,255,0) 80%&#8221; background_color_gradient_overlays_image=&#8221;on&#8221; background_color_gradient_start=&#8221;rgba(255,255,255,0.89)&#8221; background_color_gradient_start_position=&#8221;30%&#8221; background_color_gradient_end=&#8221;rgba(255,255,255,0)&#8221; background_color_gradient_end_position=&#8221;80%&#8221; background_image=&#8221;https:\/\/yachtcharter-holiday-tours.de\/wp-content\/uploads\/2022\/12\/Die-Saarschleife-am-fruehen-Morgen.jpg&#8221; background_enable_video_mp4=&#8221;off&#8221; background_video_width=&#8221;1920&#8243; background_video_height=&#8221;1280&#8243; background_video_pause_outside_viewport=&#8221;off&#8221; custom_padding=&#8221;0vw|0px|0|0px|false|false&#8221; global_colors_info=&#8221;{}&#8221;][et_pb_row _builder_version=&#8221;4.19.4&#8243; custom_margin=&#8221;|||&#8221; custom_padding=&#8221;12vw||||false|false&#8221; global_colors_info=&#8221;{}&#8221;][et_pb_column type=&#8221;4_4&#8243; _builder_version=&#8221;4.16&#8243; custom_padding=&#8221;|||&#8221; global_colors_info=&#8221;{}&#8221; custom_padding__hover=&#8221;|||&#8221;][et_pb_text _builder_version=&#8221;4.19.4&#8243; text_font=&#8221;||||||||&#8221; header_font=&#8221;|700|||||||&#8221; header_text_color=&#8221;#000000&#8243; header_font_size=&#8221;80px&#8221; header_line_height=&#8221;1.2em&#8221; header_5_font=&#8221;Poppins|500||on|||||&#8221; header_5_text_color=&#8221;#000000&#8243; header_5_font_size=&#8221;20px&#8221; header_5_letter_spacing=&#8221;0.5em&#8221; header_5_line_height=&#8221;1.8em&#8221; custom_margin=&#8221;||||false|false&#8221; custom_margin_tablet=&#8221;|||0px|false|false&#8221; custom_margin_phone=&#8221;|||0px|false|false&#8221; custom_margin_last_edited=&#8221;off|desktop&#8221; animation_style=&#8221;zoom&#8221; animation_intensity_zoom=&#8221;5%&#8221; header_font_size_tablet=&#8221;48px&#8221; header_font_size_phone=&#8221;32px&#8221; header_font_size_last_edited=&#8221;on|phone&#8221; header_5_font_size_tablet=&#8221;14px&#8221; header_5_font_size_phone=&#8221;12px&#8221; header_5_font_size_last_edited=&#8221;on|desktop&#8221; global_colors_info=&#8221;{}&#8221; custom_margin__hover_enabled=&#8221;off|desktop&#8221;]<\/p>\n<h3>Il triangolo di confine tra Germania, Francia e Lussemburgo<\/h3>\n<h1>Area di navigazione<\/h1>\n<h3>Oltre 2000 chilometri di fiume vi aspettano nel cuore dell&#8217;Europa<\/h3>\n<p>[\/et_pb_text][\/et_pb_column][\/et_pb_row][et_pb_row column_structure=&#8221;1_4,1_4,1_4,1_4&#8243; use_custom_gutter=&#8221;on&#8221; gutter_width=&#8221;2&#8243; make_equal=&#8221;on&#8221; custom_padding_last_edited=&#8221;on|desktop&#8221; disabled_on=&#8221;on|on|off&#8221; _builder_version=&#8221;4.19.4&#8243; background_color=&#8221;rgba(255,255,255,0.9)&#8221; width=&#8221;90%&#8221; max_width=&#8221;90%&#8221; module_alignment=&#8221;left&#8221; min_height=&#8221;160.4px&#8221; custom_margin=&#8221;12vw|-20px||auto|false|false&#8221; custom_padding=&#8221;0|10px|0px|10vw|false|false&#8221; custom_padding_tablet=&#8221;|||10vw&#8221; custom_padding_phone=&#8221;&#8221; animation_style=&#8221;zoom&#8221; use_custom_width=&#8221;on&#8221; width_unit=&#8221;off&#8221; custom_width_percent=&#8221;90%&#8221; locked=&#8221;off&#8221; global_colors_info=&#8221;{}&#8221;][et_pb_column type=&#8221;1_4&#8243; _builder_version=&#8221;4.16&#8243; custom_padding=&#8221;74px|||&#8221; custom_padding_tablet=&#8221;40px|||&#8221; custom_padding_phone=&#8221;20px|||&#8221; custom_padding_last_edited=&#8221;off|desktop&#8221; global_colors_info=&#8221;{}&#8221; padding_phone=&#8221;20px|||&#8221; padding_tablet=&#8221;40px|||&#8221; padding_last_edited=&#8221;off|desktop&#8221; custom_padding__hover=&#8221;|||&#8221;][et_pb_blurb title=&#8221;Saar&#8221; use_icon=&#8221;on&#8221; font_icon=&#8221;\ue081||divi||400&#8243; icon_placement=&#8221;left&#8221; image_icon_width=&#8221;24px&#8221; _builder_version=&#8221;4.19.2&#8243; header_level=&#8221;h5&#8243; header_font=&#8221;Poppins||||||||&#8221; header_line_height=&#8221;1.4em&#8221; link_option_url=&#8221;https:\/\/www.urlaub.saarland\/&#8221; link_option_url_new_window=&#8221;on&#8221; icon_font_size=&#8221;24px&#8221; global_colors_info=&#8221;{}&#8221;][\/et_pb_blurb][\/et_pb_column][et_pb_column type=&#8221;1_4&#8243; _builder_version=&#8221;4.16&#8243; custom_padding=&#8221;74px|||&#8221; custom_padding_tablet=&#8221;40px|||&#8221; custom_padding_phone=&#8221;20px|||&#8221; custom_padding_last_edited=&#8221;off|desktop&#8221; global_colors_info=&#8221;{}&#8221; padding_phone=&#8221;20px|||&#8221; padding_tablet=&#8221;40px|||&#8221; padding_last_edited=&#8221;off|desktop&#8221; custom_padding__hover=&#8221;|||&#8221;][et_pb_blurb title=&#8221;Mosella&#8221; use_icon=&#8221;on&#8221; font_icon=&#8221;\ue081||divi||400&#8243; icon_placement=&#8221;left&#8221; image_icon_width=&#8221;24px&#8221; _builder_version=&#8221;4.19.2&#8243; header_level=&#8221;h5&#8243; header_font=&#8221;Poppins||||||||&#8221; header_line_height=&#8221;1.4em&#8221; link_option_url=&#8221;https:\/\/www.visitmosel.de\/&#8221; link_option_url_new_window=&#8221;on&#8221; icon_font_size=&#8221;24px&#8221; global_colors_info=&#8221;{}&#8221;][\/et_pb_blurb][\/et_pb_column][et_pb_column type=&#8221;1_4&#8243; _builder_version=&#8221;4.16&#8243; custom_padding=&#8221;74px|||&#8221; custom_padding_tablet=&#8221;40px|||&#8221; custom_padding_phone=&#8221;20px|||&#8221; custom_padding_last_edited=&#8221;off|desktop&#8221; global_colors_info=&#8221;{}&#8221; padding_phone=&#8221;20px|||&#8221; padding_tablet=&#8221;40px|||&#8221; padding_last_edited=&#8221;off|desktop&#8221; custom_padding__hover=&#8221;|||&#8221;][et_pb_blurb title=&#8221;Lahn&#8221; url=&#8221;https:\/\/www.daslahntal.de\/&#8221; url_new_window=&#8221;on&#8221; use_icon=&#8221;on&#8221; font_icon=&#8221;\ue081||divi||400&#8243; icon_placement=&#8221;left&#8221; image_icon_width=&#8221;24px&#8221; _builder_version=&#8221;4.19.2&#8243; header_level=&#8221;h5&#8243; header_font=&#8221;Poppins||||||||&#8221; header_line_height=&#8221;1.4em&#8221; icon_font_size=&#8221;24px&#8221; global_colors_info=&#8221;{}&#8221;][\/et_pb_blurb][\/et_pb_column][et_pb_column type=&#8221;1_4&#8243; _builder_version=&#8221;4.16&#8243; custom_padding=&#8221;74px|||&#8221; custom_padding_tablet=&#8221;40px|||&#8221; custom_padding_phone=&#8221;20px|||&#8221; custom_padding_last_edited=&#8221;off|desktop&#8221; global_colors_info=&#8221;{}&#8221; padding_phone=&#8221;20px|||&#8221; padding_tablet=&#8221;40px|||&#8221; padding_last_edited=&#8221;off|desktop&#8221; custom_padding__hover=&#8221;|||&#8221;][et_pb_blurb title=&#8221;Reno&#8221; url=&#8221;https:\/\/www.romantischer-rhein.de\/&#8221; url_new_window=&#8221;on&#8221; use_icon=&#8221;on&#8221; font_icon=&#8221;\ue081||divi||400&#8243; icon_placement=&#8221;left&#8221; image_icon_width=&#8221;24px&#8221; _builder_version=&#8221;4.19.2&#8243; header_level=&#8221;h5&#8243; header_font=&#8221;Poppins||||||||&#8221; header_line_height=&#8221;1.4em&#8221; icon_font_size=&#8221;24px&#8221; global_colors_info=&#8221;{}&#8221;][\/et_pb_blurb][\/et_pb_column][\/et_pb_row][\/et_pb_section][et_pb_section fb_built=&#8221;1&#8243; disabled_on=&#8221;off|off|on&#8221; _builder_version=&#8221;4.16&#8243; _module_preset=&#8221;default&#8221; global_colors_info=&#8221;{}&#8221;][et_pb_row column_structure=&#8221;1_4,1_4,1_4,1_4&#8243; _builder_version=&#8221;4.16&#8243; _module_preset=&#8221;default&#8221; global_colors_info=&#8221;{}&#8221;][et_pb_column type=&#8221;1_4&#8243; _builder_version=&#8221;4.16&#8243; _module_preset=&#8221;default&#8221; global_colors_info=&#8221;{}&#8221;][et_pb_blurb title=&#8221;Saar&#8221; use_icon=&#8221;on&#8221; font_icon=&#8221;\ue081||divi||400&#8243; icon_placement=&#8221;left&#8221; image_icon_width=&#8221;24px&#8221; _builder_version=&#8221;4.19.2&#8243; header_level=&#8221;h5&#8243; header_font=&#8221;Poppins||||||||&#8221; header_line_height=&#8221;1.4em&#8221; link_option_url=&#8221;https:\/\/www.urlaub.saarland\/&#8221; link_option_url_new_window=&#8221;on&#8221; icon_font_size=&#8221;24px&#8221; global_colors_info=&#8221;{}&#8221;][\/et_pb_blurb][\/et_pb_column][et_pb_column type=&#8221;1_4&#8243; _builder_version=&#8221;4.16&#8243; _module_preset=&#8221;default&#8221; global_colors_info=&#8221;{}&#8221;][et_pb_blurb title=&#8221;Mosella&#8221; use_icon=&#8221;on&#8221; font_icon=&#8221;\ue081||divi||400&#8243; icon_placement=&#8221;left&#8221; image_icon_width=&#8221;24px&#8221; _builder_version=&#8221;4.19.2&#8243; header_level=&#8221;h5&#8243; header_font=&#8221;Poppins||||||||&#8221; header_line_height=&#8221;1.4em&#8221; link_option_url=&#8221;https:\/\/www.visitmosel.de\/&#8221; link_option_url_new_window=&#8221;on&#8221; icon_font_size=&#8221;24px&#8221; global_colors_info=&#8221;{}&#8221;][\/et_pb_blurb][\/et_pb_column][et_pb_column type=&#8221;1_4&#8243; _builder_version=&#8221;4.16&#8243; _module_preset=&#8221;default&#8221; global_colors_info=&#8221;{}&#8221;][et_pb_blurb title=&#8221;Lahn&#8221; url=&#8221;https:\/\/www.daslahntal.de\/&#8221; url_new_window=&#8221;on&#8221; use_icon=&#8221;on&#8221; font_icon=&#8221;\ue081||divi||400&#8243; icon_placement=&#8221;left&#8221; image_icon_width=&#8221;24px&#8221; _builder_version=&#8221;4.19.2&#8243; header_level=&#8221;h5&#8243; header_font=&#8221;Poppins||||||||&#8221; header_line_height=&#8221;1.4em&#8221; icon_font_size=&#8221;24px&#8221; global_colors_info=&#8221;{}&#8221;][\/et_pb_blurb][\/et_pb_column][et_pb_column type=&#8221;1_4&#8243; _builder_version=&#8221;4.16&#8243; _module_preset=&#8221;default&#8221; global_colors_info=&#8221;{}&#8221;][et_pb_blurb title=&#8221;Reno&#8221; url=&#8221;https:\/\/www.romantischer-rhein.de\/&#8221; url_new_window=&#8221;on&#8221; use_icon=&#8221;on&#8221; font_icon=&#8221;\ue081||divi||400&#8243; icon_placement=&#8221;left&#8221; image_icon_width=&#8221;24px&#8221; _builder_version=&#8221;4.19.2&#8243; header_level=&#8221;h5&#8243; header_font=&#8221;Poppins||||||||&#8221; header_line_height=&#8221;1.4em&#8221; icon_font_size=&#8221;24px&#8221; global_colors_info=&#8221;{}&#8221;][\/et_pb_blurb][\/et_pb_column][\/et_pb_row][\/et_pb_section][et_pb_section fb_built=&#8221;1&#8243; admin_label=&#8221;About Us&#8221; _builder_version=&#8221;4.16&#8243; min_height=&#8221;2600.1px&#8221; global_colors_info=&#8221;{}&#8221;][et_pb_row custom_padding_last_edited=&#8221;off|desktop&#8221; _builder_version=&#8221;4.16&#8243; custom_padding=&#8221;27px|0px|0|0px|false|false&#8221; custom_padding_tablet=&#8221;|0px||0px||true&#8221; global_colors_info=&#8221;{}&#8221;][et_pb_column type=&#8221;4_4&#8243; _builder_version=&#8221;4.16&#8243; custom_padding=&#8221;|||&#8221; global_colors_info=&#8221;{}&#8221; custom_padding__hover=&#8221;|||&#8221;][et_pb_text _builder_version=&#8221;4.19.4&#8243; text_font=&#8221;||||||||&#8221; text_line_height=&#8221;2em&#8221; header_font=&#8221;||||||||&#8221; header_2_font=&#8221;|600|||||||&#8221; header_2_font_size=&#8221;50px&#8221; header_2_line_height=&#8221;1.4em&#8221; header_6_font=&#8221;Poppins|||on|||||&#8221; header_6_font_size=&#8221;16px&#8221; header_6_letter_spacing=&#8221;5px&#8221; header_6_line_height=&#8221;1.8em&#8221; module_alignment=&#8221;center&#8221; header_2_font_size_tablet=&#8221;35px&#8221; header_2_font_size_phone=&#8221;22px&#8221; header_2_font_size_last_edited=&#8221;on|phone&#8221; global_colors_info=&#8221;{}&#8221;]<\/p>\n<h2>Scoprire il distretto<\/h2>\n<p>Yachthafen Merzig: base per gli yacht Linssen<\/p>\n<p>[\/et_pb_text][\/et_pb_column][\/et_pb_row][et_pb_row use_custom_gutter=&#8221;on&#8221; gutter_width=&#8221;2&#8243; _builder_version=&#8221;4.27.4&#8243; custom_margin=&#8221;||-200px||false|false&#8221; global_colors_info=&#8221;{}&#8221;][et_pb_column type=&#8221;4_4&#8243; _builder_version=&#8221;4.16&#8243; custom_padding=&#8221;|||&#8221; global_colors_info=&#8221;{}&#8221; custom_padding__hover=&#8221;|||&#8221;][et_pb_image src=&#8221;https:\/\/yachtcharter-holiday-tours.de\/wp-content\/uploads\/2024\/01\/karte_mit_rhein.jpg&#8221; title_text=&#8221;karte_mit_rhein&#8221; _builder_version=&#8221;4.23.1&#8243; _module_preset=&#8221;default&#8221; global_colors_info=&#8221;{}&#8221;][\/et_pb_image][\/et_pb_column][\/et_pb_row][et_pb_row column_structure=&#8221;1_3,1_3,1_3&#8243; use_custom_gutter=&#8221;on&#8221; gutter_width=&#8221;2&#8243; _builder_version=&#8221;4.27.4&#8243; custom_margin=&#8221;-200px||||false|false&#8221; global_colors_info=&#8221;{}&#8221;][et_pb_column type=&#8221;1_3&#8243; _builder_version=&#8221;4.16&#8243; custom_padding=&#8221;|||&#8221; global_colors_info=&#8221;{}&#8221; custom_padding__hover=&#8221;|||&#8221;][et_pb_video src=&#8221;https:\/\/yachtcharter-holiday-tours.de\/wp-content\/uploads\/2024\/12\/Mit-dem-Boot-auf-Saar-und-Mosel-%E2%80%93-von-Merzig-nach-Trier-_-Teil-1-_-Bootsurlaub-in-Deutschland720p.mp4&#8243; image_src=&#8221;https:\/\/yachtcharter-holiday-tours.de\/wp-content\/uploads\/2024\/12\/Keyif2.jpg&#8221; _builder_version=&#8221;4.27.0&#8243; _module_preset=&#8221;default&#8221; global_colors_info=&#8221;{}&#8221;][\/et_pb_video][et_pb_text _builder_version=&#8221;4.27.0&#8243; _module_preset=&#8221;default&#8221; global_colors_info=&#8221;{}&#8221;]<\/p>\n<h4 class=\"style-scope ytd-watch-metadata\" style=\"text-align: left;\"><yt-formatted-string force-default-style=\"\" class=\"style-scope ytd-watch-metadata\">In barca sulla Saar e sulla Mosella &#8211; da Merzig a Trier | Parte 1 | Vacanze in barca in Germania<\/yt-formatted-string><\/h4>\n<p>[\/et_pb_text][\/et_pb_column][et_pb_column type=&#8221;1_3&#8243; _builder_version=&#8221;4.16&#8243; custom_padding=&#8221;|||&#8221; global_colors_info=&#8221;{}&#8221; custom_padding__hover=&#8221;|||&#8221;][et_pb_video src=&#8221;https:\/\/youtu.be\/UhBi2E1zmHw?si=TgDGa87wE_44SUav&#8221; image_src=&#8221;https:\/\/yachtcharter-holiday-tours.de\/wp-content\/uploads\/2024\/12\/Keyif2.jpg&#8221; _builder_version=&#8221;4.27.4&#8243; _module_preset=&#8221;default&#8221; global_colors_info=&#8221;{}&#8221;][\/et_pb_video][et_pb_text _builder_version=&#8221;4.27.4&#8243; _module_preset=&#8221;default&#8221; global_colors_info=&#8221;{}&#8221;]<\/p>\n<h4 class=\"style-scope ytd-watch-metadata\" style=\"text-align: left;\"><yt-formatted-string force-default-style=\"\" class=\"style-scope ytd-watch-metadata\">In barca sulla Saar e sulla Mosella &#8211; da Treviri (Konz) a Remich e Schwebsange (Lussemburgo) | Parte 2 | Vacanze in barca in Germania<\/yt-formatted-string><\/h4>\n<p>[\/et_pb_text][\/et_pb_column][et_pb_column type=&#8221;1_3&#8243; _builder_version=&#8221;4.16&#8243; custom_padding=&#8221;|||&#8221; global_colors_info=&#8221;{}&#8221; custom_padding__hover=&#8221;|||&#8221;][et_pb_video src=&#8221;https:\/\/youtu.be\/iLdJHoBwXS0?si=oM-xnQ8PvlrPuA2L&#8221; image_src=&#8221;https:\/\/yachtcharter-holiday-tours.de\/wp-content\/uploads\/2024\/12\/Keyif2.jpg&#8221; _builder_version=&#8221;4.27.4&#8243; _module_preset=&#8221;default&#8221; global_colors_info=&#8221;{}&#8221;][\/et_pb_video][et_pb_text _builder_version=&#8221;4.27.4&#8243; _module_preset=&#8221;default&#8221; global_colors_info=&#8221;{}&#8221;]<\/p>\n<h4>In barca sulla Saar e sulla Mosella &#8211; Grevenmacher &#8211; Mettlach &#8211; Saarschleife | Parte 3 | Vacanze in barca in Germania<\/h4>\n<p>[\/et_pb_text][\/et_pb_column][\/et_pb_row][et_pb_row column_structure=&#8221;3_5,2_5&#8243; custom_padding_last_edited=&#8221;off|desktop&#8221; _builder_version=&#8221;4.16&#8243; custom_padding=&#8221;27px|0|27px|0px|false|false&#8221; custom_padding_tablet=&#8221;|0px||0px||true&#8221; global_colors_info=&#8221;{}&#8221;][et_pb_column type=&#8221;3_5&#8243; _builder_version=&#8221;4.16&#8243; custom_padding=&#8221;|||&#8221; global_colors_info=&#8221;{}&#8221; custom_padding__hover=&#8221;|||&#8221;][et_pb_text _builder_version=&#8221;4.23.1&#8243; text_font=&#8221;Poppins||||||||&#8221; text_line_height=&#8221;2em&#8221; header_font=&#8221;||||||||&#8221; header_2_font=&#8221;Raleway|700|||||||&#8221; header_2_font_size=&#8221;50px&#8221; header_2_line_height=&#8221;1.4em&#8221; header_4_line_height=&#8221;1.3em&#8221; header_6_font=&#8221;Raleway|700||on|||||&#8221; header_6_font_size=&#8221;16px&#8221; header_6_letter_spacing=&#8221;5px&#8221; header_6_line_height=&#8221;1.8em&#8221; module_alignment=&#8221;center&#8221; header_2_font_size_tablet=&#8221;35px&#8221; header_2_font_size_phone=&#8221;25px&#8221; header_2_font_size_last_edited=&#8221;on|phone&#8221; global_colors_info=&#8221;{}&#8221;]<\/p>\n<p><strong>Spazioso, moderno e in posizione centrale: il punto di partenza ideale<\/strong><\/p>\n<p><span>Il nostro home port si trova nel mezzo dell&#8217;idilliaco paesaggio del Saarland. A valle, il collegamento con la Mosella \u00e8 romantico e veloce. A monte c&#8217;\u00e8 il collegamento con il sistema di canali francesi.<\/span><\/p>\n<p><span>Arrivare in auto \u00e8 facile e comodo. Il porto si trova direttamente all&#8217;uscita Merzig dell&#8217;autostrada A8. La stazione ferroviaria di Merzig dista solo 1 km.<\/span><\/p>\n<p><span>Dal porto di Merzig an der Saar<a href=\"https:\/\/www.yachthafen-merzig.de\/\" target=\"_blank\" rel=\"noopener\">(Yachthafen Merzig<\/a>) \u00e8 possibile effettuare viaggi di andata e ritorno, viaggi di sola andata, viaggi di una settimana, di un weekend o anche di un giorno sulla Saar, sulla Mosella, sulla Lahn, sul Reno, sui canali francesi, sul canale della Saar e sul canale Reno-Marne.<\/span><\/p>\n<p><span>La Saar e la Mosella hanno una corrente molto bassa e una navigazione commerciale relativamente scarsa. Dal porto turistico di Merzig in direzione di Saarbr\u00fccken, il traffico commerciale termina direttamente a Dillingen. Dopodich\u00e9, il fiume \u00e8 tutto per voi. \u00c8 l&#8217;ideale soprattutto per chi \u00e8 alle prime armi con la guida. Gli yacht Linssen di alta qualit\u00e0 sono eccellenti da manovrare con un grande divertimento di guida con 2 persone facilmente e con una sola linea centrale da trainare. Questo garantisce una grande sicurezza a bordo.<\/span><\/p>\n<p>Tranne che sul Reno, non esistono comunicazioni radio obbligatorie in tutta l&#8217;area. Il certificato radiotelefonico UBI \u00e8 ovviamente vantaggioso. Lo skipper, che non \u00e8 ancora in possesso di un certificato di radiotelefonia, \u00e8 altrettanto in gamba e si aiuta per telefono. Non c&#8217;\u00e8 alcun obbligo di registrazione. Tuttavia, entrando in contatto, si realizza un buon ed efficiente coordinamento. Ci\u00f2 consente un passaggio rapido.<\/p>\n<p>Splendidi porti e marine vi attendono come ospiti nelle regioni vinicole della Saar e della Mosella, uniche dal punto di vista paesaggistico.<\/p>\n<p>Il successo di ogni crociera \u00e8 la nostra priorit\u00e0. Saremo lieti di fornirvi tutte le informazioni necessarie per pianificare il vostro viaggio. Contattateci.<\/p>\n<p><span>Scoprite e godetevi la nostra variegata area con splendidi porti e porticcioli, con la natura pura, i grandi laghi balneabili, le citt\u00e0 piccole e grandi e l&#8217;inconfondibile regione vinicola unica lungo la Saar, la Mosella, il K\u00e4nalen e i luoghi dove si vive il &#8220;savoir vivre&#8221;, la cultura e la storia possono essere viste e sentite al vostro passaggio.<\/span><\/p>\n<p>[\/et_pb_text][\/et_pb_column][et_pb_column type=&#8221;2_5&#8243; _builder_version=&#8221;4.16&#8243; custom_padding=&#8221;|||&#8221; global_colors_info=&#8221;{}&#8221; custom_padding__hover=&#8221;|||&#8221;][et_pb_image src=&#8221;https:\/\/yachtcharter-holiday-tours.de\/wp-content\/uploads\/2022\/12\/Plan-Yachthafen-Merzig.png&#8221; title_text=&#8221;Plan Yachthafen Merzig&#8221; _builder_version=&#8221;4.19.2&#8243; _module_preset=&#8221;default&#8221; global_colors_info=&#8221;{}&#8221;][\/et_pb_image][et_pb_image src=&#8221;https:\/\/yachtcharter-holiday-tours.de\/wp-content\/uploads\/2023\/11\/Marina-Merzig.jpg&#8221; title_text=&#8221;Marina Merzig&#8221; _builder_version=&#8221;4.23.1&#8243; _module_preset=&#8221;default&#8221; global_colors_info=&#8221;{}&#8221;][\/et_pb_image][et_pb_image src=&#8221;https:\/\/yachtcharter-holiday-tours.de\/wp-content\/uploads\/2025\/07\/Flottille-Linssen-Yachten-Saarschleife-2025-360mb.jpg&#8221; title_text=&#8221;Flottille Linssen Yachten &#8211; Saarschleife 2025-360mb&#8221; _builder_version=&#8221;4.27.4&#8243; _module_preset=&#8221;default&#8221; hover_enabled=&#8221;0&#8243; global_colors_info=&#8221;{}&#8221; sticky_enabled=&#8221;0&#8243;][\/et_pb_image][et_pb_video src=&#8221;https:\/\/yachtcharter-holiday-tours.de\/wp-content\/uploads\/2022\/12\/yachthafen_film.mp4&#8243; image_src=&#8221;https:\/\/yachtcharter-holiday-tours.de\/wp-content\/uploads\/2022\/12\/Empfang-Hafenmarina-Merzig.png&#8221; _builder_version=&#8221;4.19.2&#8243; _module_preset=&#8221;default&#8221; custom_margin=&#8221;0px||-1px||false|false&#8221; custom_padding=&#8221;50px||||false|false&#8221; global_colors_info=&#8221;{}&#8221;][\/et_pb_video][\/et_pb_column][\/et_pb_row][et_pb_row _builder_version=&#8221;4.16&#8243; global_colors_info=&#8221;{}&#8221;][et_pb_column type=&#8221;4_4&#8243; _builder_version=&#8221;4.16&#8243; custom_padding=&#8221;|||&#8221; global_colors_info=&#8221;{}&#8221; custom_padding__hover=&#8221;|||&#8221;][et_pb_text _builder_version=&#8221;4.19.4&#8243; text_font=&#8221;||||||||&#8221; text_line_height=&#8221;2em&#8221; header_font=&#8221;||||||||&#8221; header_3_font=&#8221;|600|||||||&#8221; header_3_text_color=&#8221;#000000&#8243; header_3_font_size=&#8221;34px&#8221; header_3_line_height=&#8221;1.2em&#8221; header_3_font_size_tablet=&#8221;30px&#8221; header_3_font_size_phone=&#8221;22px&#8221; header_3_font_size_last_edited=&#8221;on|phone&#8221; locked=&#8221;off&#8221; global_colors_info=&#8221;{}&#8221;]<\/p>\n<h3>Suggerimenti per le crociere<\/h3>\n<p>Scegliete una crociera qui sotto o contattateci e saremo lieti di aiutarvi a pianificare un tour individuale.<\/p>\n<p>[\/et_pb_text][et_pb_toggle title=&#8221;Tour Saar-Mosel-Ruwer (1 settimana)&#8221; open_toggle_text_color=&#8221;#000000&#8243; icon_color=&#8221;#000000&#8243; _builder_version=&#8221;4.19.4&#8243; _module_preset=&#8221;default&#8221; title_text_color=&#8221;#000000&#8243; global_colors_info=&#8221;{}&#8221;]<\/p>\n<table id=\"CM16f5891d05fa2f652666f8c48\" class=\"cm_table\">\n<tbody class=\"cm_table\">\n<tr class=\"cm_table cm_firstrow\">\n<td class=\"cm_table cm_firstcol\">Durata<\/td>\n<td class=\"cm_table cm_lastcol\">1 settimana di viaggio di andata e ritorno<\/td>\n<\/tr>\n<tr class=\"cm_table\">\n<td class=\"cm_table cm_firstcol\">\u00c8 richiesta la patente di guida<\/td>\n<td class=\"cm_table cm_lastcol\">S\u00ec<\/td>\n<\/tr>\n<tr class=\"cm_table\">\n<td class=\"cm_table cm_firstcol\">Acque navigate<\/td>\n<td class=\"cm_table cm_lastcol\">Saar e Mosella<\/td>\n<\/tr>\n<tr class=\"cm_table\">\n<td class=\"cm_table cm_firstcol\">Stazioni<\/td>\n<td class=\"cm_table cm_lastcol\">Mettlach, Saarburg, Konz, Trier, Schweich, P\u00f6lich, Neumagen-Drohn, Bernkastel-Kues<\/td>\n<\/tr>\n<tr class=\"cm_table\">\n<td class=\"cm_table cm_firstcol\">Distanza<\/td>\n<td class=\"cm_table cm_lastcol\">230 km (circa 35-40 km al giorno)<\/td>\n<\/tr>\n<tr>\n<td>Lucchetti<\/td>\n<td>12 serrature (2 serrature al giorno)<\/td>\n<\/tr>\n<tr class=\"cm_table cm_lastrow\">\n<td class=\"cm_table cm_firstcol\">\n<p>Spiegazioni<\/p>\n<p>&nbsp;<\/p>\n<\/td>\n<td class=\"cm_table cm_lastcol\">Viaggio culinario nella regione vinicola della Saar e della Mosella. Visitate la citt\u00e0 pi\u00f9 antica della Germania, Treviri, e la pi\u00f9 antica e romantica citt\u00e0 del vino, Neumagen-Dhron. Il viaggio conduce attraverso il Saarschleife sulla Mosella a valle e ritorno.<\/td>\n<\/tr>\n<\/tbody>\n<\/table>\n<p>[\/et_pb_toggle][et_pb_toggle title=&#8221;Tour del canale della Saar (1 settimana)&#8221; open_toggle_text_color=&#8221;#000000&#8243; icon_color=&#8221;#000000&#8243; _builder_version=&#8221;4.19.4&#8243; _module_preset=&#8221;default&#8221; title_text_color=&#8221;#000000&#8243; global_colors_info=&#8221;{}&#8221;]<\/p>\n<table id=\"CM16f58a005c248f76e60ad483\" class=\"cm_table\">\n<tbody class=\"cm_table\">\n<tr class=\"cm_table cm_firstrow\">\n<td class=\"cm_table cm_firstcol\">Durata<\/td>\n<td class=\"cm_table cm_lastcol\">1 settimana di viaggio di andata e ritorno<\/td>\n<\/tr>\n<tr class=\"cm_table\">\n<td class=\"cm_table cm_firstcol\">\u00c8 richiesta la patente di guida<\/td>\n<td class=\"cm_table cm_lastcol\">S\u00ec (dalla Francia la patente \u00e8 gratuita)<\/td>\n<\/tr>\n<tr class=\"cm_table\">\n<td class=\"cm_table cm_firstcol\">Acque navigate<\/td>\n<td class=\"cm_table cm_lastcol\">Saar e canale della Saar<\/td>\n<\/tr>\n<tr class=\"cm_table\">\n<td class=\"cm_table cm_firstcol\">Stazioni<\/td>\n<td class=\"cm_table cm_lastcol\">Dillingen, V\u00f6lklingen, Saarbr\u00fccken, Saargem\u00fcnd, Wittring, Harskirchen, Mittersheim<\/td>\n<\/tr>\n<tr class=\"cm_table\">\n<td class=\"cm_table cm_firstcol\">Distanza<\/td>\n<td class=\"cm_table cm_lastcol\">230 km (circa 35-40 km al giorno)<\/td>\n<\/tr>\n<tr class=\"cm_table\">\n<td class=\"cm_table cm_firstcol\">Serrature<\/td>\n<td class=\"cm_table cm_lastcol\">\n<p>16 chiuse della Saar (5 al giorno)<\/p>\n<p>26 chiuse del canale (7-8 chiuse al giorno)<\/p>\n<\/td>\n<\/tr>\n<tr class=\"cm_table cm_lastrow\">\n<td class=\"cm_table cm_firstcol\">Spiegazioni<\/td>\n<td class=\"cm_table cm_lastcol\">Viaggio culinario attraverso 2 paesi: Germania e Francia. Da Merzig si risale la Saar attraverso Saarbr\u00fccken fino al canale della Saar. L\u00ec inizia la parte rilassante del viaggio con molte chiuse che non devono spaventare. Troverete molto rapidamente il<span>divertimento<\/span> alle chiuse e godrete della pace e della tranquillit\u00e0 senza spedizioni commerciali.<\/td>\n<\/tr>\n<\/tbody>\n<\/table>\n<p>[\/et_pb_toggle][et_pb_toggle title=&#8221;Tour del triangolo di confine Saar-Lor-Lux (10 giorni)&#8221; open_toggle_text_color=&#8221;#000000&#8243; icon_color=&#8221;#000000&#8243; _builder_version=&#8221;4.27.0&#8243; _module_preset=&#8221;default&#8221; title_text_color=&#8221;#000000&#8243; global_colors_info=&#8221;{}&#8221;]<\/p>\n<table id=\"CM16f589b0cdd8dc8d66532ebc\" class=\"cm_table\">\n<tbody class=\"cm_table\">\n<tr class=\"cm_table cm_firstrow\">\n<td class=\"cm_table cm_firstcol\">Durata<\/td>\n<td class=\"cm_table cm_lastcol\">1 settimana di viaggio di andata e ritorno<\/td>\n<\/tr>\n<tr class=\"cm_table\">\n<td class=\"cm_table cm_firstcol\">\u00c8 richiesta la patente di guida<\/td>\n<td class=\"cm_table cm_lastcol\">S\u00ec<\/td>\n<\/tr>\n<tr class=\"cm_table\">\n<td class=\"cm_table cm_firstcol\">Acque navigate<\/td>\n<td class=\"cm_table cm_lastcol\">Saar e Mosella<\/td>\n<\/tr>\n<tr class=\"cm_table\">\n<td class=\"cm_table cm_firstcol\">Stazioni<\/td>\n<td class=\"cm_table cm_lastcol\">Mettlach, Saarburg, Konz, Wasserbillig, Schwebsange, Sierck-les-Bains, Thionville, Metz<\/td>\n<\/tr>\n<tr class=\"cm_table\">\n<td class=\"cm_table cm_firstcol\">Distanza<\/td>\n<td class=\"cm_table cm_lastcol\">280 km (circa 30-35 km al giorno)<\/td>\n<\/tr>\n<tr class=\"cm_table\">\n<td class=\"cm_table cm_firstcol\">Lucchetti<\/td>\n<td class=\"cm_table cm_lastcol\">19 serrature (3 serrature al giorno)<\/td>\n<\/tr>\n<tr class=\"cm_table cm_lastrow\">\n<td class=\"cm_table cm_firstcol\">\n<p>Spiegazioni<\/p>\n<p>&nbsp;<\/p>\n<\/td>\n<td class=\"cm_table cm_lastcol\">Viaggio attraverso 3 paesi: Germania, Francia e Lussemburgo. Passa attraverso la Saarschleife fino alla Mosella e poi risale il fiume passando per Schengen, dove l&#8217;Europa senza confini ha fatto la storia. Nel frattempo, vale la pena di prendere il treno da Wasserbillig al centro di Lussemburgo. La stazione ferroviaria, con collegamento diretto alla LUX, si trova a pochi minuti a piedi dal molo. &#8211; Il trasporto notturno in Lussemburgo \u00e8 gratuito dalle 5:00 alle 23:00 dal luned\u00ec al sabato e dalle 6:00 alle 22:00 la domenica e i giorni festivi!<\/td>\n<\/tr>\n<\/tbody>\n<\/table>\n<p>[\/et_pb_toggle][et_pb_toggle title=&#8221;Quiche Lorraine \/ Piccolo tour dei crauti (2 settimane)&#8221; open_toggle_text_color=&#8221;#000000&#8243; icon_color=&#8221;#000000&#8243; _builder_version=&#8221;4.27.4&#8243; _module_preset=&#8221;default&#8221; title_text_color=&#8221;#000000&#8243; global_colors_info=&#8221;{}&#8221;]<\/p>\n<table id=\"CM16f58715eaca8ca4fe2be167\" class=\"cm_table\">\n<tbody class=\"cm_table\">\n<tr class=\"cm_table cm_firstrow\">\n<td class=\"cm_table cm_firstcol\">Durata<\/td>\n<td class=\"cm_table cm_lastcol\">2 settimane<\/td>\n<\/tr>\n<tr class=\"cm_table\">\n<td class=\"cm_table cm_firstcol\">\u00c8 richiesta la patente di guida<\/td>\n<td class=\"cm_table cm_lastcol\">S\u00ec<\/td>\n<\/tr>\n<tr class=\"cm_table\">\n<td class=\"cm_table cm_firstcol\">Acque navigate<\/td>\n<td class=\"cm_table cm_lastcol\">Saar, Canale di Saar, Canale Reno-Marna, Mosella, Saar<\/td>\n<\/tr>\n<tr class=\"cm_table\">\n<td class=\"cm_table cm_firstcol\">Stazioni<\/td>\n<td class=\"cm_table cm_lastcol\">Dillingen, V\u00f6lklingen, Saarbr\u00fccken, Saargem\u00fcnd, Wittring, Harskirchen, Mittersheim, Gondrexange, Nancy, Pont-a-Mousson, Metz, Thionville, Sierck-les-Bains, Schwebsange, Wasserbillig, Konz, Saarburg, Mettlach, Merzig<\/td>\n<\/tr>\n<tr class=\"cm_table\">\n<td class=\"cm_table cm_firstcol\">Distanza<\/td>\n<td class=\"cm_table cm_lastcol\">450 km (circa 30-35 km al giorno)<\/td>\n<\/tr>\n<tr class=\"cm_table\">\n<td class=\"cm_table cm_firstcol\">Chiusure<\/td>\n<td class=\"cm_table cm_lastcol\">24 chiuse fluviali (circa 2-3 chiuse al giorno) 60 chiuse di canali (circa 7-8 chiuse al giorno)<\/td>\n<\/tr>\n<tr class=\"cm_table\">\n<td class=\"cm_table cm_firstcol\">\n<p>Spiegazioni per la denominazione<\/p>\n<p>&nbsp;<\/p>\n<p>&nbsp;<\/p>\n<\/td>\n<td class=\"cm_table cm_lastcol\">Il percorso prende il nome dal piatto nazionale alsaziano &#8220;Choucroute&#8221;, in tedesco crauti. Durante il tour passerete per molte belle citt\u00e0 con numerosi ristoranti che preparano il cavolo a lunga conservazione: da Nancy e Metz in Francia a Grevenmacher in Lussemburgo e Trier e Saarbr\u00fccken in Germania. Il piccolo tour dei crauti, lungo oltre 450 km, si snoda lungo il canale Reno-Marne, la Mosella e la Saar e il canale della Saar. Godetevi le varie viste panoramiche durante il tour dei crauti!<br \/>Un piatto lorenese altrettanto famoso \u00e8 la torta al bacon &#8220;Quiche Lorraine&#8221;, da cui prende il nome il piccolo tour.<\/td>\n<\/tr>\n<tr>\n<td> <\/td>\n<td><strong><a href=\"https:\/\/yachtcharter-holiday-tours.de\/wp-content\/uploads\/2025\/01\/Kleine-Sauerkraut-Tour-Yachtcharter-Holiday-Tours-19.01.2025.pdf\" target=\"_blank\" rel=\"noopener\">Scarica il resoconto di viaggio<\/a><\/strong><\/td>\n<\/tr>\n<\/tbody>\n<\/table>\n<p>[\/et_pb_toggle][et_pb_toggle title=&#8221;Saar-Moselle-Angolo Tedesco\/Coblenza (2 settimane)&#8221; open_toggle_text_color=&#8221;#000000&#8243; icon_color=&#8221;#000000&#8243; _builder_version=&#8221;4.19.5&#8243; _module_preset=&#8221;default&#8221; title_text_color=&#8221;#000000&#8243; global_colors_info=&#8221;{}&#8221;]<\/p>\n<table id=\"CM16f5874d15aee7ea60c5dcc3\" class=\"cm_table\">\n<tbody class=\"cm_table\">\n<tr class=\"cm_table cm_firstrow\">\n<td class=\"cm_table cm_firstcol\" style=\"width: 135.516px;\">Durata<\/td>\n<td class=\"cm_table cm_lastcol\" style=\"width: 658.484px;\"> 2 settimane di viaggio di andata e ritorno<\/td>\n<\/tr>\n<tr class=\"cm_table\">\n<td class=\"cm_table cm_firstcol\" style=\"width: 135.516px;\">\u00c8 richiesta la patente di guida<\/td>\n<td class=\"cm_table cm_lastcol\" style=\"width: 658.484px;\">S\u00ec<\/td>\n<\/tr>\n<tr class=\"cm_table\">\n<td class=\"cm_table cm_firstcol\" style=\"width: 135.516px;\">Acque navigate<\/td>\n<td class=\"cm_table cm_lastcol\" style=\"width: 658.484px;\">Saar e Mosella<\/td>\n<\/tr>\n<tr class=\"cm_table\">\n<td class=\"cm_table cm_firstcol\" style=\"width: 135.516px;\">Stazioni<\/td>\n<td class=\"cm_table cm_lastcol\" style=\"width: 658.484px;\">Mettlach, Saarburg, Konz, Trier, Schweich, P\u00f6lich, Neumagen-Dhron, Bernkastel-Kues, Traben-Trarbach, Zell, Cochem, Winningen, Koblenz<\/td>\n<\/tr>\n<tr class=\"cm_table\">\n<td class=\"cm_table cm_firstcol\" style=\"width: 135.516px;\">Distanza<\/td>\n<td class=\"cm_table cm_lastcol\" style=\"width: 658.484px;\">490 km (circa 40-45 km al giorno)<\/td>\n<\/tr>\n<tr class=\"cm_table\">\n<td class=\"cm_table cm_firstcol\" style=\"width: 135.516px;\">Lucchetti<\/td>\n<td class=\"cm_table cm_lastcol\" style=\"width: 658.484px;\">26 serrature (2-3 serrature al giorno)<\/td>\n<\/tr>\n<tr class=\"cm_table cm_lastrow\">\n<td class=\"cm_table cm_firstcol\" style=\"width: 135.516px;\">Spiegazioni<\/td>\n<td class=\"cm_table cm_lastcol\" style=\"width: 658.484px;\">\n<p>Durante questo tour potrete ammirare i vari paesaggi fluviali, il fascino di una delle pi\u00f9 importanti vie d&#8217;acqua interne della Germania e, naturalmente, il vino della Mosella, famoso e apprezzato in tutto il mondo.<\/p>\n<p>Dopo 40 chilometri di fiume tranquillo sulla Saar, si svolta sulla Mosella. Una visita alla Porta Nigra di Treviri \u00e8 quasi un must culturale. L&#8217;itinerario prosegue poi lungo la Mosella, di villaggio in villaggio, attraverso i ripidi pendii dei vigneti della Mosella, fino a Coblenza. Se pianificate bene il vostro viaggio, tornerete nei porti che avete lasciato all&#8217;andata.<\/p>\n<p>Per questo tour \u00e8 necessario pianificare 2 settimane meravigliose.<\/p>\n<\/td>\n<\/tr>\n<\/tbody>\n<\/table>\n<p>&nbsp;<\/p>\n<p>[\/et_pb_toggle][et_pb_toggle title=&#8221;Grande tour dei crauti &#8211; Germania\/Francia\/Canale di Saar\/Reno\/Mosella (3 o pi\u00f9 settimane)&#8221; open_toggle_text_color=&#8221;#000000&#8243; icon_color=&#8221;#000000&#8243; _builder_version=&#8221;4.19.4&#8243; _module_preset=&#8221;default&#8221; title_text_color=&#8221;#000000&#8243; global_colors_info=&#8221;{}&#8221;]<\/p>\n<table id=\"CM16f58624a1fde8fe2afe4ecf8\" class=\"cm_table\">\n<tbody class=\"cm_table\">\n<tr class=\"cm_table cm_firstrow\">\n<td class=\"cm_table cm_firstcol\" style=\"width: 144.359px;\">Durata<\/td>\n<td class=\"cm_table cm_lastcol\" style=\"width: 649.641px;\">Viaggio di andata e ritorno di 3 settimane<\/td>\n<\/tr>\n<tr class=\"cm_table\">\n<td class=\"cm_table cm_firstcol\" style=\"width: 144.359px;\">\u00c8 richiesta la patente di guida<\/td>\n<td class=\"cm_table cm_lastcol\" style=\"width: 649.641px;\">S\u00ec<\/td>\n<\/tr>\n<tr class=\"cm_table\">\n<td class=\"cm_table cm_firstcol\" style=\"width: 144.359px;\">Acque navigate<\/td>\n<td class=\"cm_table cm_lastcol\" style=\"width: 649.641px;\">Saar, Canale di Saar, Canale Reno-Marne, Reno, Mosella, Saar<\/td>\n<\/tr>\n<tr class=\"cm_table\">\n<td class=\"cm_table cm_firstcol\" style=\"width: 144.359px;\">Stazioni<\/td>\n<td class=\"cm_table cm_lastcol\" style=\"width: 649.641px;\">Dillingen, V\u00f6lklingen, Saarbr\u00fccken, Saargem\u00fcnd, Wittring, Harskirchen, Mittersheim, Gondrexange, Assia, Arzviller (ascensore inclinato), Saverne, Strasburgo, Speyer, Mannheim, Wiesbaden, Magonza, Bingen, Kaub, Coblenza, Cochem, Zell, Traben-Trarbach, Bernkastel-Kues, Neumagen-Dhron, P\u00f6lich, Schweich, Trier, Konz, Saarburg, Mettlach, Merzig<\/td>\n<\/tr>\n<tr class=\"cm_table\">\n<td class=\"cm_table cm_firstcol\" style=\"width: 144.359px;\">Distanza<\/td>\n<td class=\"cm_table cm_lastcol\" style=\"width: 649.641px;\">770 km (circa 30-35 km al giorno)<\/td>\n<\/tr>\n<tr class=\"cm_table\">\n<td class=\"cm_table cm_firstcol\" style=\"width: 144.359px;\">Chiusure<\/td>\n<td class=\"cm_table cm_lastcol\" style=\"width: 649.641px;\">22 chiuse fluviali (circa 2-3 chiuse al giorno) 65 chiuse di canali (circa 7-8 chiuse al giorno)<\/td>\n<\/tr>\n<tr class=\"cm_table cm_lastrow\">\n<td class=\"cm_table cm_firstcol\" style=\"width: 144.359px;\">\n<p>Spiegazioni<\/p>\n<p>&nbsp;<\/p>\n<\/td>\n<td class=\"cm_table cm_lastcol\" style=\"width: 649.641px;\">\n<p>Il grande tour dei crauti potrebbe essere uno dei tour di sola andata pi\u00f9 interessanti di tutta la Germania. Attraverso la combinazione di canali francesi, tra cui. Il &#8220;laissez-fair&#8221; francese con la pi\u00f9 grande via d&#8217;acqua della Germania, il Reno, con la &#8220;Valle del Medio Reno&#8221;, Patrimonio dell&#8217;Umanit\u00e0 dell&#8217;UNESCO, che comprende la Loreley e la splendida Mosella, questo viaggio di andata e ritorno offre tutto ci\u00f2 che potete immaginare come diportisti.<\/p>\n<\/td>\n<\/tr>\n<\/tbody>\n<\/table>\n<p>[\/et_pb_toggle][et_pb_toggle title=&#8221;Vari tour a lungo termine &#8211; ad esempio Berlino, Main, Paesi Bassi, &#8230; (3 o pi\u00f9 settimane)&#8221; open_toggle_text_color=&#8221;#000000&#8243; icon_color=&#8221;#000000&#8243; _builder_version=&#8221;4.19.4&#8243; _module_preset=&#8221;default&#8221; title_text_color=&#8221;#000000&#8243; global_colors_info=&#8221;{}&#8221;]<\/p>\n<p>Cerchiamo sempre di inviare i singoli yacht a una crociera pi\u00f9 lunga.<\/p>\n<p>Possono essere viaggi di trasferimento o semplicemente combinazioni con richieste speciali dei nostri numerosi ospiti abituali. In passato abbiamo pianificato e realizzato diversi viaggi a lungo termine sul Meno, a Berlino o nelle zone di crociera olandesi.<\/p>\n<p>Se siete interessati, chiedete informazioni sulle possibilit\u00e0 attuali.<\/p>\n<p>Finora abbiamo realizzato per i nostri clienti:<\/p>\n<ul>\n<li><span>Merzig- Parigi-Merzig (andata e ritorno)<\/span><\/li>\n<li><span>Merzig- Chalon-sur Saone-Merzig (andata e ritorno)<\/span><\/li>\n<li><span>Merzig-Vienna (Danubio)-Merzig (viaggio di andata e ritorno combinato con l&#8217;andata e il ritorno)<\/span><\/li>\n<li><span>Merzig- Dannemarie (Canale Reno-Rodano)-Merzig (andata e ritorno)<\/span><\/li>\n<li><span>Merzig- Maasbracht-Merzig (viaggio di andata e ritorno attraverso cinque paesi)<\/span><\/li>\n<\/ul>\n<p>[\/et_pb_toggle][\/et_pb_column][\/et_pb_row][et_pb_row _builder_version=&#8221;4.16&#8243; global_colors_info=&#8221;{}&#8221;][et_pb_column type=&#8221;4_4&#8243; _builder_version=&#8221;4.16&#8243; custom_padding=&#8221;|||&#8221; global_colors_info=&#8221;{}&#8221; custom_padding__hover=&#8221;|||&#8221;][et_pb_text _builder_version=&#8221;4.19.4&#8243; text_font=&#8221;||||||||&#8221; text_line_height=&#8221;2em&#8221; header_font=&#8221;||||||||&#8221; header_3_font=&#8221;|600|||||||&#8221; header_3_text_color=&#8221;#000000&#8243; header_3_line_height=&#8221;1.2em&#8221; header_3_font_size_tablet=&#8221;30px&#8221; header_3_font_size_phone=&#8221;18px&#8221; header_3_font_size_last_edited=&#8221;on|phone&#8221; locked=&#8221;off&#8221; global_colors_info=&#8221;{}&#8221;]<\/p>\n<h3>Pianificazione del tour individuale<\/h3>\n<p>In qualit\u00e0 di autista di uno yacht Linssen, avete la possibilit\u00e0 di organizzare il vostro tour individuale in combinazione con le escursioni a terra. Raccomandiamo i seguenti due tour planner. &#8211; E\/o saremo lieti di consigliarvi in collaborazione con le organizzazioni turistiche della zona.<\/p>\n<p>[\/et_pb_text][\/et_pb_column][\/et_pb_row][et_pb_row column_structure=&#8221;1_2,1_2&#8243; _builder_version=&#8221;4.19.2&#8243; _module_preset=&#8221;default&#8221; global_colors_info=&#8221;{}&#8221;][et_pb_column type=&#8221;1_2&#8243; _builder_version=&#8221;4.19.2&#8243; _module_preset=&#8221;default&#8221; global_colors_info=&#8221;{}&#8221;][et_pb_image src=&#8221;https:\/\/yachtcharter-holiday-tours.de\/wp-content\/uploads\/2022\/12\/logoweb.png&#8221; title_text=&#8221;logoweb&#8221; url=&#8221;https:\/\/boatrouting.com\/app\/?hl=de&#8221; url_new_window=&#8221;on&#8221; _builder_version=&#8221;4.27.4&#8243; _module_preset=&#8221;default&#8221; max_width=&#8221;75%&#8221; global_colors_info=&#8221;{}&#8221;][\/et_pb_image][\/et_pb_column][et_pb_column type=&#8221;1_2&#8243; _builder_version=&#8221;4.19.2&#8243; _module_preset=&#8221;default&#8221; global_colors_info=&#8221;{}&#8221;][et_pb_image src=&#8221;https:\/\/yachtcharter-holiday-tours.de\/wp-content\/uploads\/2022\/12\/Navinaut.png&#8221; title_text=&#8221;Navinaut&#8221; url=&#8221;https:\/\/www.navinaut.de\/&#8221; url_new_window=&#8221;on&#8221; _builder_version=&#8221;4.27.4&#8243; _module_preset=&#8221;default&#8221; max_width=&#8221;70%&#8221; global_colors_info=&#8221;{}&#8221;][\/et_pb_image][\/et_pb_column][\/et_pb_row][et_pb_row _builder_version=&#8221;4.16&#8243; global_colors_info=&#8221;{}&#8221;][et_pb_column type=&#8221;4_4&#8243; _builder_version=&#8221;4.16&#8243; custom_padding=&#8221;|||&#8221; global_colors_info=&#8221;{}&#8221; custom_padding__hover=&#8221;|||&#8221;][et_pb_text _builder_version=&#8221;4.27.4&#8243; text_font=&#8221;||||||||&#8221; text_line_height=&#8221;2em&#8221; header_font=&#8221;||||||||&#8221; header_3_font=&#8221;|600|||||||&#8221; header_3_text_color=&#8221;#000000&#8243; header_3_line_height=&#8221;1.2em&#8221; header_3_font_size_tablet=&#8221;30px&#8221; header_3_font_size_phone=&#8221;18px&#8221; header_3_font_size_last_edited=&#8221;on|phone&#8221; locked=&#8221;off&#8221; global_colors_info=&#8221;{}&#8221;]<\/p>\n<h3>La nostra raccomandazione assicurativa<\/h3>\n<p>Se desiderate assicurare il deposito, i costi di annullamento del viaggio o di interruzione dello stesso, la vostra responsabilit\u00e0 come skipper dell&#8217;imbarcazione, l&#8217;assicurazione sanitaria o contro gli infortuni per i viaggi all&#8217;estero, potete farlo con il nostro partner assicurativo Pantaenius. Cliccare <a href=\"https:\/\/www.pantaenius.com\/de-de\/versicherungen\/charter\/?referral=5215.06991\" target=\"_blank\" rel=\"noopener\">qui per il tedesco<\/a>, <a href=\"https:\/\/www.pantaenius.com\/de-en\/insurance\/charter\/?referral=5215.06991\" target=\"_blank\" rel=\"noopener\">qui per l&#8217;inglese<\/a>, <a href=\"https:\/\/www.pantaenius.com\/fr-fr\/insurance\/assurance-location\/?referral=5215.06991\" target=\"_blank\" rel=\"noopener\">qui per il francese<\/a> e <a href=\"https:\/\/www.pantaenius.com\/fr-it\/assicurazioni\/assicurazione-charter\/?referral=5215.06991\" target=\"_blank\" rel=\"noopener\">qui per l&#8217;italiano<\/a>.<\/p>\n<p><img decoding=\"async\" src=\"https:\/\/yachtcharter-holiday-tours.de\/wp-content\/uploads\/2024\/02\/Logo_DE-neu-2024-300x95.jpg\" width=\"338\" height=\"107\" alt=\"\" class=\"wp-image-4617 alignnone size-medium\" style=\"display: block; margin-left: auto; margin-right: auto;\"><\/p>\n<p>[\/et_pb_text][\/et_pb_column][\/et_pb_row][\/et_pb_section][et_pb_section fb_built=&#8221;1&#8243; admin_label=&#8221;Reservations&#8221; _builder_version=&#8221;4.19.4&#8243; use_background_color_gradient=&#8221;on&#8221; background_color_gradient_direction=&#8221;150deg&#8221; background_color_gradient_stops=&#8221;rgba(47,58,68,0.7) 25%|rgba(38,46,53,0) 100%&#8221; background_color_gradient_overlays_image=&#8221;on&#8221; background_color_gradient_start=&#8221;#2f3a44&#8243; background_color_gradient_start_position=&#8221;25%&#8221; background_color_gradient_end=&#8221;rgba(38,46,53,0)&#8221; background_image=&#8221;https:\/\/yachtcharter-holiday-tours.de\/wp-content\/uploads\/2022\/12\/Linssen-Yacht-auf-der-Mosel.jpg&#8221; width=&#8221;100%&#8221; custom_padding=&#8221;8vw|0px|280px|0px|false|false&#8221; global_colors_info=&#8221;{}&#8221;][et_pb_row column_structure=&#8221;1_2,1_2&#8243; use_custom_gutter=&#8221;on&#8221; make_equal=&#8221;on&#8221; _builder_version=&#8221;4.16&#8243; global_colors_info=&#8221;{}&#8221;][et_pb_column type=&#8221;1_2&#8243; _builder_version=&#8221;4.16&#8243; custom_padding=&#8221;|||&#8221; global_colors_info=&#8221;{}&#8221; custom_padding__hover=&#8221;|||&#8221;][et_pb_text _builder_version=&#8221;4.27.0&#8243; text_font=&#8221;||||||||&#8221; text_line_height=&#8221;2em&#8221; header_font=&#8221;||||||||&#8221; header_text_color=&#8221;#FFFFFF&#8221; header_2_font=&#8221;|700|||||||&#8221; header_2_text_color=&#8221;#FFFFFF&#8221; header_2_font_size=&#8221;42px&#8221; header_2_line_height=&#8221;1.2em&#8221; header_3_text_color=&#8221;#FFFFFF&#8221; header_5_text_color=&#8221;#FFFFFF&#8221; header_6_font=&#8221;|700||on|||||&#8221; header_6_text_color=&#8221;#FFFFFF&#8221; header_6_font_size=&#8221;16px&#8221; header_6_letter_spacing=&#8221;5px&#8221; header_6_line_height=&#8221;1.8em&#8221; background_layout=&#8221;dark&#8221; max_width_tablet=&#8221;&#8221; max_width_phone=&#8221;&#8221; max_width_last_edited=&#8221;on|desktop&#8221; header_2_font_size_tablet=&#8221;35px&#8221; header_2_font_size_phone=&#8221;22px&#8221; header_2_font_size_last_edited=&#8221;on|phone&#8221; locked=&#8221;off&#8221; global_colors_info=&#8221;{}&#8221;]<\/p>\n<h6><span>Benvenuti a bordo!<\/span><\/h6>\n<h2><span>Il vostro yacht Linssen vi aspetta!<\/span><\/h2>\n<h5><span>da 2 a 8 persone<\/span><\/h5>\n<p><span> <\/span><\/p>\n<h3><span><strong>A partire da<em> \u20ac<\/em> 1<em>.995,00<\/em> per 1 settimana<\/strong><\/span><\/h3>\n<p>[\/et_pb_text][\/et_pb_column][et_pb_column type=&#8221;1_2&#8243; _builder_version=&#8221;4.16&#8243; custom_padding=&#8221;|||&#8221; custom_padding_tablet=&#8221;0px||0px||true&#8221; global_colors_info=&#8221;{}&#8221; padding_tablet=&#8221;0px||0px||true&#8221; custom_padding__hover=&#8221;|||&#8221;][et_pb_button button_url=&#8221;@ET-DC@eyJkeW5hbWljIjp0cnVlLCJjb250ZW50IjoicG9zdF9saW5rX3VybF9wYWdlIiwic2V0dGluZ3MiOnsicG9zdF9pZCI6Ijg3OCJ9fQ==@&#8221; button_text=&#8221;Linssen Yacht buchen&#8221; button_alignment=&#8221;right&#8221; _builder_version=&#8221;4.19.4&#8243; _dynamic_attributes=&#8221;button_url&#8221; custom_button=&#8221;on&#8221; button_text_color=&#8221;#FFFFFF&#8221; button_bg_color=&#8221;#1A0052&#8243; button_border_width=&#8221;10px&#8221; button_border_color=&#8221;#1A0052&#8243; button_border_radius=&#8221;0px&#8221; button_font=&#8221;|700|||||||&#8221; button_border_radius_hover=&#8221;0px&#8221; locked=&#8221;off&#8221; global_colors_info=&#8221;{}&#8221; button_text_size__hover_enabled=&#8221;off&#8221; button_one_text_size__hover_enabled=&#8221;off&#8221; button_two_text_size__hover_enabled=&#8221;off&#8221; button_text_color__hover_enabled=&#8221;off&#8221; button_one_text_color__hover_enabled=&#8221;off&#8221; button_two_text_color__hover_enabled=&#8221;off&#8221; button_border_width__hover_enabled=&#8221;off|desktop&#8221; button_one_border_width__hover_enabled=&#8221;off&#8221; button_two_border_width__hover_enabled=&#8221;off&#8221; button_border_color__hover_enabled=&#8221;on|hover&#8221; button_one_border_color__hover_enabled=&#8221;off&#8221; button_two_border_color__hover_enabled=&#8221;off&#8221; button_border_radius__hover_enabled=&#8221;on&#8221; button_border_radius__hover=&#8221;0px&#8221; button_one_border_radius__hover_enabled=&#8221;off&#8221; button_two_border_radius__hover_enabled=&#8221;off&#8221; button_letter_spacing__hover_enabled=&#8221;off&#8221; button_one_letter_spacing__hover_enabled=&#8221;off&#8221; button_two_letter_spacing__hover_enabled=&#8221;off&#8221; button_bg_color__hover_enabled=&#8221;off|desktop&#8221; button_one_bg_color__hover_enabled=&#8221;off&#8221; button_two_bg_color__hover_enabled=&#8221;off&#8221; button_border_color__hover=&#8221;#1A0052&#8243;][\/et_pb_button][\/et_pb_column][\/et_pb_row][\/et_pb_section][et_pb_section fb_built=&#8221;1&#8243; admin_label=&#8221;Contact Info&#8221; _builder_version=&#8221;4.16&#8243; background_color=&#8221;#ffffff&#8221; max_width=&#8221;90%&#8221; max_width_tablet=&#8221;&#8221; max_width_phone=&#8221;100%&#8221; max_width_last_edited=&#8221;on|phone&#8221; custom_margin=&#8221;-160px|||&#8221; border_color_all=&#8221;#ffffff&#8221; border_width_left=&#8221;10vw&#8221; global_colors_info=&#8221;{}&#8221;][et_pb_row column_structure=&#8221;1_3,1_3,1_3&#8243; _builder_version=&#8221;4.19.4&#8243; width=&#8221;90%&#8221; max_width=&#8221;1921px&#8221; custom_width_px=&#8221;800px&#8221; locked=&#8221;off&#8221; global_colors_info=&#8221;{}&#8221;][et_pb_column type=&#8221;1_3&#8243; _builder_version=&#8221;4.16&#8243; custom_padding=&#8221;|||&#8221; global_colors_info=&#8221;{}&#8221; custom_padding__hover=&#8221;|||&#8221;][et_pb_blurb title=&#8221;+49 26 32 96 55 90&#8243; use_icon=&#8221;on&#8221; font_icon=&#8221;\ue090||divi||400&#8243; icon_placement=&#8221;left&#8221; image_icon_width=&#8221;24px&#8221; _builder_version=&#8221;4.22.2&#8243; header_level=&#8221;h5&#8243; header_font=&#8221;Poppins||||||||&#8221; header_text_color=&#8221;#000000&#8243; header_line_height=&#8221;1.4em&#8221; icon_font_size=&#8221;24px&#8221; global_colors_info=&#8221;{}&#8221;][\/et_pb_blurb][\/et_pb_column][et_pb_column type=&#8221;1_3&#8243; _builder_version=&#8221;4.16&#8243; custom_padding=&#8221;|||&#8221; global_colors_info=&#8221;{}&#8221; custom_padding__hover=&#8221;|||&#8221;][et_pb_blurb title=&#8221;Delphin Tec Schiffstechnik GmbH&#8221; use_icon=&#8221;on&#8221; font_icon=&#8221;\ue081||divi||400&#8243; icon_placement=&#8221;left&#8221; image_icon_width=&#8221;24px&#8221; _builder_version=&#8221;4.25.0&#8243; header_level=&#8221;h5&#8243; header_font=&#8221;||||||||&#8221; header_text_color=&#8221;#000000&#8243; header_line_height=&#8221;1.4em&#8221; link_option_url_new_window=&#8221;on&#8221; icon_font_size=&#8221;24px&#8221; global_module=&#8221;4949&#8243; saved_tabs=&#8221;all&#8221; global_colors_info=&#8221;{}&#8221;]<\/p>\n<p><span>Saarwiesenring 12a \/ <\/span><span>Yachthafen (parcheggio del porto) &#8211; <\/span><span>66663 Merzig<\/span><\/p>\n<p>[\/et_pb_blurb][\/et_pb_column][et_pb_column type=&#8221;1_3&#8243; _builder_version=&#8221;4.16&#8243; custom_padding=&#8221;|||&#8221; global_colors_info=&#8221;{}&#8221; custom_padding__hover=&#8221;|||&#8221;][et_pb_blurb title=&#8221;info@yachtcharter-holiday-tours.de&#8221; url=&#8221;mailto:info@yachtcharter-holiday-tours.de&#8221; url_new_window=&#8221;on&#8221; use_icon=&#8221;on&#8221; font_icon=&#8221;\ue076||divi||400&#8243; icon_placement=&#8221;left&#8221; image_icon_width=&#8221;24px&#8221; _builder_version=&#8221;4.23&#8243; header_level=&#8221;h5&#8243; header_font=&#8221;Poppins||||||||&#8221; header_text_color=&#8221;#000000&#8243; header_line_height=&#8221;1.4em&#8221; link_option_url=&#8221;mailto:info@yachtcharter-holiday-tours.de&#8221; link_option_url_new_window=&#8221;on&#8221; icon_font_size=&#8221;24px&#8221; global_colors_info=&#8221;{}&#8221;][\/et_pb_blurb][\/et_pb_column][\/et_pb_row][\/et_pb_section]<\/p>\n","protected":false},"excerpt":{"rendered":"<p>Il triangolo di confine tra Germania, Francia e Lussemburgo Area di navigazione Oltre 2000 chilometri di fiume vi aspettano nel cuore dell&#8217;EuropaScoprire il distretto Yachthafen Merzig: base per gli yacht LinssenIn barca sulla Saar e sulla Mosella &#8211; da Merzig a Trier | Parte 1 | Vacanze in barca in GermaniaIn barca sulla Saar e sulla Mosella &#8211; da Treviri (Konz) a Remich e Schwebsange (Lussemburgo) | Parte 2 | Vacanze in barca in GermaniaIn barca sulla Saar e sulla Mosella &#8211; Grevenmacher &#8211; Mettlach &#8211; Saarschleife | Parte 3 | Vacanze in barca in GermaniaSpazioso, moderno e in posizione centrale: il punto di partenza ideale Il nostro home port si trova nel mezzo dell&#8217;idilliaco paesaggio del Saarland. A valle, il collegamento con la Mosella \u00e8 romantico e veloce. A monte c&#8217;\u00e8 il collegamento con il sistema di canali francesi. Arrivare in auto \u00e8 facile e comodo. Il porto si trova direttamente all&#8217;uscita Merzig dell&#8217;autostrada A8. La stazione ferroviaria di Merzig dista solo 1 km. Dal porto di Merzig an der Saar(Yachthafen Merzig) \u00e8 possibile effettuare viaggi di andata e ritorno, viaggi di sola andata, viaggi di una settimana, di un weekend o anche di un giorno sulla Saar, sulla [&hellip;]<\/p>\n","protected":false},"author":1,"featured_media":0,"parent":0,"menu_order":0,"comment_status":"closed","ping_status":"closed","template":"","meta":{"_et_pb_use_builder":"on","_et_pb_old_content":"","_et_gb_content_width":"","footnotes":""},"class_list":["post-2479","page","type-page","status-publish","hentry"],"_links":{"self":[{"href":"https:\/\/yachtcharter-holiday-tours.de\/it\/wp-json\/wp\/v2\/pages\/2479","targetHints":{"allow":["GET"]}}],"collection":[{"href":"https:\/\/yachtcharter-holiday-tours.de\/it\/wp-json\/wp\/v2\/pages"}],"about":[{"href":"https:\/\/yachtcharter-holiday-tours.de\/it\/wp-json\/wp\/v2\/types\/page"}],"author":[{"embeddable":true,"href":"https:\/\/yachtcharter-holiday-tours.de\/it\/wp-json\/wp\/v2\/users\/1"}],"replies":[{"embeddable":true,"href":"https:\/\/yachtcharter-holiday-tours.de\/it\/wp-json\/wp\/v2\/comments?post=2479"}],"version-history":[{"count":29,"href":"https:\/\/yachtcharter-holiday-tours.de\/it\/wp-json\/wp\/v2\/pages\/2479\/revisions"}],"predecessor-version":[{"id":7804,"href":"https:\/\/yachtcharter-holiday-tours.de\/it\/wp-json\/wp\/v2\/pages\/2479\/revisions\/7804"}],"wp:attachment":[{"href":"https:\/\/yachtcharter-holiday-tours.de\/it\/wp-json\/wp\/v2\/media?parent=2479"}],"curies":[{"name":"wp","href":"https:\/\/api.w.org\/{rel}","templated":true}]}}